{"id":11903,"date":"2023-01-31T12:43:26","date_gmt":"2023-01-31T11:43:26","guid":{"rendered":"https:\/\/eoc.cat\/?page_id=11903"},"modified":"2026-04-10T13:29:41","modified_gmt":"2026-04-10T11:29:41","slug":"certificat-professionalitat-trasllat-sanitari","status":"publish","type":"page","link":"https:\/\/eoc.cat\/ca\/certificat-professionalitat-trasllat-sanitari\/","title":{"rendered":"Certificat de Professionalitat de Trasllat Sanitari"},"content":{"rendered":"<p>[et_pb_section fb_built=&#8221;1&#8243; admin_label=&#8221;MOLLES DE PA CURSOS CA&#8221; _builder_version=&#8221;4.19.5&#8243; _module_preset=&#8221;default&#8221; global_colors_info=&#8221;{}&#8221;][et_pb_row column_structure=&#8221;3_4,1_4&#8243; make_equal=&#8221;on&#8221; _builder_version=&#8221;4.16&#8243; _module_preset=&#8221;default&#8221; global_colors_info=&#8221;{}&#8221;][et_pb_column type=&#8221;3_4&#8243; _builder_version=&#8221;4.16&#8243; _module_preset=&#8221;default&#8221; global_colors_info=&#8221;{}&#8221;][et_pb_dmb_breadcrumbs font_icon=&#8221;&#x35;||divi||400&#8243; _builder_version=&#8221;4.16&#8243; _module_preset=&#8221;default&#8221; body_text_align=&#8221;left&#8221; link_text_color=&#8221;#004b87&#8243; linkhover_text_color=&#8221;#002855&#8243; custom_padding=&#8221;10px||||false|false&#8221; global_colors_info=&#8221;{}&#8221;][\/et_pb_dmb_breadcrumbs][\/et_pb_column][et_pb_column type=&#8221;1_4&#8243; _builder_version=&#8221;4.16&#8243; _module_preset=&#8221;default&#8221; global_colors_info=&#8221;{}&#8221;][et_pb_image src=&#8221;https:\/\/eoc.cat\/wp-content\/uploads\/2023\/01\/transporte-sanitario.png&#8221; alt=&#8221;icona CP trasllat sanitari&#8221; title_text=&#8221;icona CP trasllat sanitari&#8221; align=&#8221;right&#8221; disabled_on=&#8221;on|off|off&#8221; admin_label=&#8221;icona CP trasllat sanitari&#8221; _builder_version=&#8221;4.19.5&#8243; _module_preset=&#8221;default&#8221; global_colors_info=&#8221;{}&#8221;][\/et_pb_image][\/et_pb_column][\/et_pb_row][\/et_pb_section][et_pb_section fb_built=&#8221;1&#8243; admin_label=&#8221;CAP\u00c7ALERA CURS CA&#8221; _builder_version=&#8221;4.19.5&#8243; _module_preset=&#8221;default&#8221; background_color=&#8221;#004b87&#8243; global_colors_info=&#8221;{}&#8221;][et_pb_row column_structure=&#8221;1_2,1_2&#8243; _builder_version=&#8221;4.16&#8243; _module_preset=&#8221;default&#8221; global_colors_info=&#8221;{}&#8221;][et_pb_column type=&#8221;1_2&#8243; _builder_version=&#8221;4.16&#8243; _module_preset=&#8221;default&#8221; global_colors_info=&#8221;{}&#8221;][et_pb_text admin_label=&#8221;H1 + intro&#8221; _builder_version=&#8221;4.19.5&#8243; _module_preset=&#8221;default&#8221; background_layout=&#8221;dark&#8221; global_colors_info=&#8221;{}&#8221;]<\/p>\n<h1>Certificat de Professionalitat de Trasllat Sanitari<\/h1>\n<p>Vols formar part del sector sanitari? Amb el <strong>Certificat de Professionalitat de Trasllat Sanitari<\/strong> podr\u00e0s complir el teu somni de portar ambul\u00e0ncies i realitzar atenci\u00f3 b\u00e0sica en situacions d&#8217;emerg\u00e8ncia.<\/p>\n<p>[\/et_pb_text][et_pb_button button_url=&#8221;#contacte&#8221; button_text=&#8221;contactar ara&#8221; button_alignment=&#8221;left&#8221; admin_label=&#8221;but\u00f3: contactar ara&#8221; _builder_version=&#8221;4.19.5&#8243; _module_preset=&#8221;default&#8221; custom_button=&#8221;on&#8221; button_bg_color=&#8221;#ffffff&#8221; button_border_color=&#8221;rgba(0,0,0,0)&#8221; button_border_radius=&#8221;100px&#8221; button_use_icon=&#8221;off&#8221; global_colors_info=&#8221;{}&#8221; button_bg_color__hover_enabled=&#8221;on|hover&#8221; button_bg_color__hover=&#8221;rgba(217,217,214,0.2)&#8221; button_bg_enable_color__hover=&#8221;on&#8221;][\/et_pb_button][\/et_pb_column][et_pb_column type=&#8221;1_2&#8243; _builder_version=&#8221;4.16&#8243; _module_preset=&#8221;default&#8221; global_colors_info=&#8221;{}&#8221;][et_pb_image src=&#8221;https:\/\/eoc.cat\/wp-content\/uploads\/2023\/01\/cp-transporte.jpg&#8221; alt=&#8221;Certificat de Professionalitat de Trasllat Sanitari Barcelona&#8221; title_text=&#8221;Certificat de Professionalitat de Trasllat Sanitari Barcelona&#8221; admin_label=&#8221;imatge: Certificat de Professionalitat de Trasllat Sanitari Barcelona&#8221; _builder_version=&#8221;4.19.5&#8243; _module_preset=&#8221;default&#8221; global_colors_info=&#8221;{}&#8221;][\/et_pb_image][\/et_pb_column][\/et_pb_row][\/et_pb_section][et_pb_section fb_built=&#8221;1&#8243; admin_label=&#8221;SECCI\u00d3 CURS FORMULARI CA&#8221; _builder_version=&#8221;4.19.5&#8243; _module_preset=&#8221;default&#8221; global_colors_info=&#8221;{}&#8221;][et_pb_row column_structure=&#8221;1_2,1_2&#8243; _builder_version=&#8221;4.27.4&#8243; _module_preset=&#8221;default&#8221; global_colors_info=&#8221;{}&#8221;][et_pb_column type=&#8221;1_2&#8243; _builder_version=&#8221;4.16&#8243; _module_preset=&#8221;default&#8221; global_colors_info=&#8221;{}&#8221;][et_pb_text admin_label=&#8221;H2 + texto&#8221; _builder_version=&#8221;4.19.5&#8243; _module_preset=&#8221;default&#8221; header_2_font_size=&#8221;25px&#8221; header_2_line_height=&#8221;1.2em&#8221; global_colors_info=&#8221;{}&#8221;]<\/p>\n<h2>Estudia el CP de Transport Sanitari!<\/h2>\n<p>La formaci\u00f3 professional per a arribar a ser conductor d&#8217;ambul\u00e0ncies passa pel CP de Trasllat Sanitari. Superant-ho, podr\u00e0s treballar en el sector sanitari relacionat amb el <strong>trasllat de pacients o v\u00edctimes<\/strong>. Tant en <strong>transport sanitari programat<\/strong>, com en <strong>transport sanitari urgent<\/strong>.<\/p>\n<p>A EOC tindr\u00e0s a un equip de professionals del sector formant-te per a treure el millor de tu. Sempre posant en valor la part te\u00f2rica per\u00f2 sobretot incidint en una part pr\u00e0ctica \u00e0mplia i efectiva que et prepari per al treball real de conductor d&#8217;ambul\u00e0ncies.<\/p>\n<p>Consulta&#8217;ns com pots formar part d&#8217;aquest gran sector i matricular-te en el nostre Certificat de Professionalitat de Trasllat Sanitari a Barcelona. Un t\u00edtol oficial que et far\u00e0 complir el teu somni.<\/p>\n<p>Realitzar\u00e0s tamb\u00e9 la <strong>formaci\u00f3 complement\u00e0ria Oficial de <a href=\"https:\/\/eoc.cat\/ca\/formacio-continua-sanitaria\/curs-dea-svb\/\">DEA + Suport Vital B\u00e0sic<\/a><\/strong> (Desfibril\u00b7lador Extern Autom\u00e0tic) ja que actualment \u00e9s requisit imprescindible per a poder exercir la professi\u00f3.<\/p>\n<p>[\/et_pb_text][et_pb_blurb use_icon=&#8221;on&#8221; font_icon=&#8221;&#x68;||divi||400&#8243; icon_placement=&#8221;left&#8221; admin_label=&#8221;certificaci\u00f3&#8221; _builder_version=&#8221;4.19.5&#8243; _module_preset=&#8221;default&#8221; custom_padding=&#8221;25px||||false|false&#8221; animation=&#8221;off&#8221; border_width_top=&#8221;5px&#8221; border_color_top=&#8221;#004b87&#8243; global_colors_info=&#8221;{}&#8221;]<\/p>\n<p>Certificat de Professionalitat SANT0208.<\/p>\n<p>[\/et_pb_blurb][et_pb_blurb use_icon=&#8221;on&#8221; font_icon=&#8221;&#xe102;||divi||400&#8243; icon_placement=&#8221;left&#8221; admin_label=&#8221;modalitats&#8221; _builder_version=&#8221;4.19.5&#8243; _module_preset=&#8221;default&#8221; custom_padding=&#8221;25px||||false|false&#8221; animation=&#8221;off&#8221; border_width_top=&#8221;5px&#8221; border_color_top=&#8221;#004b87&#8243; global_colors_info=&#8221;{}&#8221;]<\/p>\n<p>Modalitat presencial.<\/p>\n<p>[\/et_pb_blurb][et_pb_blurb use_icon=&#8221;on&#8221; font_icon=&#8221;&#xe023;||divi||400&#8243; icon_color=&#8221;#002855&#8243; icon_placement=&#8221;left&#8221; admin_label=&#8221;durada&#8221; _builder_version=&#8221;4.19.5&#8243; _module_preset=&#8221;default&#8221; custom_padding=&#8221;25px||||false|false&#8221; animation=&#8221;off&#8221; border_width_top=&#8221;5px&#8221; border_color_top=&#8221;#004b87&#8243; global_colors_info=&#8221;{}&#8221;]<\/p>\n<p>Durada: 400 hores te\u00f2riques i 160 hores pr\u00e0ctiques.<\/p>\n<p>[\/et_pb_blurb][et_pb_blurb use_icon=&#8221;on&#8221; font_icon=&#8221;&#xe0ef;||divi||400&#8243; icon_color=&#8221;#002855&#8243; icon_placement=&#8221;left&#8221; admin_label=&#8221;pr\u00e1cticas&#8221; _builder_version=&#8221;4.19.4&#8243; _module_preset=&#8221;default&#8221; custom_padding=&#8221;25px||15px||false|false&#8221; animation=&#8221;off&#8221; border_width_top=&#8221;5px&#8221; border_color_top=&#8221;#004b87&#8243; border_width_bottom=&#8221;5px&#8221; border_color_bottom=&#8221;#004b87&#8243; global_colors_info=&#8221;{}&#8221;]<\/p>\n<p>Pr\u00e1cticas internas \/ externas.<\/p>\n<p>[\/et_pb_blurb][\/et_pb_column][et_pb_column type=&#8221;1_2&#8243; disabled_on=&#8221;on|on|on&#8221; _builder_version=&#8221;4.27.4&#8243; _module_preset=&#8221;default&#8221; disabled=&#8221;on&#8221; global_colors_info=&#8221;{}&#8221;][et_pb_text admin_label=&#8221;H2 + texto&#8221; module_id=&#8221;contacte&#8221; _builder_version=&#8221;4.19.5&#8243; _module_preset=&#8221;default&#8221; header_2_font_size=&#8221;25px&#8221; header_2_line_height=&#8221;1.2em&#8221; global_colors_info=&#8221;{}&#8221;]<\/p>\n<h2>Contacta amb nosaltres<\/h2>\n<p style=\"text-align: right;\">*Dades obligat\u00f2ries<\/p>\n<p>[\/et_pb_text][et_pb_contact_form use_spam_service=&#8221;on&#8221; recaptcha_list=&#8221;eoccat|eoccat-0&#8243; email=&#8221;asesoria@escoficat.com, estadisticas@escoficat.com&#8221; custom_message=&#8221;FORMULARI ENVIAT DES DE LA P\u00c0GINA DEL CP TRASLLAT SANITARI||et_pb_line_break_holder||||et_pb_line_break_holder||De: %%nom%%||et_pb_line_break_holder||E-mail: %%email%%||et_pb_line_break_holder||Tel\u00e8fon: %%telefon%%||et_pb_line_break_holder||Codi Postal: %%codipostal%%||et_pb_line_break_holder||Canal pel qual ens ha conegut: %%conegut%%||et_pb_line_break_holder||L&#8217;usuari indica que ens ha conegut per un altre m\u00e8tode: %%altres%%||et_pb_line_break_holder||Modalitat: %%modalitat%%||et_pb_line_break_holder||||et_pb_line_break_holder||Comentaris:||et_pb_line_break_holder||%%comentaris%%||et_pb_line_break_holder||||et_pb_line_break_holder||Acceptaci\u00f3 pol\u00edtica de privacitat: %%politiques%% pol\u00edtica de privacitat.||et_pb_line_break_holder||Acceptaci\u00f3 enviament de comunicacions: %%comunicacions%%.&#8221; use_redirect=&#8221;on&#8221; redirect_url=&#8221;https:\/\/eoc.cat\/ca\/formulari-enviat\/&#8221; success_message=&#8221;Gr\u00e0cies per contactar-nos!&#8221; submit_button_text=&#8221; posar-me en contacte&#8221; admin_label=&#8221;FORMULARI SANITARI CA&#8221; module_id=&#8221;et_pb_contact_form_1&#8243; _builder_version=&#8221;4.27.6&#8243; form_field_background_color=&#8221;rgba(255,255,255,0.7)&#8221; form_field_text_color=&#8221;#1c2457&#8243; title_text_color=&#8221;#1e73be&#8221; background_size=&#8221;initial&#8221; background_position=&#8221;top_left&#8221; background_repeat=&#8221;repeat&#8221; custom_button=&#8221;on&#8221; button_text_color=&#8221;#1e73be&#8221; button_bg_color=&#8221;rgba(255,255,255,0.7)&#8221; button_use_icon=&#8221;off&#8221; hover_enabled=&#8221;0&#8243; border_radii=&#8221;on|2px|2px|2px|2px&#8221; border_width_all=&#8221;2px&#8221; border_color_all=&#8221;#1e73be&#8221; use_border_color=&#8221;on&#8221; form_background_color=&#8221;rgba(255,255,255,0.7)&#8221; saved_tabs=&#8221;all&#8221; global_colors_info=&#8221;{}&#8221; sticky_enabled=&#8221;0&#8243;][et_pb_contact_field field_id=&#8221;nom&#8221; field_title=&#8221;Nom complet*&#8221; _builder_version=&#8221;4.16&#8243; form_field_text_color=&#8221;#1c2457&#8243; form_field_font=&#8221;||||&#8221; use_border_color=&#8221;on&#8221; border_color=&#8221;#1e73be&#8221; border_width=&#8221;2&#8243; border_style=&#8221;solid&#8221; input_border_radius=&#8221;0&#8243; global_colors_info=&#8221;{}&#8221;][\/et_pb_contact_field][et_pb_contact_field field_id=&#8221;email&#8221; field_title=&#8221;E-mail*&#8221; field_type=&#8221;email&#8221; _builder_version=&#8221;4.16&#8243; form_field_font=&#8221;||||&#8221; use_border_color=&#8221;off&#8221; border_style=&#8221;solid&#8221; input_border_radius=&#8221;0&#8243; global_colors_info=&#8221;{}&#8221;][\/et_pb_contact_field][et_pb_contact_field field_id=&#8221;telefon&#8221; field_title=&#8221;Tel\u00e8fon*&#8221; min_length=&#8221;9&#8243; max_length=&#8221;17&#8243; _builder_version=&#8221;4.16&#8243; form_field_font=&#8221;||||&#8221; use_border_color=&#8221;off&#8221; border_style=&#8221;solid&#8221; input_border_radius=&#8221;0&#8243; global_colors_info=&#8221;{}&#8221;][\/et_pb_contact_field][et_pb_contact_field field_id=&#8221;codipostal&#8221; field_title=&#8221;Codi Postal*&#8221; min_length=&#8221;5&#8243; max_length=&#8221;5&#8243; allowed_symbols=&#8221;numbers&#8221; _builder_version=&#8221;4.16&#8243; form_field_font=&#8221;||||&#8221; use_border_color=&#8221;off&#8221; border_style=&#8221;solid&#8221; input_border_radius=&#8221;0&#8243; global_colors_info=&#8221;{}&#8221;][\/et_pb_contact_field][et_pb_contact_field field_id=&#8221;conegut&#8221; field_title=&#8221;Com ens has conegut?&#8221; _builder_version=&#8221;4.27.6&#8243; form_field_font=&#8221;||||&#8221; hover_enabled=&#8221;0&#8243; use_border_color=&#8221;off&#8221; border_style=&#8221;solid&#8221; input_border_radius=&#8221;0&#8243; global_colors_info=&#8221;{}&#8221; required_mark=&#8221;off&#8221; field_type=&#8221;select&#8221; select_options=&#8221;%91{%22value%22:%22Cercador de Google%22,%22checked%22:0,%22dragID%22:-1},{%22value%22:%22Xarxes Socials%22,%22checked%22:0,%22dragID%22:0},{%22value%22:%22Portals educatius online%22,%22checked%22:0,%22dragID%22:1},{%22value%22:%22Recomanaci\u00f3 d&#8217;una altra persona%22,%22checked%22:0,%22dragID%22:2},{%22value%22:%22Assistent Intel\u00b7lig\u00e8ncia Artificial%22,%22checked%22:0,%22dragID%22:3},{%22value%22:%22Altres&#8230;%22,%22checked%22:0,%22dragID%22:4}%93&#8243; sticky_enabled=&#8221;0&#8243;][\/et_pb_contact_field][et_pb_contact_field field_id=&#8221;altres&#8221; field_title=&#8221;Indica&#8217;ns aquest altre m\u00e8tode pel qual ens has conegut&#8230;&#8221; _builder_version=&#8221;4.27.6&#8243; form_field_font=&#8221;||||&#8221; hover_enabled=&#8221;0&#8243; use_border_color=&#8221;off&#8221; border_style=&#8221;solid&#8221; input_border_radius=&#8221;0&#8243; global_colors_info=&#8221;{}&#8221; required_mark=&#8221;off&#8221; field_type=&#8221;text&#8221; sticky_enabled=&#8221;0&#8243; conditional_logic=&#8221;on&#8221; conditional_logic_rules=&#8221;%91{%22field%22:%22conegut%22,%22condition%22:%22is%22,%22value%22:%22Altres&#8230;%22}%93&#8243;][\/et_pb_contact_field][et_pb_contact_field field_id=&#8221;modalitat&#8221; field_title=&#8221;Modalitat que t&#8217;interessa*&#8221; field_type=&#8221;select&#8221; select_options=&#8221;%91{%22value%22:%22Presencial%22,%22checked%22:0,%22dragID%22:-1}%93&#8243; fullwidth_field=&#8221;on&#8221; _builder_version=&#8221;4.19.5&#8243; form_field_font=&#8221;||||&#8221; use_border_color=&#8221;off&#8221; border_style=&#8221;solid&#8221; input_border_radius=&#8221;0&#8243; global_colors_info=&#8221;{}&#8221;][\/et_pb_contact_field][et_pb_contact_field field_id=&#8221;comentaris&#8221; field_title=&#8221;Comentaris&#8221; field_type=&#8221;text&#8221; required_mark=&#8221;off&#8221; fullwidth_field=&#8221;on&#8221; _builder_version=&#8221;4.16&#8243; form_field_font=&#8221;||||&#8221; use_border_color=&#8221;off&#8221; border_style=&#8221;solid&#8221; input_border_radius=&#8221;0&#8243; global_colors_info=&#8221;{}&#8221;][\/et_pb_contact_field][et_pb_contact_field field_id=&#8221;politiques&#8221; field_type=&#8221;checkbox&#8221; checkbox_options=&#8221;%91{%22value%22:%22S\u00ed, accepto la %22,%22checked%22:0,%22dragID%22:-1,%22link_text%22:%22pol\u00edtica de privacitat.*%22,%22link_url%22:%22https:\/\/eoc.cat\/ca\/politica-privacitat\/%22}%93&#8243; fullwidth_field=&#8221;on&#8221; _builder_version=&#8221;4.19.5&#8243; form_field_font=&#8221;||||&#8221; use_border_color=&#8221;off&#8221; border_style=&#8221;solid&#8221; input_border_radius=&#8221;0&#8243; global_colors_info=&#8221;{}&#8221;][\/et_pb_contact_field][et_pb_contact_field field_id=&#8221;comunicacions&#8221; field_type=&#8221;checkbox&#8221; checkbox_options=&#8221;%91{%22value%22:%22S\u00ed, accepto les comunicacions.%22,%22checked%22:0,%22dragID%22:-1}%93&#8243; required_mark=&#8221;off&#8221; fullwidth_field=&#8221;on&#8221; _builder_version=&#8221;4.19.5&#8243; form_field_font=&#8221;||||&#8221; use_border_color=&#8221;off&#8221; border_style=&#8221;solid&#8221; input_border_radius=&#8221;0&#8243; global_colors_info=&#8221;{}&#8221;][\/et_pb_contact_field][\/et_pb_contact_form][et_pb_text admin_label=&#8221;TEXT LEGAL CA&#8221; _builder_version=&#8221;4.7.7&#8243; text_font=&#8221;||||||||&#8221; text_font_size=&#8221;11px&#8221; text_line_height=&#8221;1.2em&#8221; module_alignment=&#8221;left&#8221; global_module=&#8221;6261&#8243; saved_tabs=&#8221;all&#8221; global_colors_info=&#8221;{}&#8221;]<\/p>\n<p><span style=\"line-height: 1em; font-size: 12px;\">La comunicaci\u00f3 enviada quedar\u00e0 incorporada a un fitxer del que \u00e9s responsable\u00a0<strong>ESCOLA D&#8217;OFICIS CATALUNYA S.L.<\/strong>\u00a0Aquesta comunicaci\u00f3 es far\u00e0 servir exclusivament per tractar les seves dades per atendre la seva sol\u00b7licitud, sempre de conformitat amb el Reglament (UE) 2016\/679 de 27 d&#8217;abril de 2016 (RGPD), la Llei Org\u00e0nica 3\/2018 de 5 de desembre (LOPDGDD) y la resta de normativa legal vigent en mat\u00e8ria de protecci\u00f3 de dades personals. Les seves dades no es comunicaran a tercers, excepte per obligaci\u00f3 legal, i es mantindran mentre no sol\u00b7liciti la seva cancel\u00b7laci\u00f3. En qualsevol moment vost\u00e8 podr\u00e0 exercir els drets d&#8217;acc\u00e9s, rectificaci\u00f3, portabilitat i oposici\u00f3, i, si s&#8217;escau, la limitaci\u00f3 i cancel\u00b7laci\u00f3, mitjan\u00e7ant l&#8217;enviament d&#8217;un correu electr\u00f2nic a rgpg@escoficat.com.<\/span><\/p>\n<p>[\/et_pb_text][\/et_pb_column][\/et_pb_row][\/et_pb_section][et_pb_section fb_built=&#8221;1&#8243; admin_label=&#8221;DESCARGA PDF&#8221; _builder_version=&#8221;4.19.5&#8243; _module_preset=&#8221;default&#8221; background_color=&#8221;#004b87&#8243; global_colors_info=&#8221;{}&#8221;][et_pb_row column_structure=&#8221;3_4,1_4&#8243; _builder_version=&#8221;4.16&#8243; _module_preset=&#8221;default&#8221; global_colors_info=&#8221;{}&#8221;][et_pb_column type=&#8221;3_4&#8243; _builder_version=&#8221;4.16&#8243; _module_preset=&#8221;default&#8221; global_colors_info=&#8221;{}&#8221;][et_pb_text admin_label=&#8221;H2 + texto&#8221; _builder_version=&#8221;4.19.5&#8243; _module_preset=&#8221;default&#8221; header_2_font_size=&#8221;25px&#8221; header_2_line_height=&#8221;1.2em&#8221; background_layout=&#8221;dark&#8221; global_colors_info=&#8221;{}&#8221;]<\/p>\n<h2>Pr\u00e0ctiques en l&#8217;ambul\u00e0ncia del nostre centre de formaci\u00f3 de Barcelona!<\/h2>\n<p>S\u00ed, has llegit b\u00e9, a EOC comptem amb una ambul\u00e0ncia dins d&#8217;una aula de pr\u00e0ctiques del nostre centre de Barcelona. All\u00e0 podr\u00e0s realitzar el teu curs de transport sanitari com en cap altre lloc. Pr\u00e0ctiques internes de qualitat! Disposem d&#8217;una ambul\u00e0ncia completament muntada.<\/p>\n<p>A m\u00e9s, tamb\u00e9 podr\u00e0s realitzar pr\u00e0ctiques externes amb empreses amb les quals tenim convenis i acords. T&#8217;ho posem f\u00e0cil per a treure profit del nostre Certificat de Professionalitat de Trasllat Sanitari. T&#8217;esperem!<\/p>\n<p>[\/et_pb_text][\/et_pb_column][et_pb_column type=&#8221;1_4&#8243; _builder_version=&#8221;4.16&#8243; _module_preset=&#8221;default&#8221; global_colors_info=&#8221;{}&#8221;][et_pb_blurb title=&#8221;Descarrega el temari del CP Trasllat Sanitari&#8221; use_icon=&#8221;on&#8221; font_icon=&#8221;&#x6f;||divi||400&#8243; icon_color=&#8221;#ffffff&#8221; admin_label=&#8221;descarga pdf&#8221; _builder_version=&#8221;4.19.5&#8243; _module_preset=&#8221;default&#8221; text_orientation=&#8221;center&#8221; background_layout=&#8221;dark&#8221; animation=&#8221;off&#8221; link_option_url=&#8221;https:\/\/eoc.cat\/wp-content\/uploads\/2023\/01\/t-cp-transporte.pdf&#8221; link_option_url_new_window=&#8221;on&#8221; global_colors_info=&#8221;{}&#8221; icon_color__hover_enabled=&#8221;on|hover&#8221; icon_color__hover=&#8221;rgba(217,217,214,0.2)&#8221;][\/et_pb_blurb][\/et_pb_column][\/et_pb_row][\/et_pb_section][et_pb_section fb_built=&#8221;1&#8243; admin_label=&#8221;PREGUNTES FREQ\u00dcENTS&#8221; _builder_version=&#8221;4.19.5&#8243; _module_preset=&#8221;default&#8221; global_colors_info=&#8221;{}&#8221;][et_pb_row _builder_version=&#8221;4.16&#8243; _module_preset=&#8221;default&#8221; global_colors_info=&#8221;{}&#8221;][et_pb_column type=&#8221;4_4&#8243; _builder_version=&#8221;4.16&#8243; _module_preset=&#8221;default&#8221; global_colors_info=&#8221;{}&#8221;][et_pb_text _builder_version=&#8221;4.19.5&#8243; _module_preset=&#8221;default&#8221; global_colors_info=&#8221;{}&#8221;]<\/p>\n<h3>Preguntes freq\u00fcents<\/h3>\n<p>A continuaci\u00f3 responem alguns dels dubtes habituals sobre el Certificat de Professionalitat de Trasllat Sanitari.<\/p>\n<h4>Qu\u00e8 s&#8217;apr\u00e8n durant el curs?<\/h4>\n<p>En aquest curs aprendr\u00e0s a mantenir preventivament el vehicle i controlar la dotaci\u00f3 material d&#8217;aquest, realitzant atenci\u00f3 b\u00e0sica sanit\u00e0ria en l&#8217;entorn pre\u2013hospitalari, traslladant al pacient al centre sanitari.<\/p>\n<p>Desenvolupar\u00e0s el teu exercici professional en l&#8217;\u00e0mbit pre-hospitalari, dependent del Sistema Nacional de Salut o del sector sanitari privat<\/p>\n<h4>Qu\u00e8 s&#8217;apr\u00e8n durant les pr\u00e0ctiques internes (en classe)?<\/h4>\n<ul>\n<li>Evacuar al pacient o v\u00edctima utilitzant les t\u00e8cniques de mobilitzaci\u00f3 i immobilitzaci\u00f3 i adequant la conducci\u00f3 a les condicions d&#8217;aquest, per a realitzar un trasllat segur al centre sanitari de refer\u00e8ncia.<\/li>\n<li>Aplicar t\u00e8cniques de suport vital b\u00e0sic ventilatori i circulatori en situaci\u00f3 de comprom\u00eds i d&#8217;atenci\u00f3 b\u00e0sica inicial en altres situacions d&#8217;emerg\u00e8ncia.<\/li>\n<li>Col\u00b7laborar en la classificaci\u00f3 de les v\u00edctimes en tota mena d&#8217;emerg\u00e8ncies i cat\u00e0strofes, sota supervisi\u00f3 i seguint indicacions del superior sanitari responsable.<\/li>\n<li>Ajudar al personal m\u00e8dic i d&#8217;infermeria en la prestaci\u00f3 del suport vital avan\u00e7at al pacient en situacions d&#8217;emerg\u00e8ncia sanit\u00e0ria.<\/li>\n<li>Donar suport psicol\u00f2gic b\u00e0sic al pacient, familiars i afectats en situacions de crisis i emerg\u00e8ncies sanit\u00e0ries.<\/li>\n<li>Actuar en la prestaci\u00f3 sanit\u00e0ria i el trasllat de pacients o v\u00edctimes seguint els protocols de protecci\u00f3 individual, prevenci\u00f3, seguretat i qualitat.<\/li>\n<li>Netejar i desinfectar l&#8217;habitacle del vehicle sanitari i la seva dotaci\u00f3 per a conservar-lo en condicions higi\u00e8niques.<\/li>\n<li>Controlar i reposar les exist\u00e8ncies de material sanitari d&#8217;acord amb els procediments normalitzats de treball per a assegurar la seva disponibilitat.<\/li>\n<\/ul>\n<h4>Qu\u00e8 s&#8217;apr\u00e8n durant les pr\u00e0ctiques externes en empreses?<\/h4>\n<p>Escola d\u2019Oficis Catalunya disposa de convenis i acords amb diferents empreses col\u00b7laboradores del sector del Transport Sanitari perqu\u00e8 els nostres alumnes puguin dur a terme all\u00ed les seves pr\u00e0ctiques externes en el M\u00f2dul de pr\u00e0ctiques professionals no laborals, i aix\u00ed completar la seva formaci\u00f3 professional amb el m\u00e0xim rigor i qualitat.<\/p>\n<p>Les activitats que es realitzen en les pr\u00e0ctiques en empreses s\u00f3n:<\/p>\n<ul>\n<li>Organitzaci\u00f3 de les empreses de transport sanitari.<\/li>\n<li>Gesti\u00f3 de la dotaci\u00f3 material del vehicle de transport sanitari.<\/li>\n<li>Operacions de diagnosis i manteniment preventiu dels elements mec\u00e0nics, el\u00e8ctrics i sistemes auxiliars del vehicle de transport sanitari.<\/li>\n<li>Valoraci\u00f3 dels signes de gravetat en pacients amb comprom\u00eds vital i presa de constants vitals.<\/li>\n<li>Suport vital b\u00e0sic i suport al suport vital avan\u00e7at.<\/li>\n<li>Trasllat de pacients al centre sanitari \u00fatil.<\/li>\n<li>Primers auxilis psicol\u00f2gics en cat\u00e0strofes.<\/li>\n<\/ul>\n<h4>Quines s\u00f3n les sortides professionals del CP de Trasllat Sanitari SANT0208?<\/h4>\n<p>Conductors d&#8217;ambul\u00e0ncies.<\/p>\n<ul>\n<li>Transport sanitari programat.<\/li>\n<li>Transport sanitari urgent, amb equips de suport vital b\u00e0sic i equips de suport vital avan\u00e7at.<\/li>\n<\/ul>\n<p>[\/et_pb_text][\/et_pb_column][\/et_pb_row][\/et_pb_section][et_pb_section fb_built=&#8221;1&#8243; admin_label=&#8221;ESLOGAN CA&#8221; _builder_version=&#8221;4.7.7&#8243; _module_preset=&#8221;default&#8221; background_color=&#8221;#004b87&#8243; global_module=&#8221;7162&#8243; global_colors_info=&#8221;{}&#8221;][et_pb_row _builder_version=&#8221;4.16&#8243; _module_preset=&#8221;default&#8221; global_colors_info=&#8221;{}&#8221;][et_pb_column type=&#8221;4_4&#8243; _builder_version=&#8221;4.16&#8243; _module_preset=&#8221;default&#8221; global_colors_info=&#8221;{}&#8221;][et_pb_text admin_label=&#8221;text&#8221; _builder_version=&#8221;4.16&#8243; _module_preset=&#8221;default&#8221; text_text_color=&#8221;#ffffff&#8221; text_font_size=&#8221;35px&#8221; text_line_height=&#8221;1.2em&#8221; text_orientation=&#8221;center&#8221; background_layout=&#8221;dark&#8221; custom_padding=&#8221;35px||35px||true|false&#8221; text_font_size_tablet=&#8221;&#8221; text_font_size_phone=&#8221;30px&#8221; text_font_size_last_edited=&#8221;on|phone&#8221; global_colors_info=&#8221;{}&#8221;]<\/p>\n<p>El nostre present,<br \/><strong>formar el teu futur<\/strong><\/p>\n<p>[\/et_pb_text][\/et_pb_column][\/et_pb_row][\/et_pb_section][et_pb_section fb_built=&#8221;1&#8243; disabled_on=&#8221;on|on|on&#8221; admin_label=&#8221;PROFESORADO&#8221; _builder_version=&#8221;4.16&#8243; _module_preset=&#8221;default&#8221; disabled=&#8221;on&#8221; global_colors_info=&#8221;{}&#8221;][et_pb_row _builder_version=&#8221;4.16&#8243; _module_preset=&#8221;default&#8221; global_colors_info=&#8221;{}&#8221;][et_pb_column type=&#8221;4_4&#8243; _builder_version=&#8221;4.16&#8243; _module_preset=&#8221;default&#8221; global_colors_info=&#8221;{}&#8221;][et_pb_text admin_label=&#8221;H3 Profesorado de la formaci\u00f3n&#8221; _builder_version=&#8221;4.16&#8243; _module_preset=&#8221;default&#8221; global_colors_info=&#8221;{}&#8221;]<\/p>\n<h3>Profesorado de la formaci\u00f3n<\/h3>\n<p>[\/et_pb_text][\/et_pb_column][\/et_pb_row][et_pb_row column_structure=&#8221;1_4,1_4,1_4,1_4&#8243; _builder_version=&#8221;4.16&#8243; _module_preset=&#8221;default&#8221; global_colors_info=&#8221;{}&#8221;][et_pb_column type=&#8221;1_4&#8243; _builder_version=&#8221;4.16&#8243; _module_preset=&#8221;default&#8221; global_colors_info=&#8221;{}&#8221;][et_pb_team_member position=&#8221;Carmen Revilla&#8221; image_url=&#8221;https:\/\/eoc.cat\/wp-content\/uploads\/2020\/12\/plantilla-profesores.jpg&#8221; admin_label=&#8221;Carmen Revilla&#8221; _builder_version=&#8221;4.16&#8243; _module_preset=&#8221;default&#8221; header_level=&#8221;h5&#8243; position_text_color=&#8221;#002855&#8243; position_font_size=&#8221;16px&#8221; global_colors_info=&#8221;{}&#8221;]<\/p>\n<p><span style=\"color: #004b87;\">Formadora en EOC desde 2018.<\/span><\/p>\n<p>Diplomada Universitaria en Enfermer\u00eda (2007) con experiencia de 10 a\u00f1os en Unidades de Cr\u00edticos. Certificado de Aptitud Pedag\u00f3gica (2008). M\u00e1ster en Urgencias y Postgrado en Anestesia y Reanimaci\u00f3n (2011).<\/p>\n<p>[\/et_pb_team_member][\/et_pb_column][et_pb_column type=&#8221;1_4&#8243; _builder_version=&#8221;4.16&#8243; _module_preset=&#8221;default&#8221; global_colors_info=&#8221;{}&#8221;][et_pb_team_member position=&#8221;Carmen Revilla&#8221; image_url=&#8221;https:\/\/eoc.cat\/wp-content\/uploads\/2020\/12\/plantilla-profesores.jpg&#8221; admin_label=&#8221;Carmen Revilla&#8221; _builder_version=&#8221;4.16&#8243; _module_preset=&#8221;default&#8221; header_level=&#8221;h5&#8243; position_text_color=&#8221;#002855&#8243; position_font_size=&#8221;16px&#8221; global_colors_info=&#8221;{}&#8221;]<\/p>\n<p><span style=\"color: #004b87;\">Formadora en EOC desde 2018.<\/span><\/p>\n<p>Diplomada Universitaria en Enfermer\u00eda (2007) con experiencia de 10 a\u00f1os en Unidades de Cr\u00edticos. Certificado de Aptitud Pedag\u00f3gica (2008). M\u00e1ster en Urgencias y Postgrado en Anestesia y Reanimaci\u00f3n (2011).<\/p>\n<p>[\/et_pb_team_member][\/et_pb_column][et_pb_column type=&#8221;1_4&#8243; _builder_version=&#8221;4.16&#8243; _module_preset=&#8221;default&#8221; global_colors_info=&#8221;{}&#8221;][et_pb_team_member position=&#8221;Carmen Revilla&#8221; image_url=&#8221;https:\/\/eoc.cat\/wp-content\/uploads\/2020\/12\/plantilla-profesores.jpg&#8221; admin_label=&#8221;Carmen Revilla&#8221; _builder_version=&#8221;4.16&#8243; _module_preset=&#8221;default&#8221; header_level=&#8221;h5&#8243; position_text_color=&#8221;#002855&#8243; position_font_size=&#8221;16px&#8221; global_colors_info=&#8221;{}&#8221;]<\/p>\n<p><span style=\"color: #004b87;\">Formadora en EOC desde 2018.<\/span><\/p>\n<p>Diplomada Universitaria en Enfermer\u00eda (2007) con experiencia de 10 a\u00f1os en Unidades de Cr\u00edticos. Certificado de Aptitud Pedag\u00f3gica (2008). M\u00e1ster en Urgencias y Postgrado en Anestesia y Reanimaci\u00f3n (2011).<\/p>\n<p>[\/et_pb_team_member][\/et_pb_column][et_pb_column type=&#8221;1_4&#8243; _builder_version=&#8221;4.16&#8243; _module_preset=&#8221;default&#8221; global_colors_info=&#8221;{}&#8221;][et_pb_team_member position=&#8221;Carmen Revilla&#8221; image_url=&#8221;https:\/\/eoc.cat\/wp-content\/uploads\/2020\/12\/plantilla-profesores.jpg&#8221; admin_label=&#8221;Carmen Revilla&#8221; _builder_version=&#8221;4.16&#8243; _module_preset=&#8221;default&#8221; header_level=&#8221;h5&#8243; position_text_color=&#8221;#002855&#8243; position_font_size=&#8221;16px&#8221; global_colors_info=&#8221;{}&#8221;]<\/p>\n<p><span style=\"color: #004b87;\">Formadora en EOC desde 2018.<\/span><\/p>\n<p>Diplomada Universitaria en Enfermer\u00eda (2007) con experiencia de 10 a\u00f1os en Unidades de Cr\u00edticos. Certificado de Aptitud Pedag\u00f3gica (2008). M\u00e1ster en Urgencias y Postgrado en Anestesia y Reanimaci\u00f3n (2011).<\/p>\n<p>[\/et_pb_team_member][\/et_pb_column][\/et_pb_row][\/et_pb_section][et_pb_section fb_built=&#8221;1&#8243; disabled_on=&#8221;on|on|on&#8221; admin_label=&#8221;OPINIONES&#8221; _builder_version=&#8221;4.16&#8243; _module_preset=&#8221;default&#8221; background_color=&#8221;#004b87&#8243; custom_padding=&#8221;||20px||false|false&#8221; disabled=&#8221;on&#8221; global_colors_info=&#8221;{}&#8221;][et_pb_row _builder_version=&#8221;4.16&#8243; _module_preset=&#8221;default&#8221; global_colors_info=&#8221;{}&#8221;][et_pb_column type=&#8221;4_4&#8243; _builder_version=&#8221;4.16&#8243; _module_preset=&#8221;default&#8221; global_colors_info=&#8221;{}&#8221;][et_pb_text admin_label=&#8221;H3 Opiniones de alumnos EOC&#8221; _builder_version=&#8221;4.16&#8243; _module_preset=&#8221;default&#8221; background_layout=&#8221;dark&#8221; global_colors_info=&#8221;{}&#8221;]<\/p>\n<h3>Opiniones de alumnos EOC<\/h3>\n<p>[\/et_pb_text][\/et_pb_column][\/et_pb_row][et_pb_row column_structure=&#8221;1_3,1_3,1_3&#8243; _builder_version=&#8221;4.16&#8243; _module_preset=&#8221;default&#8221; global_colors_info=&#8221;{}&#8221;][et_pb_column type=&#8221;1_3&#8243; _builder_version=&#8221;4.16&#8243; _module_preset=&#8221;default&#8221; global_colors_info=&#8221;{}&#8221;][et_pb_testimonial author=&#8221;Opini\u00f3n alumno 1&#8243; job_title=&#8221;Ex-alumno del Curso de ejemplo&#8221; quote_icon_color=&#8221;#004b87&#8243; quote_icon_background_color=&#8221;#ffffff&#8221; _builder_version=&#8221;4.16&#8243; _module_preset=&#8221;default&#8221; author_font=&#8221;||||||||&#8221; author_text_color=&#8221;#002855&#8243; author_font_size=&#8221;16px&#8221; position_text_color=&#8221;#004b87&#8243; global_colors_info=&#8221;{}&#8221;]<\/p>\n<p>Lorem ipsum dolor sit amet, consectetur adipiscing elit. Nam id tristique lectus, vel pretium ipsum. Aliquam fermentum velit sit amet odio laoreet, id facilisis justo tempor. Ut gravida vitae mauris vel aliquam. Donec id quam blandit, molestie elit ut, ultricies arcu. Vivamus vitae dui enim. Phasellus id justo nec leo ultricies porttitor. In ac lacus a purus gravida tristique. Nunc lobortis neque posuere vehicula luctus. Nulla sollicitudin tincidunt aliquam.<\/p>\n<p>[\/et_pb_testimonial][\/et_pb_column][et_pb_column type=&#8221;1_3&#8243; _builder_version=&#8221;4.16&#8243; _module_preset=&#8221;default&#8221; global_colors_info=&#8221;{}&#8221;][et_pb_testimonial author=&#8221;Opini\u00f3n alumno 1&#8243; job_title=&#8221;Ex-alumno del Curso de ejemplo&#8221; quote_icon_color=&#8221;#004b87&#8243; quote_icon_background_color=&#8221;#ffffff&#8221; _builder_version=&#8221;4.16&#8243; _module_preset=&#8221;default&#8221; author_font=&#8221;||||||||&#8221; author_text_color=&#8221;#002855&#8243; author_font_size=&#8221;16px&#8221; position_text_color=&#8221;#004b87&#8243; global_colors_info=&#8221;{}&#8221;]<\/p>\n<p>Lorem ipsum dolor sit amet, consectetur adipiscing elit. Nam id tristique lectus, vel pretium ipsum. Aliquam fermentum velit sit amet odio laoreet, id facilisis justo tempor. Ut gravida vitae mauris vel aliquam. Donec id quam blandit, molestie elit ut, ultricies arcu. Vivamus vitae dui enim. Phasellus id justo nec leo ultricies porttitor. In ac lacus a purus gravida tristique. Nunc lobortis neque posuere vehicula luctus. Nulla sollicitudin tincidunt aliquam.<\/p>\n<p>[\/et_pb_testimonial][\/et_pb_column][et_pb_column type=&#8221;1_3&#8243; _builder_version=&#8221;4.16&#8243; _module_preset=&#8221;default&#8221; global_colors_info=&#8221;{}&#8221;][et_pb_testimonial author=&#8221;Opini\u00f3n alumno 1&#8243; job_title=&#8221;Ex-alumno del Curso de ejemplo&#8221; quote_icon_color=&#8221;#004b87&#8243; quote_icon_background_color=&#8221;#ffffff&#8221; _builder_version=&#8221;4.16&#8243; _module_preset=&#8221;default&#8221; author_font=&#8221;||||||||&#8221; author_text_color=&#8221;#002855&#8243; author_font_size=&#8221;16px&#8221; position_text_color=&#8221;#004b87&#8243; global_colors_info=&#8221;{}&#8221;]<\/p>\n<p>Lorem ipsum dolor sit amet, consectetur adipiscing elit. Nam id tristique lectus, vel pretium ipsum. Aliquam fermentum velit sit amet odio laoreet, id facilisis justo tempor. Ut gravida vitae mauris vel aliquam. Donec id quam blandit, molestie elit ut, ultricies arcu. Vivamus vitae dui enim. Phasellus id justo nec leo ultricies porttitor. In ac lacus a purus gravida tristique. Nunc lobortis neque posuere vehicula luctus. Nulla sollicitudin tincidunt aliquam.<\/p>\n<p>[\/et_pb_testimonial][\/et_pb_column][\/et_pb_row][\/et_pb_section]<\/p>\n","protected":false},"excerpt":{"rendered":"<p>Certificat de Professionalitat de Trasllat Sanitari Vols formar part del sector sanitari? Amb el Certificat de Professionalitat de Trasllat Sanitari podr\u00e0s complir el teu somni de portar ambul\u00e0ncies i realitzar atenci\u00f3 b\u00e0sica en situacions d&#8217;emerg\u00e8ncia.Estudia el CP de Transport Sanitari! La formaci\u00f3 professional per a arribar a ser conductor d&#8217;ambul\u00e0ncies passa pel CP de Trasllat Sanitari. Superant-ho, podr\u00e0s treballar en el sector sanitari relacionat amb el trasllat de pacients o v\u00edctimes. Tant en transport sanitari programat, com en transport sanitari urgent. A EOC tindr\u00e0s a un equip de professionals del sector formant-te per a treure el millor de tu. Sempre posant en valor la part te\u00f2rica per\u00f2 sobretot incidint en una part pr\u00e0ctica \u00e0mplia i efectiva que et prepari per al treball real de conductor d&#8217;ambul\u00e0ncies. Consulta&#8217;ns com pots formar part d&#8217;aquest gran sector i matricular-te en el nostre Certificat de Professionalitat de Trasllat Sanitari a Barcelona. Un t\u00edtol oficial que et far\u00e0 complir el teu somni. Realitzar\u00e0s tamb\u00e9 la formaci\u00f3 complement\u00e0ria Oficial de DEA + Suport Vital B\u00e0sic (Desfibril\u00b7lador Extern Autom\u00e0tic) ja que actualment \u00e9s requisit imprescindible per a poder exercir la professi\u00f3.Certificat de Professionalitat SANT0208.Modalitat presencial.Durada: 400 hores te\u00f2riques i 160 hores pr\u00e0ctiques.Pr\u00e1cticas internas \/ externas.Contacta amb nosaltres [&hellip;]<\/p>\n","protected":false},"author":6,"featured_media":11958,"parent":0,"menu_order":0,"comment_status":"closed","ping_status":"closed","template":"","meta":{"_et_pb_use_builder":"on","_et_pb_old_content":"","_et_gb_content_width":"","footnotes":""},"class_list":["post-11903","page","type-page","status-publish","has-post-thumbnail","hentry"],"yoast_head":"<!-- This site is optimized with the Yoast SEO plugin v27.5 - https:\/\/yoast.com\/product\/yoast-seo-wordpress\/ -->\n<title>Certificat de Professionalitat de Trasllat Sanitari Barcelona | EOC<\/title>\n<meta name=\"description\" content=\"Certificat de Professionalitat de Trasllat Sanitari a Barcelona. CP SANT0208 per a conduir ambul\u00e0ncies i realitzar atenci\u00f3 b\u00e0sica.\" \/>\n<meta name=\"robots\" content=\"index, follow, max-snippet:-1, max-image-preview:large, max-video-preview:-1\" \/>\n<link rel=\"canonical\" href=\"https:\/\/eoc.cat\/ca\/certificat-professionalitat-trasllat-sanitari\/\" \/>\n<meta property=\"og:locale\" content=\"ca_ES\" \/>\n<meta property=\"og:type\" content=\"article\" \/>\n<meta property=\"og:title\" content=\"Certificat de Professionalitat de Trasllat Sanitari Barcelona | EOC\" \/>\n<meta property=\"og:description\" content=\"Certificat de Professionalitat de Trasllat Sanitari a Barcelona. CP SANT0208 per a conduir ambul\u00e0ncies i realitzar atenci\u00f3 b\u00e0sica.\" \/>\n<meta property=\"og:url\" content=\"https:\/\/eoc.cat\/ca\/certificat-professionalitat-trasllat-sanitari\/\" \/>\n<meta property=\"og:site_name\" content=\"Escola d&#039;Oficis Catalunya\" \/>\n<meta property=\"article:publisher\" content=\"https:\/\/www.facebook.com\/EscoladOficisCatalunya\" \/>\n<meta property=\"article:modified_time\" content=\"2026-04-10T11:29:41+00:00\" \/>\n<meta property=\"og:image\" content=\"https:\/\/eoc.cat\/wp-content\/uploads\/2023\/01\/cp-ts-sant0208.jpg\" \/>\n\t<meta property=\"og:image:width\" content=\"1200\" \/>\n\t<meta property=\"og:image:height\" content=\"628\" \/>\n\t<meta property=\"og:image:type\" content=\"image\/jpeg\" \/>\n<meta name=\"twitter:card\" content=\"summary_large_image\" \/>\n<meta name=\"twitter:title\" content=\"Certificat de Professionalitat de Trasllat Sanitari Barcelona | EOC\" \/>\n<meta name=\"twitter:description\" content=\"Certificat de Professionalitat de Trasllat Sanitari a Barcelona. CP SANT0208 per a conduir ambul\u00e0ncies i realitzar atenci\u00f3 b\u00e0sica.\" \/>\n<meta name=\"twitter:image\" content=\"https:\/\/eoc.cat\/wp-content\/uploads\/2023\/01\/cp-ts-sant0208.jpg\" \/>\n<meta name=\"twitter:site\" content=\"@escoficat\" \/>\n<script type=\"application\/ld+json\" class=\"yoast-schema-graph\">{\"@context\":\"https:\\\/\\\/schema.org\",\"@graph\":[{\"@type\":\"WebPage\",\"@id\":\"https:\\\/\\\/eoc.cat\\\/ca\\\/certificat-professionalitat-trasllat-sanitari\\\/\",\"url\":\"https:\\\/\\\/eoc.cat\\\/ca\\\/certificat-professionalitat-trasllat-sanitari\\\/\",\"name\":\"Certificat de Professionalitat de Trasllat Sanitari Barcelona | EOC\",\"isPartOf\":{\"@id\":\"https:\\\/\\\/eoc.cat\\\/#website\"},\"primaryImageOfPage\":{\"@id\":\"https:\\\/\\\/eoc.cat\\\/ca\\\/certificat-professionalitat-trasllat-sanitari\\\/#primaryimage\"},\"image\":{\"@id\":\"https:\\\/\\\/eoc.cat\\\/ca\\\/certificat-professionalitat-trasllat-sanitari\\\/#primaryimage\"},\"thumbnailUrl\":\"https:\\\/\\\/eoc.cat\\\/wp-content\\\/uploads\\\/2023\\\/01\\\/cp-ts-sant0208.jpg\",\"datePublished\":\"2023-01-31T11:43:26+00:00\",\"dateModified\":\"2026-04-10T11:29:41+00:00\",\"description\":\"Certificat de Professionalitat de Trasllat Sanitari a Barcelona. CP SANT0208 per a conduir ambul\u00e0ncies i realitzar atenci\u00f3 b\u00e0sica.\",\"breadcrumb\":{\"@id\":\"https:\\\/\\\/eoc.cat\\\/ca\\\/certificat-professionalitat-trasllat-sanitari\\\/#breadcrumb\"},\"inLanguage\":\"ca\",\"potentialAction\":[{\"@type\":\"ReadAction\",\"target\":[\"https:\\\/\\\/eoc.cat\\\/ca\\\/certificat-professionalitat-trasllat-sanitari\\\/\"]}]},{\"@type\":\"ImageObject\",\"inLanguage\":\"ca\",\"@id\":\"https:\\\/\\\/eoc.cat\\\/ca\\\/certificat-professionalitat-trasllat-sanitari\\\/#primaryimage\",\"url\":\"https:\\\/\\\/eoc.cat\\\/wp-content\\\/uploads\\\/2023\\\/01\\\/cp-ts-sant0208.jpg\",\"contentUrl\":\"https:\\\/\\\/eoc.cat\\\/wp-content\\\/uploads\\\/2023\\\/01\\\/cp-ts-sant0208.jpg\",\"width\":1200,\"height\":628,\"caption\":\"CP trasllat sanitari SANT0208\"},{\"@type\":\"BreadcrumbList\",\"@id\":\"https:\\\/\\\/eoc.cat\\\/ca\\\/certificat-professionalitat-trasllat-sanitari\\\/#breadcrumb\",\"itemListElement\":[{\"@type\":\"ListItem\",\"position\":1,\"name\":\"Portada\",\"item\":\"https:\\\/\\\/eoc.cat\\\/ca\\\/\"},{\"@type\":\"ListItem\",\"position\":2,\"name\":\"Certificat de Professionalitat de Trasllat Sanitari\"}]},{\"@type\":\"WebSite\",\"@id\":\"https:\\\/\\\/eoc.cat\\\/#website\",\"url\":\"https:\\\/\\\/eoc.cat\\\/\",\"name\":\"Escola d'Oficis Catalunya\",\"description\":\"Escuela de formaci\u00f3n profesional para adultos y j\u00f3venes\",\"publisher\":{\"@id\":\"https:\\\/\\\/eoc.cat\\\/#organization\"},\"alternateName\":\"EOC\",\"potentialAction\":[{\"@type\":\"SearchAction\",\"target\":{\"@type\":\"EntryPoint\",\"urlTemplate\":\"https:\\\/\\\/eoc.cat\\\/?s={search_term_string}\"},\"query-input\":{\"@type\":\"PropertyValueSpecification\",\"valueRequired\":true,\"valueName\":\"search_term_string\"}}],\"inLanguage\":\"ca\"},{\"@type\":\"Organization\",\"@id\":\"https:\\\/\\\/eoc.cat\\\/#organization\",\"name\":\"Escola d'Oficis Catalunya\",\"alternateName\":\"EOC\",\"url\":\"https:\\\/\\\/eoc.cat\\\/\",\"logo\":{\"@type\":\"ImageObject\",\"inLanguage\":\"ca\",\"@id\":\"https:\\\/\\\/eoc.cat\\\/#\\\/schema\\\/logo\\\/image\\\/\",\"url\":\"https:\\\/\\\/eoc.cat\\\/wp-content\\\/uploads\\\/2020\\\/12\\\/eoc-logotipo.png\",\"contentUrl\":\"https:\\\/\\\/eoc.cat\\\/wp-content\\\/uploads\\\/2020\\\/12\\\/eoc-logotipo.png\",\"width\":274,\"height\":118,\"caption\":\"Escola d'Oficis Catalunya\"},\"image\":{\"@id\":\"https:\\\/\\\/eoc.cat\\\/#\\\/schema\\\/logo\\\/image\\\/\"},\"sameAs\":[\"https:\\\/\\\/www.facebook.com\\\/EscoladOficisCatalunya\",\"https:\\\/\\\/x.com\\\/escoficat\",\"https:\\\/\\\/www.instagram.com\\\/escoladoficiscatalunya\\\/\",\"https:\\\/\\\/www.linkedin.com\\\/school\\\/escoladoficiscatalunya\\\/\",\"https:\\\/\\\/www.youtube.com\\\/channel\\\/UC_HLShkY7t1pf1CrXPw-gRQ\"]}]}<\/script>\n<!-- \/ Yoast SEO plugin. -->","yoast_head_json":{"title":"Certificat de Professionalitat de Trasllat Sanitari Barcelona | EOC","description":"Certificat de Professionalitat de Trasllat Sanitari a Barcelona. CP SANT0208 per a conduir ambul\u00e0ncies i realitzar atenci\u00f3 b\u00e0sica.","robots":{"index":"index","follow":"follow","max-snippet":"max-snippet:-1","max-image-preview":"max-image-preview:large","max-video-preview":"max-video-preview:-1"},"canonical":"https:\/\/eoc.cat\/ca\/certificat-professionalitat-trasllat-sanitari\/","og_locale":"ca_ES","og_type":"article","og_title":"Certificat de Professionalitat de Trasllat Sanitari Barcelona | EOC","og_description":"Certificat de Professionalitat de Trasllat Sanitari a Barcelona. CP SANT0208 per a conduir ambul\u00e0ncies i realitzar atenci\u00f3 b\u00e0sica.","og_url":"https:\/\/eoc.cat\/ca\/certificat-professionalitat-trasllat-sanitari\/","og_site_name":"Escola d&#039;Oficis Catalunya","article_publisher":"https:\/\/www.facebook.com\/EscoladOficisCatalunya","article_modified_time":"2026-04-10T11:29:41+00:00","og_image":[{"width":1200,"height":628,"url":"https:\/\/eoc.cat\/wp-content\/uploads\/2023\/01\/cp-ts-sant0208.jpg","type":"image\/jpeg"}],"twitter_card":"summary_large_image","twitter_title":"Certificat de Professionalitat de Trasllat Sanitari Barcelona | EOC","twitter_description":"Certificat de Professionalitat de Trasllat Sanitari a Barcelona. CP SANT0208 per a conduir ambul\u00e0ncies i realitzar atenci\u00f3 b\u00e0sica.","twitter_image":"https:\/\/eoc.cat\/wp-content\/uploads\/2023\/01\/cp-ts-sant0208.jpg","twitter_site":"@escoficat","schema":{"@context":"https:\/\/schema.org","@graph":[{"@type":"WebPage","@id":"https:\/\/eoc.cat\/ca\/certificat-professionalitat-trasllat-sanitari\/","url":"https:\/\/eoc.cat\/ca\/certificat-professionalitat-trasllat-sanitari\/","name":"Certificat de Professionalitat de Trasllat Sanitari Barcelona | EOC","isPartOf":{"@id":"https:\/\/eoc.cat\/#website"},"primaryImageOfPage":{"@id":"https:\/\/eoc.cat\/ca\/certificat-professionalitat-trasllat-sanitari\/#primaryimage"},"image":{"@id":"https:\/\/eoc.cat\/ca\/certificat-professionalitat-trasllat-sanitari\/#primaryimage"},"thumbnailUrl":"https:\/\/eoc.cat\/wp-content\/uploads\/2023\/01\/cp-ts-sant0208.jpg","datePublished":"2023-01-31T11:43:26+00:00","dateModified":"2026-04-10T11:29:41+00:00","description":"Certificat de Professionalitat de Trasllat Sanitari a Barcelona. CP SANT0208 per a conduir ambul\u00e0ncies i realitzar atenci\u00f3 b\u00e0sica.","breadcrumb":{"@id":"https:\/\/eoc.cat\/ca\/certificat-professionalitat-trasllat-sanitari\/#breadcrumb"},"inLanguage":"ca","potentialAction":[{"@type":"ReadAction","target":["https:\/\/eoc.cat\/ca\/certificat-professionalitat-trasllat-sanitari\/"]}]},{"@type":"ImageObject","inLanguage":"ca","@id":"https:\/\/eoc.cat\/ca\/certificat-professionalitat-trasllat-sanitari\/#primaryimage","url":"https:\/\/eoc.cat\/wp-content\/uploads\/2023\/01\/cp-ts-sant0208.jpg","contentUrl":"https:\/\/eoc.cat\/wp-content\/uploads\/2023\/01\/cp-ts-sant0208.jpg","width":1200,"height":628,"caption":"CP trasllat sanitari SANT0208"},{"@type":"BreadcrumbList","@id":"https:\/\/eoc.cat\/ca\/certificat-professionalitat-trasllat-sanitari\/#breadcrumb","itemListElement":[{"@type":"ListItem","position":1,"name":"Portada","item":"https:\/\/eoc.cat\/ca\/"},{"@type":"ListItem","position":2,"name":"Certificat de Professionalitat de Trasllat Sanitari"}]},{"@type":"WebSite","@id":"https:\/\/eoc.cat\/#website","url":"https:\/\/eoc.cat\/","name":"Escola d'Oficis Catalunya","description":"Escuela de formaci\u00f3n profesional para adultos y j\u00f3venes","publisher":{"@id":"https:\/\/eoc.cat\/#organization"},"alternateName":"EOC","potentialAction":[{"@type":"SearchAction","target":{"@type":"EntryPoint","urlTemplate":"https:\/\/eoc.cat\/?s={search_term_string}"},"query-input":{"@type":"PropertyValueSpecification","valueRequired":true,"valueName":"search_term_string"}}],"inLanguage":"ca"},{"@type":"Organization","@id":"https:\/\/eoc.cat\/#organization","name":"Escola d'Oficis Catalunya","alternateName":"EOC","url":"https:\/\/eoc.cat\/","logo":{"@type":"ImageObject","inLanguage":"ca","@id":"https:\/\/eoc.cat\/#\/schema\/logo\/image\/","url":"https:\/\/eoc.cat\/wp-content\/uploads\/2020\/12\/eoc-logotipo.png","contentUrl":"https:\/\/eoc.cat\/wp-content\/uploads\/2020\/12\/eoc-logotipo.png","width":274,"height":118,"caption":"Escola d'Oficis Catalunya"},"image":{"@id":"https:\/\/eoc.cat\/#\/schema\/logo\/image\/"},"sameAs":["https:\/\/www.facebook.com\/EscoladOficisCatalunya","https:\/\/x.com\/escoficat","https:\/\/www.instagram.com\/escoladoficiscatalunya\/","https:\/\/www.linkedin.com\/school\/escoladoficiscatalunya\/","https:\/\/www.youtube.com\/channel\/UC_HLShkY7t1pf1CrXPw-gRQ"]}]}},"_links":{"self":[{"href":"https:\/\/eoc.cat\/ca\/wp-json\/wp\/v2\/pages\/11903","targetHints":{"allow":["GET"]}}],"collection":[{"href":"https:\/\/eoc.cat\/ca\/wp-json\/wp\/v2\/pages"}],"about":[{"href":"https:\/\/eoc.cat\/ca\/wp-json\/wp\/v2\/types\/page"}],"author":[{"embeddable":true,"href":"https:\/\/eoc.cat\/ca\/wp-json\/wp\/v2\/users\/6"}],"replies":[{"embeddable":true,"href":"https:\/\/eoc.cat\/ca\/wp-json\/wp\/v2\/comments?post=11903"}],"version-history":[{"count":12,"href":"https:\/\/eoc.cat\/ca\/wp-json\/wp\/v2\/pages\/11903\/revisions"}],"predecessor-version":[{"id":15845,"href":"https:\/\/eoc.cat\/ca\/wp-json\/wp\/v2\/pages\/11903\/revisions\/15845"}],"wp:featuredmedia":[{"embeddable":true,"href":"https:\/\/eoc.cat\/ca\/wp-json\/wp\/v2\/media\/11958"}],"wp:attachment":[{"href":"https:\/\/eoc.cat\/ca\/wp-json\/wp\/v2\/media?parent=11903"}],"curies":[{"name":"wp","href":"https:\/\/api.w.org\/{rel}","templated":true}]}}