{"id":12114,"date":"2023-05-16T11:44:07","date_gmt":"2023-05-16T09:44:07","guid":{"rendered":"https:\/\/eoc.cat\/?page_id=12114"},"modified":"2026-04-13T09:12:52","modified_gmt":"2026-04-13T07:12:52","slug":"medicina-preventiva-comunicacio","status":"publish","type":"page","link":"https:\/\/eoc.cat\/ca\/medicina-preventiva-comunicacio\/","title":{"rendered":"Medicina Preventiva i comunicaci\u00f3"},"content":{"rendered":"<p>[et_pb_section fb_built=&#8221;1&#8243; admin_label=&#8221;MOLLES DE PA CURSOS CA&#8221; _builder_version=&#8221;4.21.0&#8243; _module_preset=&#8221;default&#8221; global_colors_info=&#8221;{}&#8221;][et_pb_row column_structure=&#8221;3_4,1_4&#8243; make_equal=&#8221;on&#8221; _builder_version=&#8221;4.16&#8243; _module_preset=&#8221;default&#8221; global_colors_info=&#8221;{}&#8221;][et_pb_column type=&#8221;3_4&#8243; _builder_version=&#8221;4.16&#8243; _module_preset=&#8221;default&#8221; global_colors_info=&#8221;{}&#8221;][et_pb_dmb_breadcrumbs font_icon=&#8221;&#x35;||divi||400&#8243; _builder_version=&#8221;4.20.4&#8243; _module_preset=&#8221;default&#8221; body_text_align=&#8221;left&#8221; link_text_color=&#8221;#004b87&#8243; linkhover_text_color=&#8221;#002855&#8243; custom_padding=&#8221;10px||||false|false&#8221; global_colors_info=&#8221;{}&#8221;][\/et_pb_dmb_breadcrumbs][\/et_pb_column][et_pb_column type=&#8221;1_4&#8243; _builder_version=&#8221;4.16&#8243; _module_preset=&#8221;default&#8221; global_colors_info=&#8221;{}&#8221;][et_pb_image src=&#8221;https:\/\/eoc.cat\/wp-content\/uploads\/2023\/04\/i-med-prev.png&#8221; alt=&#8221;icona medicina preventiva i comunicaci\u00f3&#8221; title_text=&#8221;icona medicina preventiva i comunicaci\u00f3&#8221; align=&#8221;right&#8221; disabled_on=&#8221;on|off|off&#8221; admin_label=&#8221;icona medicina preventiva i comunicaci\u00f3&#8221; _builder_version=&#8221;4.21.0&#8243; _module_preset=&#8221;default&#8221; global_colors_info=&#8221;{}&#8221;][\/et_pb_image][\/et_pb_column][\/et_pb_row][\/et_pb_section][et_pb_section fb_built=&#8221;1&#8243; admin_label=&#8221;CAP\u00c7ALERA CURS CA&#8221; _builder_version=&#8221;4.21.0&#8243; _module_preset=&#8221;default&#8221; background_color=&#8221;#004b87&#8243; global_colors_info=&#8221;{}&#8221;][et_pb_row column_structure=&#8221;1_2,1_2&#8243; _builder_version=&#8221;4.16&#8243; _module_preset=&#8221;default&#8221; global_colors_info=&#8221;{}&#8221;][et_pb_column type=&#8221;1_2&#8243; _builder_version=&#8221;4.16&#8243; _module_preset=&#8221;default&#8221; global_colors_info=&#8221;{}&#8221;][et_pb_text admin_label=&#8221;H1 + intro&#8221; _builder_version=&#8221;4.27.4&#8243; _module_preset=&#8221;default&#8221; background_layout=&#8221;dark&#8221; global_colors_info=&#8221;{}&#8221;]<\/p>\n<h1>Curs de Medicina Preventiva i Comunicaci\u00f3<\/h1>\n<p>El <strong>Curs de Medicina Preventiva i comunicaci\u00f3<\/strong> va dirigit a<strong> Auxiliars T\u00e8cnics Veterinaris<\/strong>. Forma part del <span style=\"text-decoration: underline;\"><span style=\"color: #ffffff; text-decoration: underline;\"><a style=\"color: #ffffff; text-decoration: underline;\" href=\"https:\/\/eoc.cat\/ca\/ps-tecnic-especialista-veterinaria\/\">Programa Superior de T\u00e8cnic Especialista en Veterin\u00e0ria<\/a><\/span><\/span> per\u00f2 tamb\u00e9 pot realitzar-se de manera independent. Sens dubte, \u00e9s una formaci\u00f3 complement\u00e0ria excel\u00b7lent per a aprendre a comunicar-se amb el client, saber gestionar queixes, duels i situacions d&#8217;estr\u00e8s en la consulta veterin\u00e0ria.<\/p>\n<p>[\/et_pb_text][et_pb_button button_url=&#8221;#contacto&#8221; button_text=&#8221;contactar ara&#8221; button_alignment=&#8221;left&#8221; admin_label=&#8221;bot\u00f3: contactar ara&#8221; _builder_version=&#8221;4.21.0&#8243; _module_preset=&#8221;default&#8221; custom_button=&#8221;on&#8221; button_bg_color=&#8221;#ffffff&#8221; button_border_color=&#8221;rgba(0,0,0,0)&#8221; button_border_radius=&#8221;100px&#8221; button_use_icon=&#8221;off&#8221; global_colors_info=&#8221;{}&#8221; button_bg_color__hover_enabled=&#8221;on|hover&#8221; button_bg_color__hover=&#8221;rgba(217,217,214,0.2)&#8221; button_bg_enable_color__hover=&#8221;on&#8221;][\/et_pb_button][\/et_pb_column][et_pb_column type=&#8221;1_2&#8243; _builder_version=&#8221;4.16&#8243; _module_preset=&#8221;default&#8221; global_colors_info=&#8221;{}&#8221;][et_pb_image src=&#8221;https:\/\/eoc.cat\/wp-content\/uploads\/2023\/04\/med-prev.jpg&#8221; alt=&#8221;curs de medicina preventiva i comunicaci\u00f3 veterin\u00e0ria&#8221; title_text=&#8221;curs de medicina preventiva i comunicaci\u00f3 veterin\u00e0ria&#8221; admin_label=&#8221;curs de medicina preventiva i comunicaci\u00f3 veterin\u00e0ria&#8221; _builder_version=&#8221;4.21.0&#8243; _module_preset=&#8221;default&#8221; global_colors_info=&#8221;{}&#8221;][\/et_pb_image][\/et_pb_column][\/et_pb_row][\/et_pb_section][et_pb_section fb_built=&#8221;1&#8243; admin_label=&#8221;SECCI\u00d3 CURS FORMULARI CA&#8221; _builder_version=&#8221;4.21.0&#8243; _module_preset=&#8221;default&#8221; global_colors_info=&#8221;{}&#8221;][et_pb_row column_structure=&#8221;1_2,1_2&#8243; _builder_version=&#8221;4.16&#8243; _module_preset=&#8221;default&#8221; global_colors_info=&#8221;{}&#8221;][et_pb_column type=&#8221;1_2&#8243; _builder_version=&#8221;4.16&#8243; _module_preset=&#8221;default&#8221; global_colors_info=&#8221;{}&#8221;][et_pb_text admin_label=&#8221;H2 + text&#8221; _builder_version=&#8221;4.21.0&#8243; _module_preset=&#8221;default&#8221; header_2_font_size=&#8221;25px&#8221; header_2_line_height=&#8221;1.2em&#8221; global_colors_info=&#8221;{}&#8221;]<\/p>\n<h2>Excel\u00b7l\u00e8ncia en la comunicaci\u00f3 amb el client<\/h2>\n<p>El curs de Medicina Preventiva i Comunicaci\u00f3 \u00e9s excel\u00b7lent per a formar a <strong>auxiliars veterinaris<\/strong> que augmentin la qualitat de la cl\u00ednica veterin\u00e0ria on treballin. Adquiriran les eines necess\u00e0ries per a portar a un altre nivell les seves capacitats comunicatives amb el client i afavorint sempre la fidelitzaci\u00f3 del mateix i beneficiant a la imatge de la cl\u00ednica o l&#8217;hospital veterinari en q\u00fcesti\u00f3.<\/p>\n<p>En primer lloc, es posa el focus en <strong>el client<\/strong>. Aprendr\u00e0s a entendre-li i promoure la seva satisfacci\u00f3 per a afavorir la fidelitzaci\u00f3 i la posterior recomanaci\u00f3.<\/p>\n<p>En segon lloc, ens centrem en la <strong>medicina preventiva<\/strong>. A trav\u00e9s de la comunicaci\u00f3 amb el propietari podem incidir en la reducci\u00f3 de malalties i trastorns de conducta.<\/p>\n<p>[\/et_pb_text][et_pb_blurb use_icon=&#8221;on&#8221; font_icon=&#8221;&#x68;||divi||400&#8243; icon_placement=&#8221;left&#8221; admin_label=&#8221;certificaci\u00f3&#8221; _builder_version=&#8221;4.21.0&#8243; _module_preset=&#8221;default&#8221; custom_padding=&#8221;25px||||false|false&#8221; animation=&#8221;off&#8221; border_width_top=&#8221;5px&#8221; border_color_top=&#8221;#004b87&#8243; global_colors_info=&#8221;{}&#8221;]<\/p>\n<p>Diploma d&#8217;Escola d&#8217;Oficis Catalunya.<\/p>\n<p>[\/et_pb_blurb][et_pb_blurb use_icon=&#8221;on&#8221; font_icon=&#8221;&#xe102;||divi||400&#8243; icon_placement=&#8221;left&#8221; admin_label=&#8221;modalitats&#8221; _builder_version=&#8221;4.21.0&#8243; _module_preset=&#8221;default&#8221; custom_padding=&#8221;25px||||false|false&#8221; animation=&#8221;off&#8221; border_width_top=&#8221;5px&#8221; border_color_top=&#8221;#004b87&#8243; global_colors_info=&#8221;{}&#8221;]<\/p>\n<p>Modalitat presencial i intensiva.<\/p>\n<p>[\/et_pb_blurb][et_pb_blurb use_icon=&#8221;on&#8221; font_icon=&#8221;&#xe023;||divi||400&#8243; icon_color=&#8221;#002855&#8243; icon_placement=&#8221;left&#8221; admin_label=&#8221;durada&#8221; _builder_version=&#8221;4.21.0&#8243; _module_preset=&#8221;default&#8221; custom_padding=&#8221;25px||||false|false&#8221; animation=&#8221;off&#8221; border_width_top=&#8221;5px&#8221; border_color_top=&#8221;#004b87&#8243; global_colors_info=&#8221;{}&#8221;]<\/p>\n<p>Durada: 80 horas.<\/p>\n<p>[\/et_pb_blurb][et_pb_blurb use_icon=&#8221;on&#8221; font_icon=&#8221;&#xe0ef;||divi||400&#8243; icon_color=&#8221;#002855&#8243; icon_placement=&#8221;left&#8221; admin_label=&#8221;pr\u00e0ctiques&#8221; _builder_version=&#8221;4.21.0&#8243; _module_preset=&#8221;default&#8221; custom_padding=&#8221;25px||15px||false|false&#8221; animation=&#8221;off&#8221; border_width_top=&#8221;5px&#8221; border_color_top=&#8221;#004b87&#8243; border_width_bottom=&#8221;5px&#8221; border_color_bottom=&#8221;#004b87&#8243; global_colors_info=&#8221;{}&#8221;]<\/p>\n<p>Pr\u00e0ctiques internes \/ externes.<\/p>\n<p>[\/et_pb_blurb][\/et_pb_column][et_pb_column type=&#8221;1_2&#8243; _builder_version=&#8221;4.16&#8243; _module_preset=&#8221;default&#8221; global_colors_info=&#8221;{}&#8221;][et_pb_text admin_label=&#8221;H2 + texto&#8221; module_id=&#8221;contacto&#8221; _builder_version=&#8221;4.21.0&#8243; _module_preset=&#8221;default&#8221; header_2_font_size=&#8221;25px&#8221; header_2_line_height=&#8221;1.2em&#8221; global_colors_info=&#8221;{}&#8221;]<\/p>\n<h2>Contacta amb nosaltres<\/h2>\n<p style=\"text-align: right;\">*Dades obligat\u00f2ries<\/p>\n<p>[\/et_pb_text][et_pb_contact_form use_spam_service=&#8221;on&#8221; recaptcha_list=&#8221;eoccat|eoccat-0&#8243; email=&#8221;asesoria@escoficat.com, estadisticas@escoficat.com&#8221; custom_message=&#8221;FORMULARI ENVIAT DES DE LA P\u00c0GINA DEL CURS DE MEDICINA PREVENTIVA I COMUNICACI\u00d3||et_pb_line_break_holder||||et_pb_line_break_holder||De: %%nom%%||et_pb_line_break_holder||E-mail: %%email%%||et_pb_line_break_holder||Tel\u00e8fon: %%telefon%%||et_pb_line_break_holder||Codi Postal: %%codipostal%%||et_pb_line_break_holder||Canal pel qual ens ha conegut: %%conegut%%||et_pb_line_break_holder||L&#8217;usuari indica que ens ha conegut per un altre m\u00e8tode: %%altres%%||et_pb_line_break_holder||Modalitat: %%modalitat%%||et_pb_line_break_holder||||et_pb_line_break_holder||Comentaris:||et_pb_line_break_holder||%%comentaris%%||et_pb_line_break_holder||||et_pb_line_break_holder||Acceptaci\u00f3 pol\u00edtica de privacitat: %%politiques%% pol\u00edtica de privacidad.||et_pb_line_break_holder||Acceptaci\u00f3 enviament de comunicacions: %%comunicacions%%.&#8221; use_redirect=&#8221;on&#8221; redirect_url=&#8221;https:\/\/eoc.cat\/ca\/formulari-enviat\/&#8221; success_message=&#8221;Gr\u00e0cies per contactar-nos!&#8221; submit_button_text=&#8221; posar-me en contacte&#8221; admin_label=&#8221;FORMULARI VET CA&#8221; module_id=&#8221;et_pb_contact_form_1&#8243; _builder_version=&#8221;4.27.6&#8243; form_field_background_color=&#8221;rgba(255,255,255,0.7)&#8221; form_field_text_color=&#8221;#1c2457&#8243; title_text_color=&#8221;#1e73be&#8221; background_size=&#8221;initial&#8221; background_position=&#8221;top_left&#8221; background_repeat=&#8221;repeat&#8221; custom_button=&#8221;on&#8221; button_text_color=&#8221;#1e73be&#8221; button_bg_color=&#8221;rgba(255,255,255,0.7)&#8221; button_use_icon=&#8221;off&#8221; hover_enabled=&#8221;0&#8243; border_radii=&#8221;on|2px|2px|2px|2px&#8221; border_width_all=&#8221;2px&#8221; border_color_all=&#8221;#1e73be&#8221; use_border_color=&#8221;on&#8221; form_background_color=&#8221;rgba(255,255,255,0.7)&#8221; saved_tabs=&#8221;all&#8221; global_colors_info=&#8221;{}&#8221; sticky_enabled=&#8221;0&#8243;][et_pb_contact_field field_id=&#8221;nom&#8221; field_title=&#8221;Nom complet*&#8221; _builder_version=&#8221;4.16&#8243; form_field_text_color=&#8221;#1c2457&#8243; form_field_font=&#8221;||||&#8221; use_border_color=&#8221;on&#8221; border_color=&#8221;#1e73be&#8221; border_width=&#8221;2&#8243; border_style=&#8221;solid&#8221; input_border_radius=&#8221;0&#8243; global_colors_info=&#8221;{}&#8221;][\/et_pb_contact_field][et_pb_contact_field field_id=&#8221;email&#8221; field_title=&#8221;E-mail*&#8221; field_type=&#8221;email&#8221; _builder_version=&#8221;4.16&#8243; form_field_font=&#8221;||||&#8221; use_border_color=&#8221;off&#8221; border_style=&#8221;solid&#8221; input_border_radius=&#8221;0&#8243; global_colors_info=&#8221;{}&#8221;][\/et_pb_contact_field][et_pb_contact_field field_id=&#8221;telefon&#8221; field_title=&#8221;Tel\u00e8fon*&#8221; min_length=&#8221;9&#8243; max_length=&#8221;17&#8243; _builder_version=&#8221;4.16&#8243; form_field_font=&#8221;||||&#8221; use_border_color=&#8221;off&#8221; border_style=&#8221;solid&#8221; input_border_radius=&#8221;0&#8243; global_colors_info=&#8221;{}&#8221;][\/et_pb_contact_field][et_pb_contact_field field_id=&#8221;codipostal&#8221; field_title=&#8221;Codi Postal*&#8221; min_length=&#8221;5&#8243; max_length=&#8221;5&#8243; allowed_symbols=&#8221;numbers&#8221; _builder_version=&#8221;4.16&#8243; form_field_font=&#8221;||||&#8221; use_border_color=&#8221;off&#8221; border_style=&#8221;solid&#8221; input_border_radius=&#8221;0&#8243; global_colors_info=&#8221;{}&#8221;][\/et_pb_contact_field][et_pb_contact_field field_id=&#8221;conegut&#8221; field_title=&#8221;Com ens has conegut?&#8221; _builder_version=&#8221;4.27.6&#8243; form_field_font=&#8221;||||&#8221; hover_enabled=&#8221;0&#8243; use_border_color=&#8221;off&#8221; border_style=&#8221;solid&#8221; input_border_radius=&#8221;0&#8243; global_colors_info=&#8221;{}&#8221; required_mark=&#8221;off&#8221; field_type=&#8221;select&#8221; select_options=&#8221;%91{%22value%22:%22Cercador de Google%22,%22checked%22:0,%22dragID%22:-1},{%22value%22:%22Xarxes Socials%22,%22checked%22:0,%22dragID%22:0},{%22value%22:%22Portals educatius online%22,%22checked%22:0,%22dragID%22:1},{%22value%22:%22Recomanaci\u00f3 d&#8217;una altra persona%22,%22checked%22:0,%22dragID%22:2},{%22value%22:%22Assistent Intel\u00b7lig\u00e8ncia Artificial%22,%22checked%22:0,%22dragID%22:3},{%22value%22:%22Altres&#8230;%22,%22checked%22:0,%22dragID%22:4}%93&#8243; sticky_enabled=&#8221;0&#8243;][\/et_pb_contact_field][et_pb_contact_field field_id=&#8221;altres&#8221; field_title=&#8221;Indica&#8217;ns aquest altre m\u00e8tode pel qual ens has conegut&#8230;&#8221; _builder_version=&#8221;4.27.6&#8243; form_field_font=&#8221;||||&#8221; hover_enabled=&#8221;0&#8243; use_border_color=&#8221;off&#8221; border_style=&#8221;solid&#8221; input_border_radius=&#8221;0&#8243; global_colors_info=&#8221;{}&#8221; required_mark=&#8221;off&#8221; field_type=&#8221;text&#8221; sticky_enabled=&#8221;0&#8243; conditional_logic=&#8221;on&#8221; conditional_logic_rules=&#8221;%91{%22field%22:%22conegut%22,%22condition%22:%22is%22,%22value%22:%22Altres&#8230;%22}%93&#8243;][\/et_pb_contact_field][et_pb_contact_field field_id=&#8221;modalitat&#8221; field_title=&#8221;Modalitat que t&#8217;interessa*&#8221; field_type=&#8221;select&#8221; select_options=&#8221;%91{%22value%22:%22Presencial%22,%22checked%22:0,%22dragID%22:-1},{%22value%22:%22Intensiva%22,%22checked%22:0,%22dragID%22:0}%93&#8243; fullwidth_field=&#8221;on&#8221; _builder_version=&#8221;4.21.0&#8243; form_field_font=&#8221;||||&#8221; use_border_color=&#8221;off&#8221; border_style=&#8221;solid&#8221; input_border_radius=&#8221;0&#8243; global_colors_info=&#8221;{}&#8221;][\/et_pb_contact_field][et_pb_contact_field field_id=&#8221;comentaris&#8221; field_title=&#8221;Comentaris&#8221; field_type=&#8221;text&#8221; required_mark=&#8221;off&#8221; fullwidth_field=&#8221;on&#8221; _builder_version=&#8221;4.16&#8243; form_field_font=&#8221;||||&#8221; use_border_color=&#8221;off&#8221; border_style=&#8221;solid&#8221; input_border_radius=&#8221;0&#8243; global_colors_info=&#8221;{}&#8221;][\/et_pb_contact_field][et_pb_contact_field field_id=&#8221;politiques&#8221; field_type=&#8221;checkbox&#8221; checkbox_options=&#8221;%91{%22value%22:%22S\u00ed, accepto la %22,%22checked%22:0,%22dragID%22:-1,%22link_text%22:%22pol\u00edtica de privacitat.*%22,%22link_url%22:%22https:\/\/eoc.cat\/ca\/politica-privacitat\/%22}%93&#8243; fullwidth_field=&#8221;on&#8221; _builder_version=&#8221;4.21.0&#8243; form_field_font=&#8221;||||&#8221; use_border_color=&#8221;off&#8221; border_style=&#8221;solid&#8221; input_border_radius=&#8221;0&#8243; global_colors_info=&#8221;{}&#8221;][\/et_pb_contact_field][et_pb_contact_field field_id=&#8221;comunicacions&#8221; field_type=&#8221;checkbox&#8221; checkbox_options=&#8221;%91{%22value%22:%22S\u00ed, accepto les comunicacions.%22,%22checked%22:0,%22dragID%22:-1}%93&#8243; required_mark=&#8221;off&#8221; fullwidth_field=&#8221;on&#8221; _builder_version=&#8221;4.21.0&#8243; form_field_font=&#8221;||||&#8221; use_border_color=&#8221;off&#8221; border_style=&#8221;solid&#8221; input_border_radius=&#8221;0&#8243; global_colors_info=&#8221;{}&#8221;][\/et_pb_contact_field][\/et_pb_contact_form][et_pb_text admin_label=&#8221;TEXT LEGAL CA&#8221; _builder_version=&#8221;4.7.7&#8243; text_font=&#8221;||||||||&#8221; text_font_size=&#8221;11px&#8221; text_line_height=&#8221;1.2em&#8221; module_alignment=&#8221;left&#8221; global_module=&#8221;6261&#8243; saved_tabs=&#8221;all&#8221; global_colors_info=&#8221;{}&#8221;]<\/p>\n<p><span style=\"line-height: 1em; font-size: 12px;\">La comunicaci\u00f3 enviada quedar\u00e0 incorporada a un fitxer del que \u00e9s responsable\u00a0<strong>ESCOLA D&#8217;OFICIS CATALUNYA S.L.<\/strong>\u00a0Aquesta comunicaci\u00f3 es far\u00e0 servir exclusivament per tractar les seves dades per atendre la seva sol\u00b7licitud, sempre de conformitat amb el Reglament (UE) 2016\/679 de 27 d&#8217;abril de 2016 (RGPD), la Llei Org\u00e0nica 3\/2018 de 5 de desembre (LOPDGDD) y la resta de normativa legal vigent en mat\u00e8ria de protecci\u00f3 de dades personals. Les seves dades no es comunicaran a tercers, excepte per obligaci\u00f3 legal, i es mantindran mentre no sol\u00b7liciti la seva cancel\u00b7laci\u00f3. En qualsevol moment vost\u00e8 podr\u00e0 exercir els drets d&#8217;acc\u00e9s, rectificaci\u00f3, portabilitat i oposici\u00f3, i, si s&#8217;escau, la limitaci\u00f3 i cancel\u00b7laci\u00f3, mitjan\u00e7ant l&#8217;enviament d&#8217;un correu electr\u00f2nic a rgpg@escoficat.com.<\/span><\/p>\n<p>[\/et_pb_text][\/et_pb_column][\/et_pb_row][\/et_pb_section][et_pb_section fb_built=&#8221;1&#8243; admin_label=&#8221;DESC\u00c0RREGA PDF&#8221; _builder_version=&#8221;4.21.0&#8243; _module_preset=&#8221;default&#8221; background_color=&#8221;#004b87&#8243; global_colors_info=&#8221;{}&#8221;][et_pb_row column_structure=&#8221;3_4,1_4&#8243; _builder_version=&#8221;4.16&#8243; _module_preset=&#8221;default&#8221; global_colors_info=&#8221;{}&#8221;][et_pb_column type=&#8221;3_4&#8243; _builder_version=&#8221;4.16&#8243; _module_preset=&#8221;default&#8221; global_colors_info=&#8221;{}&#8221;][et_pb_text admin_label=&#8221;H2 + text&#8221; _builder_version=&#8221;4.21.0&#8243; _module_preset=&#8221;default&#8221; header_2_font_size=&#8221;25px&#8221; header_2_line_height=&#8221;1.2em&#8221; background_layout=&#8221;dark&#8221; global_colors_info=&#8221;{}&#8221;]<\/p>\n<h2>La medicina preventiva veterin\u00e0ria<\/h2>\n<p>En el curs de Medicina Preventiva i Comunicaci\u00f3 aprendr\u00e0s a assessorar el client veterinari en medicina preventiva, des de l&#8217;argumentaci\u00f3, l&#8217;honestedat i l&#8217;excel\u00b7l\u00e8ncia.<\/p>\n<p>Com \u00e9s obvi i com diu aquest, &#8220;m\u00e9s val prevenir que curar&#8221;. La medicina preventiva, en el cas de la veterin\u00e0ria, consisteix a <strong>posar el focus en el dia a dia de l&#8217;animal<\/strong> per a <strong>evitar futurs comportaments dolents, infeccions, malalties o malalties<\/strong>.<\/p>\n<p>Perqu\u00e8 s\u00ed, \u00e9s possible prevenir comportaments i malalties en els animals a trav\u00e9s de la supervisi\u00f3 de la seva alimentaci\u00f3, els h\u00e0bits diaris, l&#8217;exercici f\u00edsic i el seu entorn. Per aix\u00f2 cobra major rellev\u00e0ncia l&#8217;assessorament als propietaris, ja que nom\u00e9s a trav\u00e9s d&#8217;ells podrem influir en aquests aspectes tan importants.<\/p>\n<h2>\u200b<\/h2>\n<p>[\/et_pb_text][\/et_pb_column][et_pb_column type=&#8221;1_4&#8243; _builder_version=&#8221;4.16&#8243; _module_preset=&#8221;default&#8221; global_colors_info=&#8221;{}&#8221;][et_pb_blurb title=&#8221;Desc\u00e0rrega el temari del Curs de Medicina Preventiva i Comunicaci\u00f3&#8221; url_new_window=&#8221;on&#8221; use_icon=&#8221;on&#8221; font_icon=&#8221;&#x6f;||divi||400&#8243; icon_color=&#8221;#ffffff&#8221; admin_label=&#8221;desc\u00e0rrega pdf&#8221; _builder_version=&#8221;4.21.0&#8243; _module_preset=&#8221;default&#8221; text_orientation=&#8221;center&#8221; background_layout=&#8221;dark&#8221; animation=&#8221;off&#8221; link_option_url=&#8221;https:\/\/eoc.cat\/wp-content\/uploads\/2023\/05\/tc-med-prev.pdf&#8221; link_option_url_new_window=&#8221;on&#8221; global_colors_info=&#8221;{}&#8221; icon_color__hover_enabled=&#8221;on|hover&#8221; icon_color__hover=&#8221;rgba(217,217,214,0.2)&#8221;][\/et_pb_blurb][\/et_pb_column][\/et_pb_row][\/et_pb_section][et_pb_section fb_built=&#8221;1&#8243; admin_label=&#8221;PREGUNTES FREQ\u00dcENTS&#8221; _builder_version=&#8221;4.21.0&#8243; _module_preset=&#8221;default&#8221; global_colors_info=&#8221;{}&#8221;][et_pb_row _builder_version=&#8221;4.16&#8243; _module_preset=&#8221;default&#8221; global_colors_info=&#8221;{}&#8221;][et_pb_column type=&#8221;4_4&#8243; _builder_version=&#8221;4.16&#8243; _module_preset=&#8221;default&#8221; global_colors_info=&#8221;{}&#8221;][et_pb_text admin_label=&#8221;Text&#8221; _builder_version=&#8221;4.27.4&#8243; _module_preset=&#8221;default&#8221; global_colors_info=&#8221;{}&#8221;]<\/p>\n<h3>Preguntes freq\u00fcents<\/h3>\n<p>Responem algunes dels dubtes habituals sobre el Curs de Medicina Preventiva i Comunicaci\u00f3.<\/p>\n<p>&nbsp;<\/p>\n<h4>Qu\u00e8 s&#8217;apr\u00e8n durant el curs?<\/h4>\n<ul>\n<li>La comunicaci\u00f3 com a eina b\u00e0sica de relaci\u00f3 amb el client.<\/li>\n<li>La import\u00e0ncia de la imatge en el proc\u00e9s de venda.<\/li>\n<li>Com s\u00f3n els clients actuals, qu\u00e8 esperen de nosaltres i quins problemes tenen.<\/li>\n<li>Gesti\u00f3 de queixes, conflictes, duels i situacions d&#8217;estr\u00e8s.<\/li>\n<li>La comunicaci\u00f3 a trav\u00e9s del tel\u00e8fon, el mail o altres eines digitals.<\/li>\n<li>Assessorament sobre medicina preventiva des de l&#8217;argumentaci\u00f3, l&#8217;honestedat i l&#8217;excel\u00b7l\u00e8ncia.<\/li>\n<li>Com podem diferenciar-nos dels nostres competidors.<\/li>\n<\/ul>\n<h4>Qu\u00e8 s&#8217;apr\u00e8n durant les pr\u00e0ctiques?<\/h4>\n<ul>\n<li>Realitzaci\u00f3 de protocols de comunicaci\u00f3 amb el client.<\/li>\n<li>Realitzaci\u00f3 de plans de salut.<\/li>\n<li>Realitzaci\u00f3 d&#8217;enquestes de satisfacci\u00f3.<\/li>\n<li>Realitzaci\u00f3 de sessions formatives.<\/li>\n<li>Realitzaci\u00f3 de campanyes sanit\u00e0ries.<\/li>\n<li>Realitzaci\u00f3 de visites de revisi\u00f3 trimestrals automatitzades.<\/li>\n<li>Realitzaci\u00f3 de q\u00fcestionaris de salut.<\/li>\n<li>Realitzaci\u00f3 i execuci\u00f3 de plans de medicina preventiva.<\/li>\n<li>Realitzaci\u00f3 i execuci\u00f3 de protocol a l&#8217;arribada i sortida d&#8217;un client.<\/li>\n<li>Realitzaci\u00f3 de la guia cuida&#8217;m.<\/li>\n<li>Implantaci\u00f3 del protocol de compliment dels clients a les recomanacions rebudes.<\/li>\n<\/ul>\n<h4>Sortides professionals<\/h4>\n<ul>\n<li>Especialista veterinari de l&#8217;\u00e0rea de m\u00e0rqueting comunicatiu, de serveis i medicina preventiva d&#8217;una cl\u00ednica o hospital.<\/li>\n<li>Assessorament sobre medicina preventiva en refugis, protectores i guarderies.<\/li>\n<li>Assessorament sobre atenci\u00f3 i comunicaci\u00f3 al client d&#8217;una mascota en qualsevol \u00e0mbit.<\/li>\n<li>Acompanyament als clients en l&#8217;eutan\u00e0sia, el duel i pacients terminals.<\/li>\n<li>Realitzaci\u00f3 d&#8217;estrat\u00e8gies de m\u00e0rqueting, comunicaci\u00f3 i medicina preventiva per a qualsevol centre relacionat amb la tinen\u00e7a de mascotes (botigues, resid\u00e8ncies, refugis&#8230;).<\/li>\n<li>Assessorament sobre medicina preventiva en col\u00b7legis i altres centres educatius.<\/li>\n<li>Responsable de botiga d&#8217;especialitzaci\u00f3 veterin\u00e0ria.<\/li>\n<li>Especialista veterinari en tanatori de mascotes.<\/li>\n<\/ul>\n<p>[\/et_pb_text][\/et_pb_column][\/et_pb_row][\/et_pb_section][et_pb_section fb_built=&#8221;1&#8243; admin_label=&#8221;ESLOGAN CA&#8221; _builder_version=&#8221;4.7.7&#8243; _module_preset=&#8221;default&#8221; background_color=&#8221;#004b87&#8243; global_module=&#8221;7162&#8243; global_colors_info=&#8221;{}&#8221;][et_pb_row _builder_version=&#8221;4.16&#8243; _module_preset=&#8221;default&#8221; global_colors_info=&#8221;{}&#8221;][et_pb_column type=&#8221;4_4&#8243; _builder_version=&#8221;4.16&#8243; _module_preset=&#8221;default&#8221; global_colors_info=&#8221;{}&#8221;][et_pb_text admin_label=&#8221;text&#8221; _builder_version=&#8221;4.16&#8243; _module_preset=&#8221;default&#8221; text_text_color=&#8221;#ffffff&#8221; text_font_size=&#8221;35px&#8221; text_line_height=&#8221;1.2em&#8221; text_orientation=&#8221;center&#8221; background_layout=&#8221;dark&#8221; custom_padding=&#8221;35px||35px||true|false&#8221; text_font_size_tablet=&#8221;&#8221; text_font_size_phone=&#8221;30px&#8221; text_font_size_last_edited=&#8221;on|phone&#8221; global_colors_info=&#8221;{}&#8221;]<\/p>\n<p>El nostre present,<br \/><strong>formar el teu futur<\/strong><\/p>\n<p>[\/et_pb_text][\/et_pb_column][\/et_pb_row][\/et_pb_section][et_pb_section fb_built=&#8221;1&#8243; disabled_on=&#8221;on|on|on&#8221; admin_label=&#8221;PROFESORADO&#8221; _builder_version=&#8221;4.16&#8243; _module_preset=&#8221;default&#8221; disabled=&#8221;on&#8221; global_colors_info=&#8221;{}&#8221;][et_pb_row _builder_version=&#8221;4.16&#8243; _module_preset=&#8221;default&#8221; global_colors_info=&#8221;{}&#8221;][et_pb_column type=&#8221;4_4&#8243; _builder_version=&#8221;4.16&#8243; _module_preset=&#8221;default&#8221; global_colors_info=&#8221;{}&#8221;][et_pb_text admin_label=&#8221;H3 Profesorado de la formaci\u00f3n&#8221; _builder_version=&#8221;4.16&#8243; _module_preset=&#8221;default&#8221; global_colors_info=&#8221;{}&#8221;]<\/p>\n<h3>Profesorado de la formaci\u00f3n<\/h3>\n<p>[\/et_pb_text][\/et_pb_column][\/et_pb_row][et_pb_row column_structure=&#8221;1_4,1_4,1_4,1_4&#8243; _builder_version=&#8221;4.16&#8243; _module_preset=&#8221;default&#8221; global_colors_info=&#8221;{}&#8221;][et_pb_column type=&#8221;1_4&#8243; _builder_version=&#8221;4.16&#8243; _module_preset=&#8221;default&#8221; global_colors_info=&#8221;{}&#8221;][et_pb_team_member position=&#8221;Carmen Revilla&#8221; image_url=&#8221;https:\/\/eoc.cat\/wp-content\/uploads\/2020\/12\/plantilla-profesores.jpg&#8221; admin_label=&#8221;Carmen Revilla&#8221; _builder_version=&#8221;4.16&#8243; _module_preset=&#8221;default&#8221; header_level=&#8221;h5&#8243; position_text_color=&#8221;#002855&#8243; position_font_size=&#8221;16px&#8221; global_colors_info=&#8221;{}&#8221;]<\/p>\n<p><span style=\"color: #004b87;\">Formadora en EOC desde 2018.<\/span><\/p>\n<p>Diplomada Universitaria en Enfermer\u00eda (2007) con experiencia de 10 a\u00f1os en Unidades de Cr\u00edticos. Certificado de Aptitud Pedag\u00f3gica (2008). M\u00e1ster en Urgencias y Postgrado en Anestesia y Reanimaci\u00f3n (2011).<\/p>\n<p>[\/et_pb_team_member][\/et_pb_column][et_pb_column type=&#8221;1_4&#8243; _builder_version=&#8221;4.16&#8243; _module_preset=&#8221;default&#8221; global_colors_info=&#8221;{}&#8221;][et_pb_team_member position=&#8221;Carmen Revilla&#8221; image_url=&#8221;https:\/\/eoc.cat\/wp-content\/uploads\/2020\/12\/plantilla-profesores.jpg&#8221; admin_label=&#8221;Carmen Revilla&#8221; _builder_version=&#8221;4.16&#8243; _module_preset=&#8221;default&#8221; header_level=&#8221;h5&#8243; position_text_color=&#8221;#002855&#8243; position_font_size=&#8221;16px&#8221; global_colors_info=&#8221;{}&#8221;]<\/p>\n<p><span style=\"color: #004b87;\">Formadora en EOC desde 2018.<\/span><\/p>\n<p>Diplomada Universitaria en Enfermer\u00eda (2007) con experiencia de 10 a\u00f1os en Unidades de Cr\u00edticos. Certificado de Aptitud Pedag\u00f3gica (2008). M\u00e1ster en Urgencias y Postgrado en Anestesia y Reanimaci\u00f3n (2011).<\/p>\n<p>[\/et_pb_team_member][\/et_pb_column][et_pb_column type=&#8221;1_4&#8243; _builder_version=&#8221;4.16&#8243; _module_preset=&#8221;default&#8221; global_colors_info=&#8221;{}&#8221;][et_pb_team_member position=&#8221;Carmen Revilla&#8221; image_url=&#8221;https:\/\/eoc.cat\/wp-content\/uploads\/2020\/12\/plantilla-profesores.jpg&#8221; admin_label=&#8221;Carmen Revilla&#8221; _builder_version=&#8221;4.16&#8243; _module_preset=&#8221;default&#8221; header_level=&#8221;h5&#8243; position_text_color=&#8221;#002855&#8243; position_font_size=&#8221;16px&#8221; global_colors_info=&#8221;{}&#8221;]<\/p>\n<p><span style=\"color: #004b87;\">Formadora en EOC desde 2018.<\/span><\/p>\n<p>Diplomada Universitaria en Enfermer\u00eda (2007) con experiencia de 10 a\u00f1os en Unidades de Cr\u00edticos. Certificado de Aptitud Pedag\u00f3gica (2008). M\u00e1ster en Urgencias y Postgrado en Anestesia y Reanimaci\u00f3n (2011).<\/p>\n<p>[\/et_pb_team_member][\/et_pb_column][et_pb_column type=&#8221;1_4&#8243; _builder_version=&#8221;4.16&#8243; _module_preset=&#8221;default&#8221; global_colors_info=&#8221;{}&#8221;][et_pb_team_member position=&#8221;Carmen Revilla&#8221; image_url=&#8221;https:\/\/eoc.cat\/wp-content\/uploads\/2020\/12\/plantilla-profesores.jpg&#8221; admin_label=&#8221;Carmen Revilla&#8221; _builder_version=&#8221;4.16&#8243; _module_preset=&#8221;default&#8221; header_level=&#8221;h5&#8243; position_text_color=&#8221;#002855&#8243; position_font_size=&#8221;16px&#8221; global_colors_info=&#8221;{}&#8221;]<\/p>\n<p><span style=\"color: #004b87;\">Formadora en EOC desde 2018.<\/span><\/p>\n<p>Diplomada Universitaria en Enfermer\u00eda (2007) con experiencia de 10 a\u00f1os en Unidades de Cr\u00edticos. Certificado de Aptitud Pedag\u00f3gica (2008). M\u00e1ster en Urgencias y Postgrado en Anestesia y Reanimaci\u00f3n (2011).<\/p>\n<p>[\/et_pb_team_member][\/et_pb_column][\/et_pb_row][\/et_pb_section][et_pb_section fb_built=&#8221;1&#8243; disabled_on=&#8221;on|on|on&#8221; admin_label=&#8221;OPINIONES&#8221; _builder_version=&#8221;4.16&#8243; _module_preset=&#8221;default&#8221; background_color=&#8221;#004b87&#8243; custom_padding=&#8221;||20px||false|false&#8221; disabled=&#8221;on&#8221; global_colors_info=&#8221;{}&#8221;][et_pb_row _builder_version=&#8221;4.16&#8243; _module_preset=&#8221;default&#8221; global_colors_info=&#8221;{}&#8221;][et_pb_column type=&#8221;4_4&#8243; _builder_version=&#8221;4.16&#8243; _module_preset=&#8221;default&#8221; global_colors_info=&#8221;{}&#8221;][et_pb_text admin_label=&#8221;H3 Opiniones de alumnos EOC&#8221; _builder_version=&#8221;4.16&#8243; _module_preset=&#8221;default&#8221; background_layout=&#8221;dark&#8221; global_colors_info=&#8221;{}&#8221;]<\/p>\n<h3>Opiniones de alumnos EOC<\/h3>\n<p>[\/et_pb_text][\/et_pb_column][\/et_pb_row][et_pb_row column_structure=&#8221;1_3,1_3,1_3&#8243; _builder_version=&#8221;4.16&#8243; _module_preset=&#8221;default&#8221; global_colors_info=&#8221;{}&#8221;][et_pb_column type=&#8221;1_3&#8243; _builder_version=&#8221;4.16&#8243; _module_preset=&#8221;default&#8221; global_colors_info=&#8221;{}&#8221;][et_pb_testimonial author=&#8221;Opini\u00f3n alumno 1&#8243; job_title=&#8221;Ex-alumno del Curso de ejemplo&#8221; quote_icon_color=&#8221;#004b87&#8243; quote_icon_background_color=&#8221;#ffffff&#8221; _builder_version=&#8221;4.16&#8243; _module_preset=&#8221;default&#8221; author_font=&#8221;||||||||&#8221; author_text_color=&#8221;#002855&#8243; author_font_size=&#8221;16px&#8221; position_text_color=&#8221;#004b87&#8243; global_colors_info=&#8221;{}&#8221;]<\/p>\n<p>Lorem ipsum dolor sit amet, consectetur adipiscing elit. Nam id tristique lectus, vel pretium ipsum. Aliquam fermentum velit sit amet odio laoreet, id facilisis justo tempor. Ut gravida vitae mauris vel aliquam. Donec id quam blandit, molestie elit ut, ultricies arcu. Vivamus vitae dui enim. Phasellus id justo nec leo ultricies porttitor. In ac lacus a purus gravida tristique. Nunc lobortis neque posuere vehicula luctus. Nulla sollicitudin tincidunt aliquam.<\/p>\n<p>[\/et_pb_testimonial][\/et_pb_column][et_pb_column type=&#8221;1_3&#8243; _builder_version=&#8221;4.16&#8243; _module_preset=&#8221;default&#8221; global_colors_info=&#8221;{}&#8221;][et_pb_testimonial author=&#8221;Opini\u00f3n alumno 1&#8243; job_title=&#8221;Ex-alumno del Curso de ejemplo&#8221; quote_icon_color=&#8221;#004b87&#8243; quote_icon_background_color=&#8221;#ffffff&#8221; _builder_version=&#8221;4.16&#8243; _module_preset=&#8221;default&#8221; author_font=&#8221;||||||||&#8221; author_text_color=&#8221;#002855&#8243; author_font_size=&#8221;16px&#8221; position_text_color=&#8221;#004b87&#8243; global_colors_info=&#8221;{}&#8221;]<\/p>\n<p>Lorem ipsum dolor sit amet, consectetur adipiscing elit. Nam id tristique lectus, vel pretium ipsum. Aliquam fermentum velit sit amet odio laoreet, id facilisis justo tempor. Ut gravida vitae mauris vel aliquam. Donec id quam blandit, molestie elit ut, ultricies arcu. Vivamus vitae dui enim. Phasellus id justo nec leo ultricies porttitor. In ac lacus a purus gravida tristique. Nunc lobortis neque posuere vehicula luctus. Nulla sollicitudin tincidunt aliquam.<\/p>\n<p>[\/et_pb_testimonial][\/et_pb_column][et_pb_column type=&#8221;1_3&#8243; _builder_version=&#8221;4.16&#8243; _module_preset=&#8221;default&#8221; global_colors_info=&#8221;{}&#8221;][et_pb_testimonial author=&#8221;Opini\u00f3n alumno 1&#8243; job_title=&#8221;Ex-alumno del Curso de ejemplo&#8221; quote_icon_color=&#8221;#004b87&#8243; quote_icon_background_color=&#8221;#ffffff&#8221; _builder_version=&#8221;4.16&#8243; _module_preset=&#8221;default&#8221; author_font=&#8221;||||||||&#8221; author_text_color=&#8221;#002855&#8243; author_font_size=&#8221;16px&#8221; position_text_color=&#8221;#004b87&#8243; global_colors_info=&#8221;{}&#8221;]<\/p>\n<p>Lorem ipsum dolor sit amet, consectetur adipiscing elit. Nam id tristique lectus, vel pretium ipsum. Aliquam fermentum velit sit amet odio laoreet, id facilisis justo tempor. Ut gravida vitae mauris vel aliquam. Donec id quam blandit, molestie elit ut, ultricies arcu. Vivamus vitae dui enim. Phasellus id justo nec leo ultricies porttitor. In ac lacus a purus gravida tristique. Nunc lobortis neque posuere vehicula luctus. Nulla sollicitudin tincidunt aliquam.<\/p>\n<p>[\/et_pb_testimonial][\/et_pb_column][\/et_pb_row][\/et_pb_section]<\/p>\n","protected":false},"excerpt":{"rendered":"<p>Curs de Medicina Preventiva i Comunicaci\u00f3 El Curs de Medicina Preventiva i comunicaci\u00f3 va dirigit a Auxiliars T\u00e8cnics Veterinaris. Forma part del Programa Superior de T\u00e8cnic Especialista en Veterin\u00e0ria per\u00f2 tamb\u00e9 pot realitzar-se de manera independent. Sens dubte, \u00e9s una formaci\u00f3 complement\u00e0ria excel\u00b7lent per a aprendre a comunicar-se amb el client, saber gestionar queixes, duels i situacions d&#8217;estr\u00e8s en la consulta veterin\u00e0ria.Excel\u00b7l\u00e8ncia en la comunicaci\u00f3 amb el client El curs de Medicina Preventiva i Comunicaci\u00f3 \u00e9s excel\u00b7lent per a formar a auxiliars veterinaris que augmentin la qualitat de la cl\u00ednica veterin\u00e0ria on treballin. Adquiriran les eines necess\u00e0ries per a portar a un altre nivell les seves capacitats comunicatives amb el client i afavorint sempre la fidelitzaci\u00f3 del mateix i beneficiant a la imatge de la cl\u00ednica o l&#8217;hospital veterinari en q\u00fcesti\u00f3. En primer lloc, es posa el focus en el client. Aprendr\u00e0s a entendre-li i promoure la seva satisfacci\u00f3 per a afavorir la fidelitzaci\u00f3 i la posterior recomanaci\u00f3. En segon lloc, ens centrem en la medicina preventiva. A trav\u00e9s de la comunicaci\u00f3 amb el propietari podem incidir en la reducci\u00f3 de malalties i trastorns de conducta.Diploma d&#8217;Escola d&#8217;Oficis Catalunya.Modalitat presencial i intensiva.Durada: 80 horas.Pr\u00e0ctiques internes \/ externes.Contacta amb nosaltres *Dades [&hellip;]<\/p>\n","protected":false},"author":6,"featured_media":12415,"parent":0,"menu_order":0,"comment_status":"closed","ping_status":"closed","template":"","meta":{"_et_pb_use_builder":"on","_et_pb_old_content":"","_et_gb_content_width":"","footnotes":""},"class_list":["post-12114","page","type-page","status-publish","has-post-thumbnail","hentry"],"yoast_head":"<!-- This site is optimized with the Yoast SEO plugin v27.5 - https:\/\/yoast.com\/product\/yoast-seo-wordpress\/ -->\n<title>Curs de Medicina preventiva i comunicaci\u00f3 | Veterin\u00e0ria EOC<\/title>\n<meta name=\"description\" content=\"El Curs de Medicina Preventiva i comunicaci\u00f3 veterin\u00e0ria va dirigit a Auxiliars T\u00e8cnics Veterinaris. Informa&#039;t sense comprom\u00eds.\" \/>\n<meta name=\"robots\" content=\"index, follow, max-snippet:-1, max-image-preview:large, max-video-preview:-1\" \/>\n<link rel=\"canonical\" href=\"https:\/\/eoc.cat\/ca\/medicina-preventiva-comunicacio\/\" \/>\n<meta property=\"og:locale\" content=\"ca_ES\" \/>\n<meta property=\"og:type\" content=\"article\" \/>\n<meta property=\"og:title\" content=\"Curs de Medicina preventiva i comunicaci\u00f3 | Veterin\u00e0ria EOC\" \/>\n<meta property=\"og:description\" content=\"El Curs de Medicina Preventiva i comunicaci\u00f3 veterin\u00e0ria va dirigit a Auxiliars T\u00e8cnics Veterinaris. Informa&#039;t sense comprom\u00eds.\" \/>\n<meta property=\"og:url\" content=\"https:\/\/eoc.cat\/ca\/medicina-preventiva-comunicacio\/\" \/>\n<meta property=\"og:site_name\" content=\"Escola d&#039;Oficis Catalunya\" \/>\n<meta property=\"article:publisher\" content=\"https:\/\/www.facebook.com\/EscoladOficisCatalunya\" \/>\n<meta property=\"article:modified_time\" content=\"2026-04-13T07:12:52+00:00\" \/>\n<meta property=\"og:image\" content=\"https:\/\/eoc.cat\/wp-content\/uploads\/2023\/05\/dc-medicina-preventiva.jpg\" \/>\n\t<meta property=\"og:image:width\" content=\"1200\" \/>\n\t<meta property=\"og:image:height\" content=\"628\" \/>\n\t<meta property=\"og:image:type\" content=\"image\/jpeg\" \/>\n<meta name=\"twitter:card\" content=\"summary_large_image\" \/>\n<meta name=\"twitter:title\" content=\"Curs de Medicina preventiva i comunicaci\u00f3 | Veterin\u00e0ria EOC\" \/>\n<meta name=\"twitter:description\" content=\"El Curs de Medicina Preventiva i comunicaci\u00f3 veterin\u00e0ria va dirigit a Auxiliars T\u00e8cnics Veterinaris. Informa&#039;t sense comprom\u00eds.\" \/>\n<meta name=\"twitter:image\" content=\"https:\/\/eoc.cat\/wp-content\/uploads\/2023\/05\/dc-medicina-preventiva.jpg\" \/>\n<meta name=\"twitter:site\" content=\"@escoficat\" \/>\n<script type=\"application\/ld+json\" class=\"yoast-schema-graph\">{\"@context\":\"https:\\\/\\\/schema.org\",\"@graph\":[{\"@type\":\"WebPage\",\"@id\":\"https:\\\/\\\/eoc.cat\\\/ca\\\/medicina-preventiva-comunicacio\\\/\",\"url\":\"https:\\\/\\\/eoc.cat\\\/ca\\\/medicina-preventiva-comunicacio\\\/\",\"name\":\"Curs de Medicina preventiva i comunicaci\u00f3 | Veterin\u00e0ria EOC\",\"isPartOf\":{\"@id\":\"https:\\\/\\\/eoc.cat\\\/#website\"},\"primaryImageOfPage\":{\"@id\":\"https:\\\/\\\/eoc.cat\\\/ca\\\/medicina-preventiva-comunicacio\\\/#primaryimage\"},\"image\":{\"@id\":\"https:\\\/\\\/eoc.cat\\\/ca\\\/medicina-preventiva-comunicacio\\\/#primaryimage\"},\"thumbnailUrl\":\"https:\\\/\\\/eoc.cat\\\/wp-content\\\/uploads\\\/2023\\\/05\\\/dc-medicina-preventiva.jpg\",\"datePublished\":\"2023-05-16T09:44:07+00:00\",\"dateModified\":\"2026-04-13T07:12:52+00:00\",\"description\":\"El Curs de Medicina Preventiva i comunicaci\u00f3 veterin\u00e0ria va dirigit a Auxiliars T\u00e8cnics Veterinaris. Informa't sense comprom\u00eds.\",\"breadcrumb\":{\"@id\":\"https:\\\/\\\/eoc.cat\\\/ca\\\/medicina-preventiva-comunicacio\\\/#breadcrumb\"},\"inLanguage\":\"ca\",\"potentialAction\":[{\"@type\":\"ReadAction\",\"target\":[\"https:\\\/\\\/eoc.cat\\\/ca\\\/medicina-preventiva-comunicacio\\\/\"]}]},{\"@type\":\"ImageObject\",\"inLanguage\":\"ca\",\"@id\":\"https:\\\/\\\/eoc.cat\\\/ca\\\/medicina-preventiva-comunicacio\\\/#primaryimage\",\"url\":\"https:\\\/\\\/eoc.cat\\\/wp-content\\\/uploads\\\/2023\\\/05\\\/dc-medicina-preventiva.jpg\",\"contentUrl\":\"https:\\\/\\\/eoc.cat\\\/wp-content\\\/uploads\\\/2023\\\/05\\\/dc-medicina-preventiva.jpg\",\"width\":1200,\"height\":628,\"caption\":\"medicina preventiva i comunicaci\u00f3 veterin\u00e0ria\"},{\"@type\":\"BreadcrumbList\",\"@id\":\"https:\\\/\\\/eoc.cat\\\/ca\\\/medicina-preventiva-comunicacio\\\/#breadcrumb\",\"itemListElement\":[{\"@type\":\"ListItem\",\"position\":1,\"name\":\"Portada\",\"item\":\"https:\\\/\\\/eoc.cat\\\/ca\\\/\"},{\"@type\":\"ListItem\",\"position\":2,\"name\":\"Medicina Preventiva i comunicaci\u00f3\"}]},{\"@type\":\"WebSite\",\"@id\":\"https:\\\/\\\/eoc.cat\\\/#website\",\"url\":\"https:\\\/\\\/eoc.cat\\\/\",\"name\":\"Escola d'Oficis Catalunya\",\"description\":\"Escuela de formaci\u00f3n profesional para adultos y j\u00f3venes\",\"publisher\":{\"@id\":\"https:\\\/\\\/eoc.cat\\\/#organization\"},\"alternateName\":\"EOC\",\"potentialAction\":[{\"@type\":\"SearchAction\",\"target\":{\"@type\":\"EntryPoint\",\"urlTemplate\":\"https:\\\/\\\/eoc.cat\\\/?s={search_term_string}\"},\"query-input\":{\"@type\":\"PropertyValueSpecification\",\"valueRequired\":true,\"valueName\":\"search_term_string\"}}],\"inLanguage\":\"ca\"},{\"@type\":\"Organization\",\"@id\":\"https:\\\/\\\/eoc.cat\\\/#organization\",\"name\":\"Escola d'Oficis Catalunya\",\"alternateName\":\"EOC\",\"url\":\"https:\\\/\\\/eoc.cat\\\/\",\"logo\":{\"@type\":\"ImageObject\",\"inLanguage\":\"ca\",\"@id\":\"https:\\\/\\\/eoc.cat\\\/#\\\/schema\\\/logo\\\/image\\\/\",\"url\":\"https:\\\/\\\/eoc.cat\\\/wp-content\\\/uploads\\\/2020\\\/12\\\/eoc-logotipo.png\",\"contentUrl\":\"https:\\\/\\\/eoc.cat\\\/wp-content\\\/uploads\\\/2020\\\/12\\\/eoc-logotipo.png\",\"width\":274,\"height\":118,\"caption\":\"Escola d'Oficis Catalunya\"},\"image\":{\"@id\":\"https:\\\/\\\/eoc.cat\\\/#\\\/schema\\\/logo\\\/image\\\/\"},\"sameAs\":[\"https:\\\/\\\/www.facebook.com\\\/EscoladOficisCatalunya\",\"https:\\\/\\\/x.com\\\/escoficat\",\"https:\\\/\\\/www.instagram.com\\\/escoladoficiscatalunya\\\/\",\"https:\\\/\\\/www.linkedin.com\\\/school\\\/escoladoficiscatalunya\\\/\",\"https:\\\/\\\/www.youtube.com\\\/channel\\\/UC_HLShkY7t1pf1CrXPw-gRQ\"]}]}<\/script>\n<!-- \/ Yoast SEO plugin. -->","yoast_head_json":{"title":"Curs de Medicina preventiva i comunicaci\u00f3 | Veterin\u00e0ria EOC","description":"El Curs de Medicina Preventiva i comunicaci\u00f3 veterin\u00e0ria va dirigit a Auxiliars T\u00e8cnics Veterinaris. Informa't sense comprom\u00eds.","robots":{"index":"index","follow":"follow","max-snippet":"max-snippet:-1","max-image-preview":"max-image-preview:large","max-video-preview":"max-video-preview:-1"},"canonical":"https:\/\/eoc.cat\/ca\/medicina-preventiva-comunicacio\/","og_locale":"ca_ES","og_type":"article","og_title":"Curs de Medicina preventiva i comunicaci\u00f3 | Veterin\u00e0ria EOC","og_description":"El Curs de Medicina Preventiva i comunicaci\u00f3 veterin\u00e0ria va dirigit a Auxiliars T\u00e8cnics Veterinaris. Informa't sense comprom\u00eds.","og_url":"https:\/\/eoc.cat\/ca\/medicina-preventiva-comunicacio\/","og_site_name":"Escola d&#039;Oficis Catalunya","article_publisher":"https:\/\/www.facebook.com\/EscoladOficisCatalunya","article_modified_time":"2026-04-13T07:12:52+00:00","og_image":[{"width":1200,"height":628,"url":"https:\/\/eoc.cat\/wp-content\/uploads\/2023\/05\/dc-medicina-preventiva.jpg","type":"image\/jpeg"}],"twitter_card":"summary_large_image","twitter_title":"Curs de Medicina preventiva i comunicaci\u00f3 | Veterin\u00e0ria EOC","twitter_description":"El Curs de Medicina Preventiva i comunicaci\u00f3 veterin\u00e0ria va dirigit a Auxiliars T\u00e8cnics Veterinaris. Informa't sense comprom\u00eds.","twitter_image":"https:\/\/eoc.cat\/wp-content\/uploads\/2023\/05\/dc-medicina-preventiva.jpg","twitter_site":"@escoficat","schema":{"@context":"https:\/\/schema.org","@graph":[{"@type":"WebPage","@id":"https:\/\/eoc.cat\/ca\/medicina-preventiva-comunicacio\/","url":"https:\/\/eoc.cat\/ca\/medicina-preventiva-comunicacio\/","name":"Curs de Medicina preventiva i comunicaci\u00f3 | Veterin\u00e0ria EOC","isPartOf":{"@id":"https:\/\/eoc.cat\/#website"},"primaryImageOfPage":{"@id":"https:\/\/eoc.cat\/ca\/medicina-preventiva-comunicacio\/#primaryimage"},"image":{"@id":"https:\/\/eoc.cat\/ca\/medicina-preventiva-comunicacio\/#primaryimage"},"thumbnailUrl":"https:\/\/eoc.cat\/wp-content\/uploads\/2023\/05\/dc-medicina-preventiva.jpg","datePublished":"2023-05-16T09:44:07+00:00","dateModified":"2026-04-13T07:12:52+00:00","description":"El Curs de Medicina Preventiva i comunicaci\u00f3 veterin\u00e0ria va dirigit a Auxiliars T\u00e8cnics Veterinaris. Informa't sense comprom\u00eds.","breadcrumb":{"@id":"https:\/\/eoc.cat\/ca\/medicina-preventiva-comunicacio\/#breadcrumb"},"inLanguage":"ca","potentialAction":[{"@type":"ReadAction","target":["https:\/\/eoc.cat\/ca\/medicina-preventiva-comunicacio\/"]}]},{"@type":"ImageObject","inLanguage":"ca","@id":"https:\/\/eoc.cat\/ca\/medicina-preventiva-comunicacio\/#primaryimage","url":"https:\/\/eoc.cat\/wp-content\/uploads\/2023\/05\/dc-medicina-preventiva.jpg","contentUrl":"https:\/\/eoc.cat\/wp-content\/uploads\/2023\/05\/dc-medicina-preventiva.jpg","width":1200,"height":628,"caption":"medicina preventiva i comunicaci\u00f3 veterin\u00e0ria"},{"@type":"BreadcrumbList","@id":"https:\/\/eoc.cat\/ca\/medicina-preventiva-comunicacio\/#breadcrumb","itemListElement":[{"@type":"ListItem","position":1,"name":"Portada","item":"https:\/\/eoc.cat\/ca\/"},{"@type":"ListItem","position":2,"name":"Medicina Preventiva i comunicaci\u00f3"}]},{"@type":"WebSite","@id":"https:\/\/eoc.cat\/#website","url":"https:\/\/eoc.cat\/","name":"Escola d'Oficis Catalunya","description":"Escuela de formaci\u00f3n profesional para adultos y j\u00f3venes","publisher":{"@id":"https:\/\/eoc.cat\/#organization"},"alternateName":"EOC","potentialAction":[{"@type":"SearchAction","target":{"@type":"EntryPoint","urlTemplate":"https:\/\/eoc.cat\/?s={search_term_string}"},"query-input":{"@type":"PropertyValueSpecification","valueRequired":true,"valueName":"search_term_string"}}],"inLanguage":"ca"},{"@type":"Organization","@id":"https:\/\/eoc.cat\/#organization","name":"Escola d'Oficis Catalunya","alternateName":"EOC","url":"https:\/\/eoc.cat\/","logo":{"@type":"ImageObject","inLanguage":"ca","@id":"https:\/\/eoc.cat\/#\/schema\/logo\/image\/","url":"https:\/\/eoc.cat\/wp-content\/uploads\/2020\/12\/eoc-logotipo.png","contentUrl":"https:\/\/eoc.cat\/wp-content\/uploads\/2020\/12\/eoc-logotipo.png","width":274,"height":118,"caption":"Escola d'Oficis Catalunya"},"image":{"@id":"https:\/\/eoc.cat\/#\/schema\/logo\/image\/"},"sameAs":["https:\/\/www.facebook.com\/EscoladOficisCatalunya","https:\/\/x.com\/escoficat","https:\/\/www.instagram.com\/escoladoficiscatalunya\/","https:\/\/www.linkedin.com\/school\/escoladoficiscatalunya\/","https:\/\/www.youtube.com\/channel\/UC_HLShkY7t1pf1CrXPw-gRQ"]}]}},"_links":{"self":[{"href":"https:\/\/eoc.cat\/ca\/wp-json\/wp\/v2\/pages\/12114","targetHints":{"allow":["GET"]}}],"collection":[{"href":"https:\/\/eoc.cat\/ca\/wp-json\/wp\/v2\/pages"}],"about":[{"href":"https:\/\/eoc.cat\/ca\/wp-json\/wp\/v2\/types\/page"}],"author":[{"embeddable":true,"href":"https:\/\/eoc.cat\/ca\/wp-json\/wp\/v2\/users\/6"}],"replies":[{"embeddable":true,"href":"https:\/\/eoc.cat\/ca\/wp-json\/wp\/v2\/comments?post=12114"}],"version-history":[{"count":13,"href":"https:\/\/eoc.cat\/ca\/wp-json\/wp\/v2\/pages\/12114\/revisions"}],"predecessor-version":[{"id":15893,"href":"https:\/\/eoc.cat\/ca\/wp-json\/wp\/v2\/pages\/12114\/revisions\/15893"}],"wp:featuredmedia":[{"embeddable":true,"href":"https:\/\/eoc.cat\/ca\/wp-json\/wp\/v2\/media\/12415"}],"wp:attachment":[{"href":"https:\/\/eoc.cat\/ca\/wp-json\/wp\/v2\/media?parent=12114"}],"curies":[{"name":"wp","href":"https:\/\/api.w.org\/{rel}","templated":true}]}}