{"id":3812,"date":"2017-08-07T20:12:07","date_gmt":"2017-08-07T18:12:07","guid":{"rendered":"http:\/\/landings.eoc.cat\/politica-privacidad-redes-sociales\/"},"modified":"2026-04-16T12:54:33","modified_gmt":"2026-04-16T10:54:33","slug":"politica-privacitat","status":"publish","type":"page","link":"https:\/\/eoc.cat\/ca\/politica-privacitat\/","title":{"rendered":"Pol\u00edtica de privacitat"},"content":{"rendered":"<p>[et_pb_section fb_built=&#8221;1&#8243; admin_label=&#8221;SECCI\u00d3 MOLLES DE PA&#8221; _builder_version=&#8221;4.7.7&#8243; _module_preset=&#8221;default&#8221; global_module=&#8221;7269&#8243; global_colors_info=&#8221;{}&#8221;][et_pb_row admin_label=&#8221;MOLLES DE PA&#8221; _builder_version=&#8221;4.16&#8243; _module_preset=&#8221;default&#8221; global_colors_info=&#8221;{}&#8221;][et_pb_column type=&#8221;4_4&#8243; _builder_version=&#8221;4.16&#8243; _module_preset=&#8221;default&#8221; global_colors_info=&#8221;{}&#8221;][et_pb_dmb_breadcrumbs font_icon=&#8221;&#x35;||divi||400&#8243; _builder_version=&#8221;4.16&#8243; _module_preset=&#8221;default&#8221; body_text_align=&#8221;left&#8221; link_text_color=&#8221;#004b87&#8243; linkhover_text_color=&#8221;#002855&#8243; global_colors_info=&#8221;{}&#8221;][\/et_pb_dmb_breadcrumbs][\/et_pb_column][\/et_pb_row][\/et_pb_section][et_pb_section fb_built=&#8221;1&#8243; admin_label=&#8221;CAP\u00c7ALERA TEXT&#8221; _builder_version=&#8221;4.16&#8243; _module_preset=&#8221;default&#8221; background_color=&#8221;#004b87&#8243; global_colors_info=&#8221;{}&#8221;][et_pb_row _builder_version=&#8221;4.16&#8243; _module_preset=&#8221;default&#8221; custom_padding=&#8221;25px||25px||false|false&#8221; global_colors_info=&#8221;{}&#8221;][et_pb_column type=&#8221;4_4&#8243; _builder_version=&#8221;4.16&#8243; _module_preset=&#8221;default&#8221; global_colors_info=&#8221;{}&#8221;][et_pb_text admin_label=&#8221;H1 Pol\u00edtica de privacidad&#8221; _builder_version=&#8221;4.16&#8243; _module_preset=&#8221;default&#8221; text_text_color=&#8221;#ffffff&#8221; header_text_align=&#8221;left&#8221; header_text_color=&#8221;#ffffff&#8221; header_line_height=&#8221;1.2em&#8221; background_layout=&#8221;dark&#8221; header_font_size_tablet=&#8221;&#8221; header_font_size_phone=&#8221;30px&#8221; header_font_size_last_edited=&#8221;on|desktop&#8221; global_colors_info=&#8221;{}&#8221;]<\/p>\n<h1>Pol\u00edtica de privacidad<\/h1>\n<p>[\/et_pb_text][\/et_pb_column][\/et_pb_row][\/et_pb_section][et_pb_section fb_built=&#8221;1&#8243; _builder_version=&#8221;4.16&#8243; _module_preset=&#8221;default&#8221; global_colors_info=&#8221;{}&#8221;][et_pb_row _builder_version=&#8221;4.16&#8243; _module_preset=&#8221;default&#8221; global_colors_info=&#8221;{}&#8221;][et_pb_column type=&#8221;4_4&#8243; _builder_version=&#8221;4.16&#8243; _module_preset=&#8221;default&#8221; global_colors_info=&#8221;{}&#8221;][et_pb_text _builder_version=&#8221;4.27.6&#8243; _module_preset=&#8221;default&#8221; global_colors_info=&#8221;{}&#8221;]<\/p>\n<h3>RESPONSABLE DEL TRACTAMENT<\/h3>\n<p><strong>Identitat: ESCOLA D&#8217;OFICIS CATALUNYA S.L.<\/strong> (tamb\u00e9 el prestador).<br \/><strong>NIF:<\/strong> B64871619.<br \/><strong>Adre\u00e7a postal:<\/strong> C\/ Travessia Industrial 187 L\u00b4Hospitalet de Llobregat, (Barcelona).<br \/><strong>Correu electr\u00f2nic:<\/strong> rgpg@escoficat.com.<\/p>\n<p><strong>ESCOLA D&#8217;OFICIS CATALUNYA S.L.<\/strong>, com a responsable del Lloc web, de conformitat amb el que disposa el Reglament (UE) 2016\/679 de 27 d&#8217;abril de 2016 (RGPD), la Llei Org\u00e0nica 3\/2018 de 5 de desembre (LOPDGDD) i dem\u00e9s normativa legal vigent en mat\u00e8ria de protecci\u00f3 de dades personals, i per la Llei 34\/2002, d&#8217;11 de juliol, de Serveis de la Societat de la Informaci\u00f3 i del Comer\u00e7 Electr\u00f2nic (LSSICE), li informa que t\u00e9 implementades les mesures de seguretat necess\u00e0ries, d&#8217;\u00edndole t\u00e8cnica i organitzatives, per garantir i protegir la confidencialitat, integritat i disponibilitat de les dades introdu\u00efdes.<\/p>\n<h3>FINALITAT DEL TRACTAMENT<\/h3>\n<p>Les seves dades personals nom\u00e9s s&#8217;utilitzaran per a les seg\u00fcents finalitats:<\/p>\n<ul>\n<li>Realitzar les gestions comercials i administratives necess\u00e0ries amb els usuaris de la web;<\/li>\n<li>Remetre les comunicacions comercials publicit\u00e0ries per email, SMS, comunitats socials o qualsevol un altre mitj\u00e0 electr\u00f2nic o f\u00edsic, en cas que l&#8217;Usuari hagi consentit expressament a l&#8217;enviament de comunicacions comercials per via electr\u00f2nica mitjan\u00e7ant l&#8217;enviament del formulari corresponent.<\/li>\n<li>Respondre a les consultes i\/o proporcionar informacions requerides per l&#8217;Usuari;<\/li>\n<li>Realitzar les prestacions de serveis i\/o productes contractats o subscrits per l&#8217;Usuari<\/li>\n<li>Utilitzar les seves dades per contactar-li, tant per via electr\u00f2nica com no electr\u00f2nica, per obtenir la seva opini\u00f3 sobre el servei prestat i,<\/li>\n<li>Notificar-li canvis, desenvolupaments importants de la pol\u00edtica de privacitat, av\u00eds legal o pol\u00edtica de cookies.<\/li>\n<li>Les dades de clients i\/o prove\u00efdors seran tractats, dins de la relaci\u00f3 contractual que els vincula amb el responsable, en compliment de les obligacions administratives, fiscals, comptables i laborals que siguin necess\u00e0ries en virtut de la legislaci\u00f3 vigent.<\/li>\n<\/ul>\n<p>Pot revocar a qualsevol moment el seu consentiment remetent un escrit amb l&#8217;assumpte \u201cBaixa\u201d a rgpg@escoficat.com.<\/p>\n<p>D&#8217;acord amb la LSSICE, <strong>ESCOLA D&#8217;OFICIS CATALUNYA S.L.<\/strong> no realitza pr\u00e0ctiques de SPAM, per tant, no envia correus comercials per e-mail que no hagin estat pr\u00e8viament sol\u00b7licitats o autoritzats per l&#8217;Usuari. En conseq\u00fc\u00e8ncia, en totes les comunicacions que rebr\u00e0 del prestador, l&#8217;usuari t\u00e9 la possibilitat de cancel\u00b7lar el seu consentiment expr\u00e9s per rebre les nostres comunicacions. No tractarem les seves dades personals per a cap altra finalitat de les descrites salvo per obligaci\u00f3 legal o requeriment judicial.<\/p>\n<h3>LEGITIMACI\u00d3 DEL TRACTAMENT<\/h3>\n<p>La base legal per al tractament de les dades \u00e9s el seu consentiment atorgat per dur a terme les finalitats anteriorment descrites, que se sol\u00b7licitar\u00e0 al moment de marcat de la casella corresponent a l&#8217;hora de recollir les seves dades.<\/p>\n<p>El no facilitar les dades personals sol\u00b7licitades o el no acceptar la present pol\u00edtica de protecci\u00f3 de dades suposa la impossibilitat de subscriure&#8217;s, registrar-se o rebre informaci\u00f3 dels productes i serveis del Prestador.<\/p>\n<p>En els casos en qu\u00e8 existeixi una pr\u00e8via relaci\u00f3 contractual entre les parts, la legitimaci\u00f3 per al desenvolupament de les obligacions administratives, fiscals, comptables i laborals que siguin necess\u00e0ries en virtut de la legislaci\u00f3 vigent ser\u00e0 l&#8217;exist\u00e8ncia pr\u00e8via de la relaci\u00f3 comercial establerta entre les parts. En els casos en qu\u00e8 existeixi una pr\u00e8via relaci\u00f3 contractual entre les parts, la legitimaci\u00f3 per al desenvolupament de les obligacions administratives, fiscals, comptables i laborals que siguin necess\u00e0ries en virtut de la legislaci\u00f3 vigent ser\u00e0 l&#8217;exist\u00e8ncia pr\u00e8via de la relaci\u00f3 comercial establerta entre les parts.<\/p>\n<h3>\u00daS DE DADES PER PART DE TERCERS<\/h3>\n<p>En compliment de la Pol\u00edtica de Consentiment d&#8217;Usuaris de la Uni\u00f3 Europea de Google, l&#8217;informem que aquest lloc web utilitza serveis de Google que recopilen dades personals dels usuaris. Google utilitzar\u00e0 aquestes dades, incloent-hi cookies i identificadors d&#8217;anuncis per a m\u00f2bils, amb la finalitat d&#8217;oferir anuncis personalitzats i no personalitzats, aix\u00ed com per al mesurament de conversions. Pot obtenir informaci\u00f3 detallada sobre com Google tracta les seves dades personals i com garanteix la seguretat de la informaci\u00f3 visitant el lloc de <strong><a href=\"https:\/\/business.safety.google\/privacy\/\">Responsabilitat de dades empresarials de Google<\/a><\/strong>.<\/p>\n<h3>DESTINATARIS DE CESSIONS O TRANSFER\u00c8NCIES<\/h3>\n<p><strong>ESCOLA D&#8217;OFICIS CATALUNYA S.L.<\/strong> no duu a terme cap cessi\u00f3 o comunicaci\u00f3 de dades tret que existeixi necessitat raonable per complir amb un procediment judicial, obligaci\u00f3 legal o pr\u00e8via obtenci\u00f3 del consentiment de l&#8217;usuari, o les que es realitzen amb els nostres prove\u00cfdors de serveis , sempre dins del marc de la legalitat vigent i sota contracte de confidencialitat.<\/p>\n<p>Tampoc es realitzaran transfer\u00e8ncies internacionals de les seves dades de car\u00e0cter personal sense el seu consentiment previ sense perjudici de poder bloquejar o cancel\u00b7lar el seu compte si pot haver-hi indicis de la comissi\u00f3 d&#8217;algun delicte per part de l&#8217;usuari. La informaci\u00f3 facilitada ser\u00e0 solament la que disposi en aquest moment el prestador.<\/p>\n<p><strong>ESCOLA D&#8217;OFICIS CATALUNYA S.L.<\/strong> no cedir\u00e0 les dades recollides a tercers tret que existeixi necessitat raonable per complir amb un procediment judicial, obligaci\u00f3 legal o pr\u00e8via obtenci\u00f3 del consentiment de l&#8217;usuari. La informaci\u00f3 que vost\u00e8 ens proporcioni tant a trav\u00e9s d&#8217;aquest lloc web com a trav\u00e9s de l&#8217;aplicaci\u00f3 ser\u00e0 allotjada en els servidors de<strong> ESCOLA D&#8217;OFICIS CATALUNYA S.L.<\/strong><\/p>\n<h3>COMUNICACIONS<\/h3>\n<p>Qualsevol comunicaci\u00f3 remesa quedar\u00e0 incorporada als sistemes d&#8217;informaci\u00f3 d&#8217;<strong>ESCOLA D&#8217;OFICIS CATALUNYA S.L.<\/strong> En acceptar les presents condicions, termes i pol\u00edtiques, l&#8217;Usuari consent expressament al fet que <strong>ESCOLA D&#8217;OFICIS CATALUNYA S.L.<\/strong>\u00a0realitzi les seg\u00fcents activitats i\/o accions, tret que l&#8217;Usuari indiqui el contrari :<\/p>\n<ul>\n<li>L&#8217;enviament de comunicacions comercials i\/o promocionals per qualsevol mitj\u00e0 habilitat informant als Usuaris de les activitats, serveis, promocions, publicitat, not\u00edcies, ofertes i altra informaci\u00f3 sobre els serveis i productes relacionats amb l&#8217;activitat.<\/li>\n<li>L&#8217;enviament d&#8217;aquestes comunicacions per mitjans electr\u00f2nics informant als Usuaris de les activitats, serveis, promocions, publicitat, not\u00edcies, ofertes i altra informaci\u00f3 sobre els serveis i productes de ESCOLA D\u00b4OFICIS CATALUNYA S.L. iguals o similars als quals van anar inicialment objecte de contractaci\u00f3 o d&#8217;inter\u00e8s per l&#8217;Usuari.<\/li>\n<li>La conservaci\u00f3 de les dades durant els terminis previstos en les disposicions aplicables.<\/li>\n<\/ul>\n<h3>DRETS DE LES PERSONES INTERESSADES<\/h3>\n<p>Com a usuari-interessat, pot sol\u00b7licitar l&#8217;exercici dels seg\u00fcents drets davant <strong>ESCOLA D&#8217;OFICIS CATALUNYA S.L.<\/strong> presentant un escrit a l&#8217;adre\u00e7a postal de l&#8217;encap\u00e7alament o enviant un correu electr\u00f2nic a rgpg@escoficat.com, indicant com a Assumpte: \u201cPROTECCIO DE DADES: DRETS AFECTATS\u201d, i adjuntant fotoc\u00f2pia del seu DNI o qualsevol mitj\u00e0 an\u00e0leg en dret, tal com indica la llei.<\/p>\n<h4>Drets:<\/h4>\n<ul>\n<li><strong>Dret d&#8217;acc\u00e9s:<\/strong> permet a l&#8217;interessat con\u00e8ixer i obtenir informaci\u00f3 sobre les seves dades de car\u00e0cter personal sotmesos a tractament.<\/li>\n<li><strong>Dret de rectificaci\u00f3 o supressi\u00f3:<\/strong> permet corregir errors i modificar les dades que resultin ser inexactes o incomplets.<\/li>\n<li><strong>Dret de cancel\u00b7laci\u00f3:<\/strong> permet que se suprimeixin les dades que resultin ser inadequats o excessius.<\/li>\n<li><strong>Dret d&#8217;oposici\u00f3:<\/strong> dret de l&#8217;interessat al fet que no es dugui a terme el tractament de les seves dades de car\u00e0cter personal o se cessi en el mateix.<\/li>\n<li><strong>Limitaci\u00f3 del tractament:<\/strong> comporta el marcat de les dades personals conservades, amb la finalitat de limitar el seu futur tractament.<\/li>\n<li><strong>Portabilitat de les dades:<\/strong> facilitaci\u00f3 de les dades objecto de tractament a l&#8217;interessat, a fi que aquest pugui transmetre&#8217;ls a un altre responsable, sense impediments.<\/li>\n<li><strong>Dret a no ser objecte de decisions individuals automatitzades (inclosa l&#8217;elaboraci\u00f3 de perfils):<\/strong> dret a no ser objecte d&#8217;una decisi\u00f3 basada en el tractament automatitzat que produeixi efectes o afecti significativament.<\/li>\n<\/ul>\n<p>Com a usuari, t\u00e9 dret a retirar el consentiment prestat a qualsevol moment. La retirada del consentiment no afectar\u00e0 a la licitud del tractament efectuat abans de la retirada del consentiment.<\/p>\n<p>Tamb\u00e9 t\u00e9 dret a presentar una reclamaci\u00f3 davant l&#8217;autoritat de control si considera que poden haver-se vist vulnerats els seus drets en relaci\u00f3 amb la protecci\u00f3 de les seves dades (agpd.es).<\/p>\n<h3>CONSERVACI\u00d3 DE LES SEVES DADES<\/h3>\n<p>Les seves dades es conservaran mentre duri la relaci\u00f3 comercial amb nosaltres o exerciti el seu dret de cancel\u00b7laci\u00f3 o oposici\u00f3, o limitaci\u00f3 al tractament. No obstant aix\u00f2, conservarem determinats dades personals identificatives i del tr\u00e0fic durant el termini m\u00e0xim de 2 anys per al cas que fos requerit pels Jutges i Tribunals o per incoar accions internes derivades de l&#8217;\u00fas indegut de la p\u00e0gina web.<\/p>\n<p>No ser\u00e0 objecte de decisions basades en tractaments automatitzats que produeixin efectes sobre les seves dades.<\/p>\n<h3>MITJANS OFICIALS DE COMUNICACI\u00d3<\/h3>\n<p>S&#8217;informa a l&#8217;usuari que els mitjans habilitats per l&#8217;empresa per comunicar-se amb clients i altres afectats \u00e9s el tel\u00e8fon corporatiu, els tel\u00e8fons m\u00f2bils d&#8217;empresa i el correu electr\u00f2nic corporatiu.<\/p>\n<p>Si V\u00e8. remet informaci\u00f3 personal a trav\u00e9s un mitj\u00e0 de comunicaci\u00f3 diferent als indicats en aquest apartat, l&#8217;EMPRESA quedar\u00e0 exempta de responsabilitat en relaci\u00f3 amb les mesures de seguretat que disposi el mitj\u00e0 en q\u00fcesti\u00f3.<\/p>\n<h3>INFORMACI\u00d3 ADDICIONAL<\/h3>\n<h4>INFORMACI\u00d3 QUE RECAPTEM<\/h4>\n<p>Les dades recollides per part del responsable s\u00f3n els seg\u00fcents:<\/p>\n<ul>\n<li>Aquells que els usuaris subministrin a trav\u00e9s dels diferents serveis oferts a la p\u00e0gina web<\/li>\n<li>Aquells inclosos en els diferents formularis previstos a la p\u00e0gina web<\/li>\n<li>Dades recollides a trav\u00e9s de les \u201ccookies\u201d per a la millora de l&#8217;experi\u00e8ncia de la navegaci\u00f3 segons s&#8217;informa en la pol\u00edtica de cookies.<\/li>\n<\/ul>\n<p>La negativa a subministrar les dades obligat\u00f2ries suposar\u00e0 la impossibilitat d&#8217;atendre la concreta sol\u00b7licitud que es tracti. Vost\u00e8 manifesta que la informaci\u00f3 i les dades que ens facilita s\u00f3n exactes, actuals i veraces. Li preguem que en cas de modificaci\u00f3, comuniqui immediatament la mateixa a fi que la informaci\u00f3 en tractament estigui a tot moment actualitzada i no contingui errors. Si contracta el servei\/compra el producte mitjan\u00e7ant la nostra p\u00e0gina web www.eoc.cat li sol\u00b7licitarem que ens proporcioni informaci\u00f3 sobre vost\u00e8, inclosos el seu nom, dades de contacte i informaci\u00f3 sobre una targeta de cr\u00e8dit o de d\u00e8bit.<\/p>\n<p>A trav\u00e9s d&#8217;aquesta Pol\u00edtica de Privacitat li informem que les fotografies que estiguin penjades a la web s\u00f3n propietat de <strong>ESCOLA D&#8217;OFICIS CATALUNYA S.L.<\/strong>, incloent les dels menors, en les quals, per a l&#8217;obtenci\u00f3 d&#8217;aquestes, s&#8217;ha obtingut el consentiment previ dels pares, tutors o representants legals mitjan\u00e7ant la signatura dels formularis realitzats a aquest efecte pels centres en els quals els menors formen part. No obstant aix\u00f2, els pares, tutors o representants dels menors, com a titulars de l&#8217;exercici dels drets d&#8217;aquests, i sempre previ requeriment formal per escrit, poden indicar la negativa a l&#8217;\u00fas de la imatge del menor; en aquest cas, la imatge es mostrar\u00e0 #pixelat.<\/p>\n<h4>XARXES SOCIALS<\/h4>\n<p>Li informem que <strong>ESCOLA D&#8217;OFICIS CATALUNYA S.L.<\/strong> pot tenir pres\u00e8ncia en xarxes socials. El tractament de les dades que es dugui a terme de les persones que es facin seguidores a les xarxes socials (i\/o realitzin qualsevol vincle o acci\u00f3 de connexi\u00f3 a trav\u00e9s de les xarxes socials) de les p\u00e0gines oficials de <strong>ESCOLA D&#8217;OFICIS CATALUNYA S.L.<\/strong> es regir\u00e0 per aquest apartat, aix\u00ed com per aquelles condicions d&#8217;\u00fas, pol\u00edtiques de privacitat i normatives d&#8217;acc\u00e9s que pertanyin a la xarxa social que procedeixi en cada cas i acceptades pr\u00e8viament per l&#8217;usuari.<\/p>\n<p><strong>ESCOLA D&#8217;OFICIS CATALUNYA S.L.<\/strong> tractar\u00e0 les seves dades amb les finalitats d&#8217;administrar correctament la seva pres\u00e8ncia a la xarxa social, informant-li d&#8217;activitats, productes o serveis del prestador, aix\u00ed com per a qualsevol altra finalitat que les normatives de les Xarxes Socials permetin. Queda prohibida la publicaci\u00f3 de continguts:<\/p>\n<ul>\n<li>Que siguin presumptament il\u00b7l\u00edcits per la normativa nacional, comunit\u00e0ria o internacional o que realitzin activitats presumptament il\u00b7l\u00edcites o contravinguin els principis de la bona fe.<\/li>\n<li>Que atemptin contra els drets fonamentals de les persones, faltin a la cortesia a la xarxa, molestin o puguin generar opinions negatives en els nostres usuaris o tercers i en general qualssevol siguin els continguts que <strong>ESCOLA D&#8217;OFICIS CATALUNYA S.L.<\/strong> consideri inadequats.<\/li>\n<li>I en general que contravinguin els principis de legalitat, honradesa, responsabilitat, protecci\u00f3 de la dignitat humana, protecci\u00f3 de menors, protecci\u00f3 de l&#8217;ordre p\u00fablic, la protecci\u00f3 de la vida privada, la protecci\u00f3 del consumidor i els drets de propietat intel\u00b7lectual i industrial.<\/li>\n<\/ul>\n<p>Aix\u00ed mateix, <strong>ESCOLA D&#8217;OFICIS CATALUNYA S.L.<\/strong> es reserva la potestat de retirar, sense previ av\u00eds del lloc web o de la xarxa social corporativa aquells continguts que es considerin inadequats.<\/p>\n<p>Les comunicacions remeses a trav\u00e9s de les xarxes socials seran incorporades a un arxiu propietat de <strong>ESCOLA D&#8217;OFICIS CATALUNYA S.L.<\/strong>, podent-li enviar informaci\u00f3 del seu inter\u00e8s.<\/p>\n<p>Pot accedir a m\u00e9s informaci\u00f3, aix\u00ed com consultar les empreses que formen part de <strong>ESCOLA D&#8217;OFICIS CATALUNYA S.L.<\/strong>, mitjan\u00e7ant el seg\u00fcent enlla\u00e7: www.empresa.com\/politicadeprivacidad.<\/p>\n<p>En tot cas, si V\u00e8. remet informaci\u00f3 personal a trav\u00e9s de la xarxa social, <strong>ESCOLA D&#8217;OFICIS CATALUNYA S.L.<\/strong> quedar\u00e0 exempt de responsabilitat en relaci\u00f3 a les mesures de seguretat aplicables a la present plataforma, devent l&#8217;usuari en cas de voler con\u00e8ixer-les, consultar les corresponents condicions particulars de la xarxa en q\u00fcesti\u00f3.<\/p>\n<h4>MESURES DE SEGURETAT<\/h4>\n<p>Les dades que ens faciliti es tractaran de forma confidencial. El Prestador ha adoptat totes les mesures t\u00e8cniques i organitzatives i tots els nivells de protecci\u00f3 necessaris per garantir la seguretat en el tractament de les dades i evitar la seva alteraci\u00f3, p\u00e8rdua, robatori, tractament o acc\u00e9s no autoritzat, d&#8217;acord l&#8217;estat de la tecnologia i naturalesa de les dades emmagatzemades. Aix\u00ed mateix, es garanteix tamb\u00e9 que el tractament i registre en fitxers, programes, sistemes o equips, locals i centres compleixen amb els requisits i condicions d&#8217;integritat i seguretat establertes en la normativa vigent.<\/p>\n<h4>IDIOMA<\/h4>\n<p>L&#8217;idioma aplicable a aquesta Pol\u00edtica de Privacitat \u00e9s l&#8217;espanyol. Per tant, en cas que hi hagu\u00e9s alguna contradicci\u00f3 en alguna de les versions facilitades en altres idiomes, prevaldr\u00e0 la versi\u00f3 en espanyol.<\/p>\n<h4>SUBSCRIPCI\u00d3 AL BLOG<\/h4>\n<p>En el cas que l&#8217;usuari se subscrigui al blog, li informem que les dades aportades seran tractats per gestionar la seva subscripci\u00f3 al blog informatiu amb av\u00eds d&#8217;actualitzaci\u00f3 i que es conservaran mentre hi hagi un inter\u00e8s mutu per mantenir la fi del tractament. Quan ja no sigui necessari per a tal fi, se suprimiran amb mesures de seguretat adequades per garantir la seudonimizaci\u00f3 de les dades o destrucci\u00f3 total dels mateixos. No es comunicaran les dades a tercers, excepte obligaci\u00f3 legal.<\/p>\n<h4>PARTICIPACI\u00d3 EN F\u00d2RUMS<\/h4>\n<p>En el cas que l&#8217;usuari vulgui participar en els f\u00f2rums de la web, li informem que les dades aportades seran tractats per regular la participaci\u00f3 en el mateix. Qualsevol registre o transmissi\u00f3 de dades personals que l&#8217;usuari d&#8217;aquest f\u00f2rum faciliti suposa el coneixement i acceptaci\u00f3 inequ\u00edvoca de l&#8217;Av\u00eds Legal i la Pol\u00edtica de Privacitat exposats a la p\u00e0gina web. Les dades es conservaran mentre hi hagi un inter\u00e8s mutu per mantenir la fi del tractament i quan ja no sigui necessari per a tal fi, se suprimiran amb mesures de seguretat adequades per garantir la seudonimitzaci\u00f3 de les dades o destrucci\u00f3 total dels mateixos. Les publicacions es mostraran p\u00fablicament als usuaris del f\u00f2rum online.<\/p>\n<h4>PUBLICACI\u00d3 DEL SEU TESTIMONIATGE<\/h4>\n<p>En el cas que l&#8217;usuari vulgui publicar la seva opini\u00f3 a la web, li informem que les dades aportades seran tractats seran per atendre els suggeriments proposats, experi\u00e8ncies o opinions respecte dels productes i\/o serveis per ser publicades a la p\u00e0gina web i aix\u00ed poder ajudar a altres usuaris. Les dades es conservaran mentre hi hagi un inter\u00e8s mutu per mantenir la fi del tractament i quan ja no sigui necessari per a tal fi, se suprimiran amb mesures de seguretat adequades per garantir la seudonimitzaci\u00f3 de les dades o destrucci\u00f3 total dels mateixos. Els testimonis es publicaran a la nostra p\u00e0gina web. L&#8217;\u00fanica dada personal que es publicar\u00e0 del testimoni ser\u00e0 el seu nom.<\/p>\n<h4>CANVIS EN LA PRESENT POL\u00cdTICA DE PRIVACITAT<\/h4>\n<p><strong>ESCOLA D&#8217;OFICIS CATALUNYA S.L.<\/strong> es reserva el dret a modificar la present pol\u00edtica per adaptar-la a novetats legislatives o jurisprudencials.<\/p>\n<h4>LEGISLACI\u00d3<\/h4>\n<p>Amb car\u00e0cter general les relacions entre <strong>ESCOLA D&#8217;OFICIS CATALUNYA S.L.<\/strong> amb els Usuaris dels seus serveis telem\u00e0tics, presents en aquesta Web, estan sotmesos a la legislaci\u00f3 i jurisdicci\u00f3 espanyola a la qual se sotmeten expressament les parts, essent competents per la resoluci\u00f3 de tots els conflictes derivats o relacionats amb el seu \u00fas els Jutjats i Tribunals de Barcelona.<\/p>\n<p>[\/et_pb_text][\/et_pb_column][\/et_pb_row][\/et_pb_section]<\/p>\n","protected":false},"excerpt":{"rendered":"<p>Pol\u00edtica de privacidadRESPONSABLE DEL TRACTAMENT Identitat: ESCOLA D&#8217;OFICIS CATALUNYA S.L. (tamb\u00e9 el prestador).NIF: B64871619.Adre\u00e7a postal: C\/ Travessia Industrial 187 L\u00b4Hospitalet de Llobregat, (Barcelona).Correu electr\u00f2nic: rgpg@escoficat.com. ESCOLA D&#8217;OFICIS CATALUNYA S.L., com a responsable del Lloc web, de conformitat amb el que disposa el Reglament (UE) 2016\/679 de 27 d&#8217;abril de 2016 (RGPD), la Llei Org\u00e0nica 3\/2018 de 5 de desembre (LOPDGDD) i dem\u00e9s normativa legal vigent en mat\u00e8ria de protecci\u00f3 de dades personals, i per la Llei 34\/2002, d&#8217;11 de juliol, de Serveis de la Societat de la Informaci\u00f3 i del Comer\u00e7 Electr\u00f2nic (LSSICE), li informa que t\u00e9 implementades les mesures de seguretat necess\u00e0ries, d&#8217;\u00edndole t\u00e8cnica i organitzatives, per garantir i protegir la confidencialitat, integritat i disponibilitat de les dades introdu\u00efdes. FINALITAT DEL TRACTAMENT Les seves dades personals nom\u00e9s s&#8217;utilitzaran per a les seg\u00fcents finalitats: Realitzar les gestions comercials i administratives necess\u00e0ries amb els usuaris de la web; Remetre les comunicacions comercials publicit\u00e0ries per email, SMS, comunitats socials o qualsevol un altre mitj\u00e0 electr\u00f2nic o f\u00edsic, en cas que l&#8217;Usuari hagi consentit expressament a l&#8217;enviament de comunicacions comercials per via electr\u00f2nica mitjan\u00e7ant l&#8217;enviament del formulari corresponent. Respondre a les consultes i\/o proporcionar informacions requerides per l&#8217;Usuari; Realitzar les prestacions de serveis [&hellip;]<\/p>\n","protected":false},"author":6,"featured_media":7282,"parent":0,"menu_order":0,"comment_status":"closed","ping_status":"closed","template":"","meta":{"_et_pb_use_builder":"on","_et_pb_old_content":"","_et_gb_content_width":"","footnotes":""},"class_list":["post-3812","page","type-page","status-publish","has-post-thumbnail","hentry"],"yoast_head":"<!-- This site is optimized with the Yoast SEO plugin v27.5 - https:\/\/yoast.com\/product\/yoast-seo-wordpress\/ -->\n<title>Pol\u00edtica de privacitat del web de Escola d&#039;Oficis Catalunya<\/title>\n<meta name=\"description\" content=\"Pol\u00edtica de privacitat del web d&#039;Escola d&#039;Oficis Catalunya. Revisa totes les nostres pol\u00edtiques per a la teva m\u00e0xima seguretat.\" \/>\n<meta name=\"robots\" content=\"index, follow, max-snippet:-1, max-image-preview:large, max-video-preview:-1\" \/>\n<link rel=\"canonical\" href=\"https:\/\/eoc.cat\/ca\/politica-privacitat\/\" \/>\n<meta property=\"og:locale\" content=\"ca_ES\" \/>\n<meta property=\"og:type\" content=\"article\" \/>\n<meta property=\"og:title\" content=\"Pol\u00edtica de privacitat del web de Escola d&#039;Oficis Catalunya\" \/>\n<meta property=\"og:description\" content=\"Pol\u00edtica de privacitat del web d&#039;Escola d&#039;Oficis Catalunya. Revisa totes les nostres pol\u00edtiques per a la teva m\u00e0xima seguretat.\" \/>\n<meta property=\"og:url\" content=\"https:\/\/eoc.cat\/ca\/politica-privacitat\/\" \/>\n<meta property=\"og:site_name\" content=\"Escola d&#039;Oficis Catalunya\" \/>\n<meta property=\"article:publisher\" content=\"https:\/\/www.facebook.com\/EscoladOficisCatalunya\" \/>\n<meta property=\"article:modified_time\" content=\"2026-04-16T10:54:33+00:00\" \/>\n<meta property=\"og:image\" content=\"https:\/\/eoc.cat\/wp-content\/uploads\/2020\/12\/politica-privacitat.jpg\" \/>\n\t<meta property=\"og:image:width\" content=\"1200\" \/>\n\t<meta property=\"og:image:height\" content=\"628\" \/>\n\t<meta property=\"og:image:type\" content=\"image\/jpeg\" \/>\n<meta name=\"twitter:card\" content=\"summary_large_image\" \/>\n<meta name=\"twitter:title\" content=\"Pol\u00edtica de privacitat del web de Escola d&#039;Oficis Catalunya\" \/>\n<meta name=\"twitter:description\" content=\"Pol\u00edtica de privacitat del web d&#039;Escola d&#039;Oficis Catalunya. Revisa totes les nostres pol\u00edtiques per a la teva m\u00e0xima seguretat.\" \/>\n<meta name=\"twitter:site\" content=\"@escoficat\" \/>\n<script type=\"application\/ld+json\" class=\"yoast-schema-graph\">{\"@context\":\"https:\\\/\\\/schema.org\",\"@graph\":[{\"@type\":\"WebPage\",\"@id\":\"https:\\\/\\\/eoc.cat\\\/ca\\\/politica-privacitat\\\/\",\"url\":\"https:\\\/\\\/eoc.cat\\\/ca\\\/politica-privacitat\\\/\",\"name\":\"Pol\u00edtica de privacitat del web de Escola d'Oficis Catalunya\",\"isPartOf\":{\"@id\":\"https:\\\/\\\/eoc.cat\\\/#website\"},\"primaryImageOfPage\":{\"@id\":\"https:\\\/\\\/eoc.cat\\\/ca\\\/politica-privacitat\\\/#primaryimage\"},\"image\":{\"@id\":\"https:\\\/\\\/eoc.cat\\\/ca\\\/politica-privacitat\\\/#primaryimage\"},\"thumbnailUrl\":\"https:\\\/\\\/eoc.cat\\\/wp-content\\\/uploads\\\/2020\\\/12\\\/politica-privacitat.jpg\",\"datePublished\":\"2017-08-07T18:12:07+00:00\",\"dateModified\":\"2026-04-16T10:54:33+00:00\",\"description\":\"Pol\u00edtica de privacitat del web d'Escola d'Oficis Catalunya. Revisa totes les nostres pol\u00edtiques per a la teva m\u00e0xima seguretat.\",\"breadcrumb\":{\"@id\":\"https:\\\/\\\/eoc.cat\\\/ca\\\/politica-privacitat\\\/#breadcrumb\"},\"inLanguage\":\"ca\",\"potentialAction\":[{\"@type\":\"ReadAction\",\"target\":[\"https:\\\/\\\/eoc.cat\\\/ca\\\/politica-privacitat\\\/\"]}]},{\"@type\":\"ImageObject\",\"inLanguage\":\"ca\",\"@id\":\"https:\\\/\\\/eoc.cat\\\/ca\\\/politica-privacitat\\\/#primaryimage\",\"url\":\"https:\\\/\\\/eoc.cat\\\/wp-content\\\/uploads\\\/2020\\\/12\\\/politica-privacitat.jpg\",\"contentUrl\":\"https:\\\/\\\/eoc.cat\\\/wp-content\\\/uploads\\\/2020\\\/12\\\/politica-privacitat.jpg\",\"width\":1200,\"height\":628,\"caption\":\"pol\u00edtica de privacitat\"},{\"@type\":\"BreadcrumbList\",\"@id\":\"https:\\\/\\\/eoc.cat\\\/ca\\\/politica-privacitat\\\/#breadcrumb\",\"itemListElement\":[{\"@type\":\"ListItem\",\"position\":1,\"name\":\"Portada\",\"item\":\"https:\\\/\\\/eoc.cat\\\/ca\\\/\"},{\"@type\":\"ListItem\",\"position\":2,\"name\":\"Pol\u00edtica de privacitat\"}]},{\"@type\":\"WebSite\",\"@id\":\"https:\\\/\\\/eoc.cat\\\/#website\",\"url\":\"https:\\\/\\\/eoc.cat\\\/\",\"name\":\"Escola d'Oficis Catalunya\",\"description\":\"Escuela de formaci\u00f3n profesional para adultos y j\u00f3venes\",\"publisher\":{\"@id\":\"https:\\\/\\\/eoc.cat\\\/#organization\"},\"alternateName\":\"EOC\",\"potentialAction\":[{\"@type\":\"SearchAction\",\"target\":{\"@type\":\"EntryPoint\",\"urlTemplate\":\"https:\\\/\\\/eoc.cat\\\/?s={search_term_string}\"},\"query-input\":{\"@type\":\"PropertyValueSpecification\",\"valueRequired\":true,\"valueName\":\"search_term_string\"}}],\"inLanguage\":\"ca\"},{\"@type\":\"Organization\",\"@id\":\"https:\\\/\\\/eoc.cat\\\/#organization\",\"name\":\"Escola d'Oficis Catalunya\",\"alternateName\":\"EOC\",\"url\":\"https:\\\/\\\/eoc.cat\\\/\",\"logo\":{\"@type\":\"ImageObject\",\"inLanguage\":\"ca\",\"@id\":\"https:\\\/\\\/eoc.cat\\\/#\\\/schema\\\/logo\\\/image\\\/\",\"url\":\"https:\\\/\\\/eoc.cat\\\/wp-content\\\/uploads\\\/2020\\\/12\\\/eoc-logotipo.png\",\"contentUrl\":\"https:\\\/\\\/eoc.cat\\\/wp-content\\\/uploads\\\/2020\\\/12\\\/eoc-logotipo.png\",\"width\":274,\"height\":118,\"caption\":\"Escola d'Oficis Catalunya\"},\"image\":{\"@id\":\"https:\\\/\\\/eoc.cat\\\/#\\\/schema\\\/logo\\\/image\\\/\"},\"sameAs\":[\"https:\\\/\\\/www.facebook.com\\\/EscoladOficisCatalunya\",\"https:\\\/\\\/x.com\\\/escoficat\",\"https:\\\/\\\/www.instagram.com\\\/escoladoficiscatalunya\\\/\",\"https:\\\/\\\/www.linkedin.com\\\/school\\\/escoladoficiscatalunya\\\/\",\"https:\\\/\\\/www.youtube.com\\\/channel\\\/UC_HLShkY7t1pf1CrXPw-gRQ\"]}]}<\/script>\n<!-- \/ Yoast SEO plugin. -->","yoast_head_json":{"title":"Pol\u00edtica de privacitat del web de Escola d'Oficis Catalunya","description":"Pol\u00edtica de privacitat del web d'Escola d'Oficis Catalunya. Revisa totes les nostres pol\u00edtiques per a la teva m\u00e0xima seguretat.","robots":{"index":"index","follow":"follow","max-snippet":"max-snippet:-1","max-image-preview":"max-image-preview:large","max-video-preview":"max-video-preview:-1"},"canonical":"https:\/\/eoc.cat\/ca\/politica-privacitat\/","og_locale":"ca_ES","og_type":"article","og_title":"Pol\u00edtica de privacitat del web de Escola d'Oficis Catalunya","og_description":"Pol\u00edtica de privacitat del web d'Escola d'Oficis Catalunya. Revisa totes les nostres pol\u00edtiques per a la teva m\u00e0xima seguretat.","og_url":"https:\/\/eoc.cat\/ca\/politica-privacitat\/","og_site_name":"Escola d&#039;Oficis Catalunya","article_publisher":"https:\/\/www.facebook.com\/EscoladOficisCatalunya","article_modified_time":"2026-04-16T10:54:33+00:00","og_image":[{"width":1200,"height":628,"url":"https:\/\/eoc.cat\/wp-content\/uploads\/2020\/12\/politica-privacitat.jpg","type":"image\/jpeg"}],"twitter_card":"summary_large_image","twitter_title":"Pol\u00edtica de privacitat del web de Escola d'Oficis Catalunya","twitter_description":"Pol\u00edtica de privacitat del web d'Escola d'Oficis Catalunya. Revisa totes les nostres pol\u00edtiques per a la teva m\u00e0xima seguretat.","twitter_site":"@escoficat","schema":{"@context":"https:\/\/schema.org","@graph":[{"@type":"WebPage","@id":"https:\/\/eoc.cat\/ca\/politica-privacitat\/","url":"https:\/\/eoc.cat\/ca\/politica-privacitat\/","name":"Pol\u00edtica de privacitat del web de Escola d'Oficis Catalunya","isPartOf":{"@id":"https:\/\/eoc.cat\/#website"},"primaryImageOfPage":{"@id":"https:\/\/eoc.cat\/ca\/politica-privacitat\/#primaryimage"},"image":{"@id":"https:\/\/eoc.cat\/ca\/politica-privacitat\/#primaryimage"},"thumbnailUrl":"https:\/\/eoc.cat\/wp-content\/uploads\/2020\/12\/politica-privacitat.jpg","datePublished":"2017-08-07T18:12:07+00:00","dateModified":"2026-04-16T10:54:33+00:00","description":"Pol\u00edtica de privacitat del web d'Escola d'Oficis Catalunya. Revisa totes les nostres pol\u00edtiques per a la teva m\u00e0xima seguretat.","breadcrumb":{"@id":"https:\/\/eoc.cat\/ca\/politica-privacitat\/#breadcrumb"},"inLanguage":"ca","potentialAction":[{"@type":"ReadAction","target":["https:\/\/eoc.cat\/ca\/politica-privacitat\/"]}]},{"@type":"ImageObject","inLanguage":"ca","@id":"https:\/\/eoc.cat\/ca\/politica-privacitat\/#primaryimage","url":"https:\/\/eoc.cat\/wp-content\/uploads\/2020\/12\/politica-privacitat.jpg","contentUrl":"https:\/\/eoc.cat\/wp-content\/uploads\/2020\/12\/politica-privacitat.jpg","width":1200,"height":628,"caption":"pol\u00edtica de privacitat"},{"@type":"BreadcrumbList","@id":"https:\/\/eoc.cat\/ca\/politica-privacitat\/#breadcrumb","itemListElement":[{"@type":"ListItem","position":1,"name":"Portada","item":"https:\/\/eoc.cat\/ca\/"},{"@type":"ListItem","position":2,"name":"Pol\u00edtica de privacitat"}]},{"@type":"WebSite","@id":"https:\/\/eoc.cat\/#website","url":"https:\/\/eoc.cat\/","name":"Escola d'Oficis Catalunya","description":"Escuela de formaci\u00f3n profesional para adultos y j\u00f3venes","publisher":{"@id":"https:\/\/eoc.cat\/#organization"},"alternateName":"EOC","potentialAction":[{"@type":"SearchAction","target":{"@type":"EntryPoint","urlTemplate":"https:\/\/eoc.cat\/?s={search_term_string}"},"query-input":{"@type":"PropertyValueSpecification","valueRequired":true,"valueName":"search_term_string"}}],"inLanguage":"ca"},{"@type":"Organization","@id":"https:\/\/eoc.cat\/#organization","name":"Escola d'Oficis Catalunya","alternateName":"EOC","url":"https:\/\/eoc.cat\/","logo":{"@type":"ImageObject","inLanguage":"ca","@id":"https:\/\/eoc.cat\/#\/schema\/logo\/image\/","url":"https:\/\/eoc.cat\/wp-content\/uploads\/2020\/12\/eoc-logotipo.png","contentUrl":"https:\/\/eoc.cat\/wp-content\/uploads\/2020\/12\/eoc-logotipo.png","width":274,"height":118,"caption":"Escola d'Oficis Catalunya"},"image":{"@id":"https:\/\/eoc.cat\/#\/schema\/logo\/image\/"},"sameAs":["https:\/\/www.facebook.com\/EscoladOficisCatalunya","https:\/\/x.com\/escoficat","https:\/\/www.instagram.com\/escoladoficiscatalunya\/","https:\/\/www.linkedin.com\/school\/escoladoficiscatalunya\/","https:\/\/www.youtube.com\/channel\/UC_HLShkY7t1pf1CrXPw-gRQ"]}]}},"_links":{"self":[{"href":"https:\/\/eoc.cat\/ca\/wp-json\/wp\/v2\/pages\/3812","targetHints":{"allow":["GET"]}}],"collection":[{"href":"https:\/\/eoc.cat\/ca\/wp-json\/wp\/v2\/pages"}],"about":[{"href":"https:\/\/eoc.cat\/ca\/wp-json\/wp\/v2\/types\/page"}],"author":[{"embeddable":true,"href":"https:\/\/eoc.cat\/ca\/wp-json\/wp\/v2\/users\/6"}],"replies":[{"embeddable":true,"href":"https:\/\/eoc.cat\/ca\/wp-json\/wp\/v2\/comments?post=3812"}],"version-history":[{"count":8,"href":"https:\/\/eoc.cat\/ca\/wp-json\/wp\/v2\/pages\/3812\/revisions"}],"predecessor-version":[{"id":15929,"href":"https:\/\/eoc.cat\/ca\/wp-json\/wp\/v2\/pages\/3812\/revisions\/15929"}],"wp:featuredmedia":[{"embeddable":true,"href":"https:\/\/eoc.cat\/ca\/wp-json\/wp\/v2\/media\/7282"}],"wp:attachment":[{"href":"https:\/\/eoc.cat\/ca\/wp-json\/wp\/v2\/media?parent=3812"}],"curies":[{"name":"wp","href":"https:\/\/api.w.org\/{rel}","templated":true}]}}