{"id":7560,"date":"2020-12-29T12:53:46","date_gmt":"2020-12-29T11:53:46","guid":{"rendered":"https:\/\/eoc.cat\/atencion-sociosanitaria\/"},"modified":"2026-04-10T13:27:39","modified_gmt":"2026-04-10T11:27:39","slug":"cp-atencio-sociosanitaria","status":"publish","type":"page","link":"https:\/\/eoc.cat\/ca\/cp-atencio-sociosanitaria\/","title":{"rendered":"Atenci\u00f3 Sociosanit\u00e0ria a Persones Dependents en Institucions Socials"},"content":{"rendered":"<p>[et_pb_section fb_built=&#8221;1&#8243; admin_label=&#8221;MOLLES DE PA CURSOS CA&#8221; _builder_version=&#8221;4.16&#8243; _module_preset=&#8221;default&#8221; global_colors_info=&#8221;{}&#8221;][et_pb_row column_structure=&#8221;3_4,1_4&#8243; make_equal=&#8221;on&#8221; _builder_version=&#8221;4.16&#8243; _module_preset=&#8221;default&#8221; global_colors_info=&#8221;{}&#8221;][et_pb_column type=&#8221;3_4&#8243; _builder_version=&#8221;4.16&#8243; _module_preset=&#8221;default&#8221; global_colors_info=&#8221;{}&#8221;][et_pb_dmb_breadcrumbs font_icon=&#8221;&#x35;||divi||400&#8243; _builder_version=&#8221;4.16&#8243; _module_preset=&#8221;default&#8221; body_text_align=&#8221;left&#8221; link_text_color=&#8221;#004b87&#8243; linkhover_text_color=&#8221;#002855&#8243; custom_padding=&#8221;10px||||false|false&#8221; global_colors_info=&#8221;{}&#8221;][\/et_pb_dmb_breadcrumbs][\/et_pb_column][et_pb_column type=&#8221;1_4&#8243; _builder_version=&#8221;4.16&#8243; _module_preset=&#8221;default&#8221; global_colors_info=&#8221;{}&#8221;][et_pb_image src=&#8221;https:\/\/eoc.cat\/wp-content\/uploads\/2020\/12\/i-sociosanitaria.png&#8221; alt=&#8221;icona atenci\u00f3 sociosanit\u00e0ria&#8221; title_text=&#8221;icona atenci\u00f3 sociosanit\u00e0ria&#8221; align=&#8221;right&#8221; disabled_on=&#8221;on|off|off&#8221; admin_label=&#8221;icona atenci\u00f3 sociosanit\u00e0ria&#8221; _builder_version=&#8221;4.16&#8243; _module_preset=&#8221;default&#8221; global_colors_info=&#8221;{}&#8221;][\/et_pb_image][\/et_pb_column][\/et_pb_row][\/et_pb_section][et_pb_section fb_built=&#8221;1&#8243; admin_label=&#8221;CAP\u00c7ALERA CURS CA&#8221; _builder_version=&#8221;4.16&#8243; _module_preset=&#8221;default&#8221; background_color=&#8221;#004b87&#8243; global_colors_info=&#8221;{}&#8221;][et_pb_row column_structure=&#8221;1_2,1_2&#8243; _builder_version=&#8221;4.16&#8243; _module_preset=&#8221;default&#8221; global_colors_info=&#8221;{}&#8221;][et_pb_column type=&#8221;1_2&#8243; _builder_version=&#8221;4.16&#8243; _module_preset=&#8221;default&#8221; global_colors_info=&#8221;{}&#8221;][et_pb_text admin_label=&#8221;H1 + intro&#8221; _builder_version=&#8221;4.16&#8243; _module_preset=&#8221;default&#8221; background_layout=&#8221;dark&#8221; global_colors_info=&#8221;{}&#8221;]<\/p>\n<h1>Certificat de Professionalitat d\u2019Atenci\u00f3 Sociosanit\u00e0ria a Persones Dependents en Institucions Socials<\/h1>\n<p><strong>L&#8217;Escola d&#8217;Oficis Catalunya <\/strong>\u00e9s<strong>\u00a0<\/strong>un centre homologat per a la<strong>\u00a0<\/strong>realitzaci\u00f3 de la formaci\u00f3 del\u00a0<strong>Certificat de Professionalitat en Atenci\u00f3 Sociosanit\u00e0ria a persones dependents en Institucions Socials<\/strong>. Un t\u00edtol, amb car\u00e0cter oficial.<\/p>\n<p>[\/et_pb_text][et_pb_button button_url=&#8221;#contacte&#8221; button_text=&#8221;contactar ara&#8221; button_alignment=&#8221;left&#8221; admin_label=&#8221;bot\u00f3: contactar ara&#8221; _builder_version=&#8221;4.16&#8243; _module_preset=&#8221;default&#8221; custom_button=&#8221;on&#8221; button_bg_color=&#8221;#ffffff&#8221; button_border_color=&#8221;rgba(0,0,0,0)&#8221; button_border_radius=&#8221;100px&#8221; button_use_icon=&#8221;off&#8221; global_colors_info=&#8221;{}&#8221; button_bg_color__hover_enabled=&#8221;on|hover&#8221; button_bg_color__hover=&#8221;rgba(217,217,214,0.2)&#8221; button_bg_enable_color__hover=&#8221;on&#8221;][\/et_pb_button][\/et_pb_column][et_pb_column type=&#8221;1_2&#8243; _builder_version=&#8221;4.16&#8243; _module_preset=&#8221;default&#8221; global_colors_info=&#8221;{}&#8221;][et_pb_image src=&#8221;https:\/\/eoc.cat\/wp-content\/uploads\/2020\/12\/a-sociosanitaria.jpg&#8221; alt=&#8221;atenci\u00f3 sociosanit\u00e0ria a persones dependents en institucions socials&#8221; title_text=&#8221;atenci\u00f3 sociosanit\u00e0ria a persones dependents en institucions socials&#8221; admin_label=&#8221;atenci\u00f3 sociosanit\u00e0ria a persones dependents en institucions socials&#8221; _builder_version=&#8221;4.16&#8243; _module_preset=&#8221;default&#8221; global_colors_info=&#8221;{}&#8221;][\/et_pb_image][\/et_pb_column][\/et_pb_row][\/et_pb_section][et_pb_section fb_built=&#8221;1&#8243; admin_label=&#8221;SECCI\u00d3 CURS FORMULARI CA&#8221; _builder_version=&#8221;4.16&#8243; _module_preset=&#8221;default&#8221; global_colors_info=&#8221;{}&#8221;][et_pb_row column_structure=&#8221;1_2,1_2&#8243; _builder_version=&#8221;4.16&#8243; _module_preset=&#8221;default&#8221; global_colors_info=&#8221;{}&#8221;][et_pb_column type=&#8221;1_2&#8243; _builder_version=&#8221;4.16&#8243; _module_preset=&#8221;default&#8221; global_colors_info=&#8221;{}&#8221;][et_pb_text admin_label=&#8221;H2 + text&#8221; _builder_version=&#8221;4.16&#8243; _module_preset=&#8221;default&#8221; header_2_font_size=&#8221;25px&#8221; header_2_line_height=&#8221;1.2em&#8221; global_colors_info=&#8221;{}&#8221;]<\/p>\n<h2>Aconsegueix el teu Certificat de Professionalitat Oficial<\/h2>\n<p>Una vegada superat el per\u00edode de formaci\u00f3 obtindr\u00e0s la\u00a0<strong>certificaci\u00f3 oficial expedida<\/strong>\u00a0pel\u00a0<a href=\"https:\/\/www.oficinadetreball.gencat.cat\/socweb\/opencms\/socweb_es\/home.html\"><strong>SOC<\/strong><\/a> que t&#8217;acreditar\u00e0 per poder treballar complint la resoluci\u00f3 del BOE 2015-12394 i el Reial Decret 1368\/2007. L<strong>&#8216;obtenci\u00f3 d\u2019aquest t\u00edtol oficial ser\u00e0 indispensable<\/strong> per treballar en l&#8217;atenci\u00f3 a persones a partir del 31 de desembre de 2017.<\/p>\n<p>Amb aquest curs d\u2019Atenci\u00f3 Sociosanit\u00e0ria estar\u00e0s capacitat per treballar dins el\u00a0<strong>sector sociosanitari<\/strong>\u00a0com: centres residencials per a la 3a edat, centres residencials per a discapacitats ps\u00edquics, f\u00edsics o sensorials, centres de dia, centres de nit per a atenci\u00f3 a persones dependents i centres d\u2019oci i temps lliure per a persones dependents.<\/p>\n<p>[\/et_pb_text][et_pb_blurb use_icon=&#8221;on&#8221; font_icon=&#8221;&#x68;||divi||400&#8243; icon_placement=&#8221;left&#8221; admin_label=&#8221;certificaci\u00f3&#8221; _builder_version=&#8221;4.16&#8243; _module_preset=&#8221;default&#8221; custom_padding=&#8221;25px||||false|false&#8221; animation=&#8221;off&#8221; border_width_top=&#8221;5px&#8221; border_color_top=&#8221;#004b87&#8243; global_colors_info=&#8221;{}&#8221;]<\/p>\n<p>Certificat de Professionalitat SSCS208.<\/p>\n<p>[\/et_pb_blurb][et_pb_blurb use_icon=&#8221;on&#8221; font_icon=&#8221;&#xe102;||divi||400&#8243; icon_placement=&#8221;left&#8221; admin_label=&#8221;modalitats&#8221; _builder_version=&#8221;4.16&#8243; _module_preset=&#8221;default&#8221; custom_padding=&#8221;25px||||false|false&#8221; animation=&#8221;off&#8221; border_width_top=&#8221;5px&#8221; border_color_top=&#8221;#004b87&#8243; global_colors_info=&#8221;{}&#8221;]Exclusivament en modalitat presencial.[\/et_pb_blurb][et_pb_blurb use_icon=&#8221;on&#8221; font_icon=&#8221;&#xe023;||divi||400&#8243; icon_color=&#8221;#002855&#8243; icon_placement=&#8221;left&#8221; admin_label=&#8221;durada&#8221; _builder_version=&#8221;4.16&#8243; _module_preset=&#8221;default&#8221; custom_padding=&#8221;25px||||false|false&#8221; animation=&#8221;off&#8221; border_width_top=&#8221;5px&#8221; border_color_top=&#8221;#004b87&#8243; global_colors_info=&#8221;{}&#8221;]<\/p>\n<p>Durada: 370 hores te\u00f2riques i 80 hores pr\u00e0ctiques.<\/p>\n<p>[\/et_pb_blurb][et_pb_blurb use_icon=&#8221;on&#8221; font_icon=&#8221;&#xe0ef;||divi||400&#8243; icon_color=&#8221;#002855&#8243; icon_placement=&#8221;left&#8221; admin_label=&#8221;pr\u00e0ctiques&#8221; _builder_version=&#8221;4.16&#8243; _module_preset=&#8221;default&#8221; custom_padding=&#8221;25px||15px||false|false&#8221; animation=&#8221;off&#8221; border_width_top=&#8221;5px&#8221; border_color_top=&#8221;#004b87&#8243; border_width_bottom=&#8221;5px&#8221; border_color_bottom=&#8221;#004b87&#8243; global_colors_info=&#8221;{}&#8221;]<\/p>\n<p>Pr\u00e0ctiques internes \/ externes.<\/p>\n<p>[\/et_pb_blurb][\/et_pb_column][et_pb_column type=&#8221;1_2&#8243; _builder_version=&#8221;4.16&#8243; _module_preset=&#8221;default&#8221; global_colors_info=&#8221;{}&#8221;][et_pb_text admin_label=&#8221;H2 + text&#8221; module_id=&#8221;contacte&#8221; _builder_version=&#8221;4.17.4&#8243; _module_preset=&#8221;default&#8221; header_2_font_size=&#8221;25px&#8221; header_2_line_height=&#8221;1.2em&#8221; global_colors_info=&#8221;{}&#8221;]<\/p>\n<h2>Contacta amb nosaltres<\/h2>\n<p style=\"text-align: right;\">*Dades obligat\u00f2ries<\/p>\n<p>[\/et_pb_text][et_pb_contact_form use_spam_service=&#8221;on&#8221; recaptcha_list=&#8221;eoccat|eoccat-0&#8243; email=&#8221;asesoria@escoficat.com, estadisticas@escoficat.com&#8221; custom_message=&#8221;FORMULARI ENVIAT DES DE LA P\u00c0GINA DEL CURS D&#8217;ATENCI\u00d3 SOCIOSANIT\u00c0RIA||et_pb_line_break_holder||||et_pb_line_break_holder||De: %%nom%%||et_pb_line_break_holder||E-mail: %%email%%||et_pb_line_break_holder||Tel\u00e8fon: %%telefon%%||et_pb_line_break_holder||Codi Postal: %%codipostal%%||et_pb_line_break_holder||Canal pel qual ens ha conegut: %%conegut%%||et_pb_line_break_holder||L&#8217;usuari indica que ens ha conegut per un altre m\u00e8tode: %%altres%%||et_pb_line_break_holder||Modalitat: Nom\u00e9s presencial||et_pb_line_break_holder||Comentaris:||et_pb_line_break_holder||%%comentaris%%||et_pb_line_break_holder||||et_pb_line_break_holder||Acceptaci\u00f3 pol\u00edtica de privacitat: %%politiques%% pol\u00edtica de privacitat.||et_pb_line_break_holder||Acceptaci\u00f3 enviament de comunicacions: %%comunicacions%%.&#8221; use_redirect=&#8221;on&#8221; redirect_url=&#8221;https:\/\/eoc.cat\/ca\/formulari-enviat\/&#8221; success_message=&#8221;Gr\u00e0cies per contactar-nos!&#8221; submit_button_text=&#8221; posar-me en contacte&#8221; admin_label=&#8221;FORMULARI SANITARI CA&#8221; module_id=&#8221;et_pb_contact_form_0&#8243; _builder_version=&#8221;4.27.6&#8243; _unique_id=&#8221;0df9516b-7eca-45f5-86d5-121505cab06e&#8221; form_field_background_color=&#8221;rgba(255,255,255,0.7)&#8221; form_field_text_color=&#8221;#1c2457&#8243; title_text_color=&#8221;#1e73be&#8221; background_size=&#8221;initial&#8221; background_position=&#8221;top_left&#8221; background_repeat=&#8221;repeat&#8221; custom_button=&#8221;on&#8221; button_text_color=&#8221;#1e73be&#8221; button_bg_color=&#8221;rgba(255,255,255,0.7)&#8221; button_use_icon=&#8221;off&#8221; hover_enabled=&#8221;0&#8243; border_radii=&#8221;on|2px|2px|2px|2px&#8221; border_width_all=&#8221;2px&#8221; border_color_all=&#8221;#1e73be&#8221; use_border_color=&#8221;on&#8221; form_background_color=&#8221;rgba(255,255,255,0.7)&#8221; saved_tabs=&#8221;all&#8221; global_colors_info=&#8221;{}&#8221; sticky_enabled=&#8221;0&#8243;][et_pb_contact_field field_id=&#8221;nom&#8221; field_title=&#8221;Nom complet*&#8221; _builder_version=&#8221;4.16&#8243; form_field_text_color=&#8221;#1c2457&#8243; form_field_font=&#8221;||||&#8221; use_border_color=&#8221;on&#8221; border_color=&#8221;#1e73be&#8221; border_width=&#8221;2&#8243; border_style=&#8221;solid&#8221; input_border_radius=&#8221;0&#8243; global_colors_info=&#8221;{}&#8221;][\/et_pb_contact_field][et_pb_contact_field field_id=&#8221;email&#8221; field_title=&#8221;E-mail*&#8221; field_type=&#8221;email&#8221; _builder_version=&#8221;4.16&#8243; form_field_font=&#8221;||||&#8221; use_border_color=&#8221;off&#8221; border_style=&#8221;solid&#8221; input_border_radius=&#8221;0&#8243; global_colors_info=&#8221;{}&#8221;][\/et_pb_contact_field][et_pb_contact_field field_id=&#8221;telefon&#8221; field_title=&#8221;Tel\u00e8fon*&#8221; min_length=&#8221;9&#8243; max_length=&#8221;17&#8243; _builder_version=&#8221;4.16&#8243; form_field_font=&#8221;||||&#8221; use_border_color=&#8221;off&#8221; border_style=&#8221;solid&#8221; input_border_radius=&#8221;0&#8243; global_colors_info=&#8221;{}&#8221;][\/et_pb_contact_field][et_pb_contact_field field_id=&#8221;codipostal&#8221; field_title=&#8221;Codi Postal*&#8221; min_length=&#8221;5&#8243; max_length=&#8221;5&#8243; allowed_symbols=&#8221;numbers&#8221; _builder_version=&#8221;4.16&#8243; form_field_font=&#8221;||||&#8221; use_border_color=&#8221;off&#8221; border_style=&#8221;solid&#8221; input_border_radius=&#8221;0&#8243; global_colors_info=&#8221;{}&#8221;][\/et_pb_contact_field][et_pb_contact_field field_id=&#8221;conegut&#8221; field_title=&#8221;Com ens has conegut?&#8221; _builder_version=&#8221;4.27.6&#8243; form_field_font=&#8221;||||&#8221; hover_enabled=&#8221;0&#8243; use_border_color=&#8221;off&#8221; border_style=&#8221;solid&#8221; input_border_radius=&#8221;0&#8243; global_colors_info=&#8221;{}&#8221; field_type=&#8221;select&#8221; select_options=&#8221;%91{%22value%22:%22Cercador de Google%22,%22checked%22:0,%22dragID%22:-1},{%22value%22:%22Xarxes Socials%22,%22checked%22:0,%22dragID%22:0},{%22value%22:%22Portals educatius online%22,%22checked%22:0,%22dragID%22:1},{%22value%22:%22Recomanaci\u00f3 d&#8217;una altra persona%22,%22checked%22:0,%22dragID%22:2},{%22value%22:%22Assistent Intel\u00b7lig\u00e8ncia Artificial%22,%22checked%22:0,%22dragID%22:3},{%22value%22:%22Altres&#8230;%22,%22checked%22:0,%22dragID%22:4}%93&#8243; required_mark=&#8221;off&#8221; sticky_enabled=&#8221;0&#8243;][\/et_pb_contact_field][et_pb_contact_field field_id=&#8221;altres&#8221; field_title=&#8221;Indica&#8217;ns aquest altre m\u00e8tode pel qual ens has conegut&#8230;&#8221; _builder_version=&#8221;4.27.6&#8243; form_field_font=&#8221;||||&#8221; hover_enabled=&#8221;0&#8243; use_border_color=&#8221;off&#8221; border_style=&#8221;solid&#8221; input_border_radius=&#8221;0&#8243; global_colors_info=&#8221;{}&#8221; field_type=&#8221;text&#8221; required_mark=&#8221;off&#8221; sticky_enabled=&#8221;0&#8243; conditional_logic=&#8221;on&#8221; conditional_logic_rules=&#8221;%91{%22field%22:%22conegut%22,%22condition%22:%22is%22,%22value%22:%22Altres&#8230;%22}%93&#8243;][\/et_pb_contact_field][et_pb_contact_field field_id=&#8221;comentaris&#8221; field_title=&#8221;Comentaris&#8221; field_type=&#8221;text&#8221; required_mark=&#8221;off&#8221; fullwidth_field=&#8221;on&#8221; _builder_version=&#8221;4.16&#8243; form_field_font=&#8221;||||&#8221; use_border_color=&#8221;off&#8221; border_style=&#8221;solid&#8221; input_border_radius=&#8221;0&#8243; global_colors_info=&#8221;{}&#8221;][\/et_pb_contact_field][et_pb_contact_field field_id=&#8221;politiques&#8221; field_type=&#8221;checkbox&#8221; checkbox_options=&#8221;%91{%22value%22:%22S\u00ed, accepto la %22,%22checked%22:0,%22dragID%22:-1,%22link_text%22:%22pol\u00edtica de privacitat.*%22,%22link_url%22:%22https:\/\/eoc.cat\/ca\/politica-privacitat\/%22}%93&#8243; fullwidth_field=&#8221;on&#8221; _builder_version=&#8221;4.17.4&#8243; form_field_font=&#8221;||||&#8221; use_border_color=&#8221;off&#8221; border_style=&#8221;solid&#8221; input_border_radius=&#8221;0&#8243; global_colors_info=&#8221;{}&#8221;][\/et_pb_contact_field][et_pb_contact_field field_id=&#8221;comunicacions&#8221; field_type=&#8221;checkbox&#8221; checkbox_options=&#8221;%91{%22value%22:%22S\u00ed, accepto les comunicacions.%22,%22checked%22:0,%22dragID%22:-1}%93&#8243; required_mark=&#8221;off&#8221; fullwidth_field=&#8221;on&#8221; _builder_version=&#8221;4.17.4&#8243; form_field_font=&#8221;||||&#8221; use_border_color=&#8221;off&#8221; border_style=&#8221;solid&#8221; input_border_radius=&#8221;0&#8243; global_colors_info=&#8221;{}&#8221;][\/et_pb_contact_field][\/et_pb_contact_form][et_pb_text admin_label=&#8221;TEXT LEGAL CA&#8221; _builder_version=&#8221;4.7.7&#8243; text_font=&#8221;||||||||&#8221; text_font_size=&#8221;11px&#8221; text_line_height=&#8221;1.2em&#8221; module_alignment=&#8221;left&#8221; global_module=&#8221;7568&#8243; saved_tabs=&#8221;all&#8221; global_colors_info=&#8221;{}&#8221;]<\/p>\n<p><span style=\"line-height: 1em; font-size: 12px;\">La comunicaci\u00f3 enviada quedar\u00e0 incorporada a un fitxer del que \u00e9s responsable\u00a0<strong>ESCOLA D&#8217;OFICIS CATALUNYA S.L.<\/strong>\u00a0Aquesta comunicaci\u00f3 es far\u00e0 servir exclusivament per tractar les seves dades per atendre la seva sol\u00b7licitud, sempre de conformitat amb el Reglament (UE) 2016\/679 de 27 d&#8217;abril de 2016 (RGPD), la Llei Org\u00e0nica 3\/2018 de 5 de desembre (LOPDGDD) y la resta de normativa legal vigent en mat\u00e8ria de protecci\u00f3 de dades personals. Les seves dades no es comunicaran a tercers, excepte per obligaci\u00f3 legal, i es mantindran mentre no sol\u00b7liciti la seva cancel\u00b7laci\u00f3. En qualsevol moment vost\u00e8 podr\u00e0 exercir els drets d&#8217;acc\u00e9s, rectificaci\u00f3, portabilitat i oposici\u00f3, i, si s&#8217;escau, la limitaci\u00f3 i cancel\u00b7laci\u00f3, mitjan\u00e7ant l&#8217;enviament d&#8217;un correu electr\u00f2nic a rgpg@escoficat.com.<\/span><\/p>\n<p>[\/et_pb_text][\/et_pb_column][\/et_pb_row][\/et_pb_section][et_pb_section fb_built=&#8221;1&#8243; admin_label=&#8221;DESC\u00c0RREGA PDF&#8221; _builder_version=&#8221;4.16&#8243; _module_preset=&#8221;default&#8221; background_color=&#8221;#004b87&#8243; global_colors_info=&#8221;{}&#8221;][et_pb_row column_structure=&#8221;3_4,1_4&#8243; _builder_version=&#8221;4.16&#8243; _module_preset=&#8221;default&#8221; global_colors_info=&#8221;{}&#8221;][et_pb_column type=&#8221;3_4&#8243; _builder_version=&#8221;4.16&#8243; _module_preset=&#8221;default&#8221; global_colors_info=&#8221;{}&#8221;][et_pb_text admin_label=&#8221;H2 + text&#8221; _builder_version=&#8221;4.16&#8243; _module_preset=&#8221;default&#8221; header_2_font_size=&#8221;25px&#8221; header_2_line_height=&#8221;1.2em&#8221; background_layout=&#8221;dark&#8221; global_colors_info=&#8221;{}&#8221;]<\/p>\n<h2>Certificat de Professionalitat d\u2019Atenci\u00f3 Sociosanit\u00e0ria en Institucions Socials \u2013 T\u00edtol Oficial<\/h2>\n<p>Centre homologat pel SEPE (Servei P\u00fablic d\u2019Ocupaci\u00f3 Estatal) i pel SOC (Servei d\u00b4Ocupaci\u00f3 de Catalunya) per impartir el <strong>Certificat de Professionalitat d\u2019Atenci\u00f3 Sociosanit\u00e0ria<\/strong> a persones dependents en Institucions Socials (SSCS208).<\/p>\n<p>[\/et_pb_text][\/et_pb_column][et_pb_column type=&#8221;1_4&#8243; _builder_version=&#8221;4.16&#8243; _module_preset=&#8221;default&#8221; global_colors_info=&#8221;{}&#8221;][et_pb_blurb title=&#8221;Descarrega el temari del CP Sociosanitari en PDF&#8221; use_icon=&#8221;on&#8221; font_icon=&#8221;&#x6f;||divi||400&#8243; icon_color=&#8221;#ffffff&#8221; admin_label=&#8221;desc\u00e0rrega pdf&#8221; _builder_version=&#8221;4.16&#8243; _module_preset=&#8221;default&#8221; text_orientation=&#8221;center&#8221; background_layout=&#8221;dark&#8221; animation=&#8221;off&#8221; link_option_url=&#8221;https:\/\/eoc.cat\/wp-content\/uploads\/2021\/02\/t-sociosanitari.pdf&#8221; global_colors_info=&#8221;{}&#8221; icon_color__hover_enabled=&#8221;on|hover&#8221; icon_color__hover=&#8221;rgba(217,217,214,0.2)&#8221;][\/et_pb_blurb][\/et_pb_column][\/et_pb_row][\/et_pb_section][et_pb_section fb_built=&#8221;1&#8243; admin_label=&#8221;PREGUNTES FREQ\u00dcENTS&#8221; _builder_version=&#8221;4.16&#8243; _module_preset=&#8221;default&#8221; global_colors_info=&#8221;{}&#8221;][et_pb_row _builder_version=&#8221;4.16&#8243; _module_preset=&#8221;default&#8221; global_colors_info=&#8221;{}&#8221;][et_pb_column type=&#8221;4_4&#8243; _builder_version=&#8221;4.16&#8243; _module_preset=&#8221;default&#8221; global_colors_info=&#8221;{}&#8221;][et_pb_text admin_label=&#8221;text&#8221; _builder_version=&#8221;4.16&#8243; _module_preset=&#8221;default&#8221; global_colors_info=&#8221;{}&#8221;]<\/p>\n<h3>Preguntes freq\u00fcents<\/h3>\n<p>Responem alguns dels dubtes habituals sobre el Certificat de Professionalitat d&#8217;Atenci\u00f3 Sociosanit\u00e0ria a persones dependents en institucions socials.<\/p>\n<h4>Qu\u00e8 s&#8217;apr\u00e8n durant el curs?<\/h4>\n<p>En aquest curs aprendr\u00e0s a atendre persones dependents en l&#8217;\u00e0mbit sociosanitari d&#8217;una instituci\u00f3, on es desenvolupi la seva actuaci\u00f3, aplicant les estrat\u00e8gies dissenyades per l&#8217;equip interdisciplinari competent i els procediments per a mantenir i millorar la seva autonomia personal i les seves relacions amb l&#8217;entorn.<\/p>\n<ul>\n<li>Preparar i donar suport a les intervencions d&#8217;atenci\u00f3 a les persones i al seu entorn en l&#8217;\u00e0mbit institucional indicades per l&#8217;equip interdisciplinari.<\/li>\n<li>Desenvolupar intervencions d&#8217;atenci\u00f3 f\u00edsica dirigides a persones dependents en l&#8217;\u00e0mbit institucional.<\/li>\n<li>Realitzar intervencions d&#8217;atenci\u00f3 sociosanit\u00e0ria dirigides a persones dependents en l&#8217;\u00e0mbit institucional.<\/li>\n<li>Desenvolupar intervencions d&#8217;atenci\u00f3 psicosocial dirigides a persones dependents en l&#8217;\u00e0mbit institucional.<\/li>\n<\/ul>\n<h4>Qu\u00e8 s&#8217;apr\u00e8n durant les pr\u00e0ctiques internes (en classe)?<\/h4>\n<p>En el curs d&#8217;Atenci\u00f3 Sociosanit\u00e0ria aprendr\u00e0s a:<\/p>\n<ul>\n<li>Acollir i acompanyar a un usuari.<\/li>\n<li>Com realitzar la higiene de l&#8217;usuari en funci\u00f3 del seu grau d&#8217;autonomia.<\/li>\n<li>Mantenir l&#8217;ordre i les condicions higienicosanit\u00e0ries de l&#8217;habitaci\u00f3 de l&#8217;usuari.<\/li>\n<li>Donar suport en l&#8217;alimentaci\u00f3 de l&#8217;usuari en funci\u00f3 de la seva autonomia.<\/li>\n<li>Col\u00b7laborar en l&#8217;administraci\u00f3 de medicaments, exploracions m\u00e8diques i trasllats de l&#8217;usuari.<\/li>\n<li>Realitzar activitats f\u00edsiques, motores, psicol\u00f2giques i socials de l&#8217;usuari.<\/li>\n<li>Facilitar i estimular la comunicaci\u00f3 de l&#8217;usuari.<\/li>\n<\/ul>\n<h4>\u00bfQu\u00e8 s&#8217;apr\u00e8n durant les pr\u00e0ctiques externes en empreses?<\/h4>\n<p>En les pr\u00e0ctiques externes aprendr\u00e0s a:<\/p>\n<ul>\n<li>Desenvolupar intervencions dirigides a les activitats de la vida di\u00e0ria de l&#8217;usuari, col\u00b7laborant en la millora i\/o manteniment de la seva autonomia.<\/li>\n<li>Comunicar-te amb les persones de l&#8217;equip interdisciplinari, d&#8217;acord amb els canals establerts per la instituci\u00f3.<\/li>\n<li>Realitzar la cond\u00edcia de les persones dependents, respectant l&#8217;ordre i la higiene del seu entorn.<\/li>\n<li>Desenvolupar les habilitats de suport a la ingesta de l&#8217;usuari, d&#8217;acord amb les prescripcions donades.<\/li>\n<li>Efectuar la neteja i desinfecci\u00f3 dels materials d&#8217;\u00fas com\u00fa.<\/li>\n<li>Administrar medicaments per les diferents vies.<\/li>\n<li>Acompanyar als usuaris en el marc de les seves activitats dins de la instituci\u00f3.<\/li>\n<li>Aplicar les t\u00e8cniques de comunicaci\u00f3 per a aix\u00ed afavorir les relacions socials dels usuaris amb problemes de comunicaci\u00f3.<\/li>\n<li>Participar en els processos de treball de l&#8217;empresa, seguint les normes i instruccions establertes en el centre de treball.<\/li>\n<\/ul>\n<h4>Quines s\u00f3n les sortides professionals del Certificat de Professionalitat d&#8217;Atenci\u00f3 Sociosanit\u00e0ria?<\/h4>\n<p>Se situa en l&#8217;\u00e0mbit p\u00fablic o privat, en centres o equipaments que prestin serveis d&#8217;atenci\u00f3 sociosanit\u00e0ria: centres residencials i centres de dia.<\/p>\n<p>Les ocupacions relacionades s\u00f3n:<\/p>\n<ul>\n<li>Cuidador de minusv\u00e0lids f\u00edsics, ps\u00edquics i sensorials.<\/li>\n<li>Cuidador de persones dependents en institucions.<\/li>\n<li>Gerocultor.<\/li>\n<\/ul>\n<p>[\/et_pb_text][\/et_pb_column][\/et_pb_row][\/et_pb_section][et_pb_section fb_built=&#8221;1&#8243; admin_label=&#8221;ESLOGAN CA&#8221; _builder_version=&#8221;4.7.7&#8243; _module_preset=&#8221;default&#8221; background_color=&#8221;#004b87&#8243; global_module=&#8221;7630&#8243; global_colors_info=&#8221;{}&#8221;][et_pb_row _builder_version=&#8221;4.16&#8243; _module_preset=&#8221;default&#8221; global_colors_info=&#8221;{}&#8221;][et_pb_column type=&#8221;4_4&#8243; _builder_version=&#8221;4.16&#8243; _module_preset=&#8221;default&#8221; global_colors_info=&#8221;{}&#8221;][et_pb_text admin_label=&#8221;text&#8221; _builder_version=&#8221;4.16&#8243; _module_preset=&#8221;default&#8221; text_text_color=&#8221;#ffffff&#8221; text_font_size=&#8221;35px&#8221; text_line_height=&#8221;1.2em&#8221; text_orientation=&#8221;center&#8221; background_layout=&#8221;dark&#8221; custom_padding=&#8221;35px||35px||true|false&#8221; text_font_size_tablet=&#8221;&#8221; text_font_size_phone=&#8221;30px&#8221; text_font_size_last_edited=&#8221;on|phone&#8221; global_colors_info=&#8221;{}&#8221;]<\/p>\n<p>El nostre present,<br \/><strong>formar el teu futur<\/strong><\/p>\n<p>[\/et_pb_text][\/et_pb_column][\/et_pb_row][\/et_pb_section][et_pb_section fb_built=&#8221;1&#8243; disabled_on=&#8221;on|on|on&#8221; admin_label=&#8221;PROFESSORAT&#8221; _builder_version=&#8221;4.16&#8243; _module_preset=&#8221;default&#8221; disabled=&#8221;on&#8221; global_colors_info=&#8221;{}&#8221;][et_pb_row _builder_version=&#8221;4.16&#8243; _module_preset=&#8221;default&#8221; global_colors_info=&#8221;{}&#8221;][et_pb_column type=&#8221;4_4&#8243; _builder_version=&#8221;4.16&#8243; _module_preset=&#8221;default&#8221; global_colors_info=&#8221;{}&#8221;][et_pb_text admin_label=&#8221;H3 Professors de la formaci\u00f3&#8221; _builder_version=&#8221;4.16&#8243; _module_preset=&#8221;default&#8221; global_colors_info=&#8221;{}&#8221;]<\/p>\n<h3>Professors de la formaci\u00f3<\/h3>\n<p>[\/et_pb_text][\/et_pb_column][\/et_pb_row][et_pb_row column_structure=&#8221;1_4,1_4,1_4,1_4&#8243; _builder_version=&#8221;4.16&#8243; _module_preset=&#8221;default&#8221; global_colors_info=&#8221;{}&#8221;][et_pb_column type=&#8221;1_4&#8243; _builder_version=&#8221;4.16&#8243; _module_preset=&#8221;default&#8221; global_colors_info=&#8221;{}&#8221;][et_pb_team_member position=&#8221;Carmen Revilla&#8221; image_url=&#8221;https:\/\/eoc.cat\/wp-content\/uploads\/2020\/12\/plantilla-profesores.jpg&#8221; admin_label=&#8221;Carmen Revilla&#8221; _builder_version=&#8221;4.16&#8243; _module_preset=&#8221;default&#8221; position_text_color=&#8221;#002855&#8243; position_font_size=&#8221;16px&#8221; global_colors_info=&#8221;{}&#8221;]<\/p>\n<p><span style=\"color: #004b87;\">Formadora en EOC des de 2018.<\/span><\/p>\n<p>Diplomada Universit\u00e0ria en Infermeria (2007) amb experi\u00e8ncia de 10 anys en Unitats de Cr\u00edtics. Certificat d&#8217;Aptitud Pedag\u00f2gica (2008). M\u00e0ster en Urg\u00e8ncies i Postgrau en Anest\u00e8sia i Reanimaci\u00f3 (2011).<\/p>\n<p>[\/et_pb_team_member][\/et_pb_column][et_pb_column type=&#8221;1_4&#8243; _builder_version=&#8221;4.16&#8243; _module_preset=&#8221;default&#8221; global_colors_info=&#8221;{}&#8221;][et_pb_team_member position=&#8221;Carmen Revilla&#8221; image_url=&#8221;https:\/\/eoc.cat\/wp-content\/uploads\/2020\/12\/plantilla-profesores.jpg&#8221; admin_label=&#8221;Carmen Revilla&#8221; _builder_version=&#8221;4.16&#8243; _module_preset=&#8221;default&#8221; position_text_color=&#8221;#002855&#8243; position_font_size=&#8221;16px&#8221; global_colors_info=&#8221;{}&#8221;]<\/p>\n<p><span style=\"color: #004b87;\">Formadora en EOC des de 2018.<\/span><\/p>\n<p>Diplomada Universit\u00e0ria en Infermeria (2007) amb experi\u00e8ncia de 10 anys en Unitats de Cr\u00edtics. Certificat d&#8217;Aptitud Pedag\u00f2gica (2008). M\u00e0ster en Urg\u00e8ncies i Postgrau en Anest\u00e8sia i Reanimaci\u00f3 (2011).<\/p>\n<p>[\/et_pb_team_member][\/et_pb_column][et_pb_column type=&#8221;1_4&#8243; _builder_version=&#8221;4.16&#8243; _module_preset=&#8221;default&#8221; global_colors_info=&#8221;{}&#8221;][et_pb_team_member position=&#8221;Carmen Revilla&#8221; image_url=&#8221;https:\/\/eoc.cat\/wp-content\/uploads\/2020\/12\/plantilla-profesores.jpg&#8221; admin_label=&#8221;Carmen Revilla&#8221; _builder_version=&#8221;4.16&#8243; _module_preset=&#8221;default&#8221; position_text_color=&#8221;#002855&#8243; position_font_size=&#8221;16px&#8221; global_colors_info=&#8221;{}&#8221;]<\/p>\n<p><span style=\"color: #004b87;\">Formadora en EOC des de 2018.<\/span><\/p>\n<p>Diplomada Universit\u00e0ria en Infermeria (2007) amb experi\u00e8ncia de 10 anys en Unitats de Cr\u00edtics. Certificat d&#8217;Aptitud Pedag\u00f2gica (2008). M\u00e0ster en Urg\u00e8ncies i Postgrau en Anest\u00e8sia i Reanimaci\u00f3 (2011).<\/p>\n<p>[\/et_pb_team_member][\/et_pb_column][et_pb_column type=&#8221;1_4&#8243; _builder_version=&#8221;4.16&#8243; _module_preset=&#8221;default&#8221; global_colors_info=&#8221;{}&#8221;][et_pb_team_member position=&#8221;Carmen Revilla&#8221; image_url=&#8221;https:\/\/eoc.cat\/wp-content\/uploads\/2020\/12\/plantilla-profesores.jpg&#8221; admin_label=&#8221;Carmen Revilla&#8221; _builder_version=&#8221;4.16&#8243; _module_preset=&#8221;default&#8221; position_text_color=&#8221;#002855&#8243; position_font_size=&#8221;16px&#8221; global_colors_info=&#8221;{}&#8221;]<\/p>\n<p><span style=\"color: #004b87;\">Formadora en EOC des de 2018.<\/span><\/p>\n<p>Diplomada Universit\u00e0ria en Infermeria (2007) amb experi\u00e8ncia de 10 anys en Unitats de Cr\u00edtics. Certificat d&#8217;Aptitud Pedag\u00f2gica (2008). M\u00e0ster en Urg\u00e8ncies i Postgrau en Anest\u00e8sia i Reanimaci\u00f3 (2011).<\/p>\n<p>[\/et_pb_team_member][\/et_pb_column][\/et_pb_row][\/et_pb_section][et_pb_section fb_built=&#8221;1&#8243; disabled_on=&#8221;on|on|on&#8221; admin_label=&#8221;OPINIONS&#8221; _builder_version=&#8221;4.16&#8243; _module_preset=&#8221;default&#8221; background_color=&#8221;#004b87&#8243; custom_padding=&#8221;||20px||false|false&#8221; disabled=&#8221;on&#8221; global_colors_info=&#8221;{}&#8221;][et_pb_row _builder_version=&#8221;4.16&#8243; _module_preset=&#8221;default&#8221; global_colors_info=&#8221;{}&#8221;][et_pb_column type=&#8221;4_4&#8243; _builder_version=&#8221;4.16&#8243; _module_preset=&#8221;default&#8221; global_colors_info=&#8221;{}&#8221;][et_pb_text admin_label=&#8221;H3 Opinions d&#8217;alumnes EOC&#8221; _builder_version=&#8221;4.16&#8243; _module_preset=&#8221;default&#8221; background_layout=&#8221;dark&#8221; global_colors_info=&#8221;{}&#8221;]<\/p>\n<h3>Opinions d&#8217;alumnes EOC<\/h3>\n<p>[\/et_pb_text][\/et_pb_column][\/et_pb_row][et_pb_row column_structure=&#8221;1_3,1_3,1_3&#8243; _builder_version=&#8221;4.16&#8243; _module_preset=&#8221;default&#8221; custom_padding=&#8221;||||false|false&#8221; global_colors_info=&#8221;{}&#8221;][et_pb_column type=&#8221;1_3&#8243; _builder_version=&#8221;4.16&#8243; _module_preset=&#8221;default&#8221; global_colors_info=&#8221;{}&#8221;][et_pb_testimonial author=&#8221;Opini\u00f3 alumne 1&#8243; job_title=&#8221;Ex-alumne del Curs d&#8217;exemple&#8221; quote_icon_color=&#8221;#004b87&#8243; quote_icon_background_color=&#8221;#ffffff&#8221; admin_label=&#8221;Recomanaci\u00f3&#8221; _builder_version=&#8221;4.16&#8243; _module_preset=&#8221;default&#8221; author_font=&#8221;||||||||&#8221; author_text_color=&#8221;#002855&#8243; author_font_size=&#8221;16px&#8221; position_text_color=&#8221;#004b87&#8243; global_colors_info=&#8221;{}&#8221;]<\/p>\n<p>Lorem ipsum dolor sit amet, consectetur adipiscing elit. Nam id tristique lectus, vel pretium ipsum. Aliquam fermentum velit sit amet odio laoreet, id facilisis justo tempor. Ut gravida vitae mauris vel aliquam. Donec id quam blandit, molestie elit ut, ultricies arcu. Vivamus vitae dui enim. Phasellus id justo nec leo ultricies porttitor. In ac lacus a purus gravida tristique. Nunc lobortis neque posuere vehicula luctus. Nulla sollicitudin tincidunt aliquam.<\/p>\n<p>[\/et_pb_testimonial][\/et_pb_column][et_pb_column type=&#8221;1_3&#8243; _builder_version=&#8221;4.16&#8243; _module_preset=&#8221;default&#8221; global_colors_info=&#8221;{}&#8221;][et_pb_testimonial author=&#8221;Opini\u00f3 alumne 1&#8243; job_title=&#8221;Ex-alumne del Curs d&#8217;exemple&#8221; quote_icon_color=&#8221;#004b87&#8243; quote_icon_background_color=&#8221;#ffffff&#8221; admin_label=&#8221;Recomanaci\u00f3&#8221; _builder_version=&#8221;4.16&#8243; _module_preset=&#8221;default&#8221; author_font=&#8221;||||||||&#8221; author_text_color=&#8221;#002855&#8243; author_font_size=&#8221;16px&#8221; position_text_color=&#8221;#004b87&#8243; global_colors_info=&#8221;{}&#8221;]<\/p>\n<p>Lorem ipsum dolor sit amet, consectetur adipiscing elit. Nam id tristique lectus, vel pretium ipsum. Aliquam fermentum velit sit amet odio laoreet, id facilisis justo tempor. Ut gravida vitae mauris vel aliquam. Donec id quam blandit, molestie elit ut, ultricies arcu. Vivamus vitae dui enim. Phasellus id justo nec leo ultricies porttitor. In ac lacus a purus gravida tristique. Nunc lobortis neque posuere vehicula luctus. Nulla sollicitudin tincidunt aliquam.<\/p>\n<p>[\/et_pb_testimonial][\/et_pb_column][et_pb_column type=&#8221;1_3&#8243; _builder_version=&#8221;4.16&#8243; _module_preset=&#8221;default&#8221; global_colors_info=&#8221;{}&#8221;][et_pb_testimonial author=&#8221;Opini\u00f3 alumne 1&#8243; job_title=&#8221;Ex-alumne del Curs d&#8217;exemple&#8221; quote_icon_color=&#8221;#004b87&#8243; quote_icon_background_color=&#8221;#ffffff&#8221; admin_label=&#8221;Recomanaci\u00f3&#8221; _builder_version=&#8221;4.16&#8243; _module_preset=&#8221;default&#8221; author_font=&#8221;||||||||&#8221; author_text_color=&#8221;#002855&#8243; author_font_size=&#8221;16px&#8221; position_text_color=&#8221;#004b87&#8243; global_colors_info=&#8221;{}&#8221;]<\/p>\n<p>Lorem ipsum dolor sit amet, consectetur adipiscing elit. Nam id tristique lectus, vel pretium ipsum. Aliquam fermentum velit sit amet odio laoreet, id facilisis justo tempor. Ut gravida vitae mauris vel aliquam. Donec id quam blandit, molestie elit ut, ultricies arcu. Vivamus vitae dui enim. Phasellus id justo nec leo ultricies porttitor. In ac lacus a purus gravida tristique. Nunc lobortis neque posuere vehicula luctus. Nulla sollicitudin tincidunt aliquam.<\/p>\n<p>[\/et_pb_testimonial][\/et_pb_column][\/et_pb_row][\/et_pb_section]<\/p>\n","protected":false},"excerpt":{"rendered":"<p>Certificat de Professionalitat d\u2019Atenci\u00f3 Sociosanit\u00e0ria a Persones Dependents en Institucions Socials L&#8217;Escola d&#8217;Oficis Catalunya \u00e9s\u00a0un centre homologat per a la\u00a0realitzaci\u00f3 de la formaci\u00f3 del\u00a0Certificat de Professionalitat en Atenci\u00f3 Sociosanit\u00e0ria a persones dependents en Institucions Socials. Un t\u00edtol, amb car\u00e0cter oficial.Aconsegueix el teu Certificat de Professionalitat Oficial Una vegada superat el per\u00edode de formaci\u00f3 obtindr\u00e0s la\u00a0certificaci\u00f3 oficial expedida\u00a0pel\u00a0SOC que t&#8217;acreditar\u00e0 per poder treballar complint la resoluci\u00f3 del BOE 2015-12394 i el Reial Decret 1368\/2007. L&#8217;obtenci\u00f3 d\u2019aquest t\u00edtol oficial ser\u00e0 indispensable per treballar en l&#8217;atenci\u00f3 a persones a partir del 31 de desembre de 2017. Amb aquest curs d\u2019Atenci\u00f3 Sociosanit\u00e0ria estar\u00e0s capacitat per treballar dins el\u00a0sector sociosanitari\u00a0com: centres residencials per a la 3a edat, centres residencials per a discapacitats ps\u00edquics, f\u00edsics o sensorials, centres de dia, centres de nit per a atenci\u00f3 a persones dependents i centres d\u2019oci i temps lliure per a persones dependents.Certificat de Professionalitat SSCS208.Exclusivament en modalitat presencial.Durada: 370 hores te\u00f2riques i 80 hores pr\u00e0ctiques.Pr\u00e0ctiques internes \/ externes.Contacta amb nosaltres *Dades obligat\u00f2riesLa comunicaci\u00f3 enviada quedar\u00e0 incorporada a un fitxer del que \u00e9s responsable\u00a0ESCOLA D&#8217;OFICIS CATALUNYA S.L.\u00a0Aquesta comunicaci\u00f3 es far\u00e0 servir exclusivament per tractar les seves dades per atendre la seva sol\u00b7licitud, sempre de conformitat amb el Reglament (UE) 2016\/679 [&hellip;]<\/p>\n","protected":false},"author":6,"featured_media":7614,"parent":0,"menu_order":0,"comment_status":"closed","ping_status":"closed","template":"","meta":{"_et_pb_use_builder":"on","_et_pb_old_content":"","_et_gb_content_width":"","footnotes":""},"class_list":["post-7560","page","type-page","status-publish","has-post-thumbnail","hentry"],"yoast_head":"<!-- This site is optimized with the Yoast SEO plugin v27.5 - https:\/\/yoast.com\/product\/yoast-seo-wordpress\/ -->\n<title>Atenci\u00f3 Sociosanit\u00e0ria a persones dependents | CP Oficial<\/title>\n<meta name=\"description\" content=\"Certificat de Professionalitat d&#039;Atenci\u00f3 Sociosanit\u00e0ria a persones dependents en Institucions Socials. Formaci\u00f3 homologada.\" \/>\n<meta name=\"robots\" content=\"index, follow, max-snippet:-1, max-image-preview:large, max-video-preview:-1\" \/>\n<link rel=\"canonical\" href=\"https:\/\/eoc.cat\/ca\/cp-atencio-sociosanitaria\/\" \/>\n<meta property=\"og:locale\" content=\"ca_ES\" \/>\n<meta property=\"og:type\" content=\"article\" \/>\n<meta property=\"og:title\" content=\"Atenci\u00f3 Sociosanit\u00e0ria a persones dependents | CP Oficial\" \/>\n<meta property=\"og:description\" content=\"Certificat de Professionalitat d&#039;Atenci\u00f3 Sociosanit\u00e0ria a persones dependents en Institucions Socials. Formaci\u00f3 homologada.\" \/>\n<meta property=\"og:url\" content=\"https:\/\/eoc.cat\/ca\/cp-atencio-sociosanitaria\/\" \/>\n<meta property=\"og:site_name\" content=\"Escola d&#039;Oficis Catalunya\" \/>\n<meta property=\"article:publisher\" content=\"https:\/\/www.facebook.com\/EscoladOficisCatalunya\" \/>\n<meta property=\"article:modified_time\" content=\"2026-04-10T11:27:39+00:00\" \/>\n<meta property=\"og:image\" content=\"https:\/\/eoc.cat\/wp-content\/uploads\/2020\/12\/cp-sociosanitari.jpg\" \/>\n\t<meta property=\"og:image:width\" content=\"1200\" \/>\n\t<meta property=\"og:image:height\" content=\"628\" \/>\n\t<meta property=\"og:image:type\" content=\"image\/jpeg\" \/>\n<meta name=\"twitter:card\" content=\"summary_large_image\" \/>\n<meta name=\"twitter:title\" content=\"Atenci\u00f3 Sociosanit\u00e0ria a persones dependents | CP Oficial\" \/>\n<meta name=\"twitter:description\" content=\"Certificat de Professionalitat d&#039;Atenci\u00f3 Sociosanit\u00e0ria a persones dependents en Institucions Socials. Formaci\u00f3 homologada.\" \/>\n<meta name=\"twitter:image\" content=\"https:\/\/eoc.cat\/wp-content\/uploads\/2020\/12\/cp-sociosanitari.jpg\" \/>\n<meta name=\"twitter:site\" content=\"@escoficat\" \/>\n<script type=\"application\/ld+json\" class=\"yoast-schema-graph\">{\"@context\":\"https:\\\/\\\/schema.org\",\"@graph\":[{\"@type\":\"WebPage\",\"@id\":\"https:\\\/\\\/eoc.cat\\\/ca\\\/cp-atencio-sociosanitaria\\\/\",\"url\":\"https:\\\/\\\/eoc.cat\\\/ca\\\/cp-atencio-sociosanitaria\\\/\",\"name\":\"Atenci\u00f3 Sociosanit\u00e0ria a persones dependents | CP Oficial\",\"isPartOf\":{\"@id\":\"https:\\\/\\\/eoc.cat\\\/#website\"},\"primaryImageOfPage\":{\"@id\":\"https:\\\/\\\/eoc.cat\\\/ca\\\/cp-atencio-sociosanitaria\\\/#primaryimage\"},\"image\":{\"@id\":\"https:\\\/\\\/eoc.cat\\\/ca\\\/cp-atencio-sociosanitaria\\\/#primaryimage\"},\"thumbnailUrl\":\"https:\\\/\\\/eoc.cat\\\/wp-content\\\/uploads\\\/2020\\\/12\\\/cp-sociosanitari.jpg\",\"datePublished\":\"2020-12-29T11:53:46+00:00\",\"dateModified\":\"2026-04-10T11:27:39+00:00\",\"description\":\"Certificat de Professionalitat d'Atenci\u00f3 Sociosanit\u00e0ria a persones dependents en Institucions Socials. Formaci\u00f3 homologada.\",\"breadcrumb\":{\"@id\":\"https:\\\/\\\/eoc.cat\\\/ca\\\/cp-atencio-sociosanitaria\\\/#breadcrumb\"},\"inLanguage\":\"ca\",\"potentialAction\":[{\"@type\":\"ReadAction\",\"target\":[\"https:\\\/\\\/eoc.cat\\\/ca\\\/cp-atencio-sociosanitaria\\\/\"]}]},{\"@type\":\"ImageObject\",\"inLanguage\":\"ca\",\"@id\":\"https:\\\/\\\/eoc.cat\\\/ca\\\/cp-atencio-sociosanitaria\\\/#primaryimage\",\"url\":\"https:\\\/\\\/eoc.cat\\\/wp-content\\\/uploads\\\/2020\\\/12\\\/cp-sociosanitari.jpg\",\"contentUrl\":\"https:\\\/\\\/eoc.cat\\\/wp-content\\\/uploads\\\/2020\\\/12\\\/cp-sociosanitari.jpg\",\"width\":1200,\"height\":628,\"caption\":\"CP sociosanitari\"},{\"@type\":\"BreadcrumbList\",\"@id\":\"https:\\\/\\\/eoc.cat\\\/ca\\\/cp-atencio-sociosanitaria\\\/#breadcrumb\",\"itemListElement\":[{\"@type\":\"ListItem\",\"position\":1,\"name\":\"Portada\",\"item\":\"https:\\\/\\\/eoc.cat\\\/ca\\\/\"},{\"@type\":\"ListItem\",\"position\":2,\"name\":\"Atenci\u00f3 Sociosanit\u00e0ria a Persones Dependents en Institucions Socials\"}]},{\"@type\":\"WebSite\",\"@id\":\"https:\\\/\\\/eoc.cat\\\/#website\",\"url\":\"https:\\\/\\\/eoc.cat\\\/\",\"name\":\"Escola d'Oficis Catalunya\",\"description\":\"Escuela de formaci\u00f3n profesional para adultos y j\u00f3venes\",\"publisher\":{\"@id\":\"https:\\\/\\\/eoc.cat\\\/#organization\"},\"alternateName\":\"EOC\",\"potentialAction\":[{\"@type\":\"SearchAction\",\"target\":{\"@type\":\"EntryPoint\",\"urlTemplate\":\"https:\\\/\\\/eoc.cat\\\/?s={search_term_string}\"},\"query-input\":{\"@type\":\"PropertyValueSpecification\",\"valueRequired\":true,\"valueName\":\"search_term_string\"}}],\"inLanguage\":\"ca\"},{\"@type\":\"Organization\",\"@id\":\"https:\\\/\\\/eoc.cat\\\/#organization\",\"name\":\"Escola d'Oficis Catalunya\",\"alternateName\":\"EOC\",\"url\":\"https:\\\/\\\/eoc.cat\\\/\",\"logo\":{\"@type\":\"ImageObject\",\"inLanguage\":\"ca\",\"@id\":\"https:\\\/\\\/eoc.cat\\\/#\\\/schema\\\/logo\\\/image\\\/\",\"url\":\"https:\\\/\\\/eoc.cat\\\/wp-content\\\/uploads\\\/2020\\\/12\\\/eoc-logotipo.png\",\"contentUrl\":\"https:\\\/\\\/eoc.cat\\\/wp-content\\\/uploads\\\/2020\\\/12\\\/eoc-logotipo.png\",\"width\":274,\"height\":118,\"caption\":\"Escola d'Oficis Catalunya\"},\"image\":{\"@id\":\"https:\\\/\\\/eoc.cat\\\/#\\\/schema\\\/logo\\\/image\\\/\"},\"sameAs\":[\"https:\\\/\\\/www.facebook.com\\\/EscoladOficisCatalunya\",\"https:\\\/\\\/x.com\\\/escoficat\",\"https:\\\/\\\/www.instagram.com\\\/escoladoficiscatalunya\\\/\",\"https:\\\/\\\/www.linkedin.com\\\/school\\\/escoladoficiscatalunya\\\/\",\"https:\\\/\\\/www.youtube.com\\\/channel\\\/UC_HLShkY7t1pf1CrXPw-gRQ\"]}]}<\/script>\n<!-- \/ Yoast SEO plugin. -->","yoast_head_json":{"title":"Atenci\u00f3 Sociosanit\u00e0ria a persones dependents | CP Oficial","description":"Certificat de Professionalitat d'Atenci\u00f3 Sociosanit\u00e0ria a persones dependents en Institucions Socials. Formaci\u00f3 homologada.","robots":{"index":"index","follow":"follow","max-snippet":"max-snippet:-1","max-image-preview":"max-image-preview:large","max-video-preview":"max-video-preview:-1"},"canonical":"https:\/\/eoc.cat\/ca\/cp-atencio-sociosanitaria\/","og_locale":"ca_ES","og_type":"article","og_title":"Atenci\u00f3 Sociosanit\u00e0ria a persones dependents | CP Oficial","og_description":"Certificat de Professionalitat d'Atenci\u00f3 Sociosanit\u00e0ria a persones dependents en Institucions Socials. Formaci\u00f3 homologada.","og_url":"https:\/\/eoc.cat\/ca\/cp-atencio-sociosanitaria\/","og_site_name":"Escola d&#039;Oficis Catalunya","article_publisher":"https:\/\/www.facebook.com\/EscoladOficisCatalunya","article_modified_time":"2026-04-10T11:27:39+00:00","og_image":[{"width":1200,"height":628,"url":"https:\/\/eoc.cat\/wp-content\/uploads\/2020\/12\/cp-sociosanitari.jpg","type":"image\/jpeg"}],"twitter_card":"summary_large_image","twitter_title":"Atenci\u00f3 Sociosanit\u00e0ria a persones dependents | CP Oficial","twitter_description":"Certificat de Professionalitat d'Atenci\u00f3 Sociosanit\u00e0ria a persones dependents en Institucions Socials. Formaci\u00f3 homologada.","twitter_image":"https:\/\/eoc.cat\/wp-content\/uploads\/2020\/12\/cp-sociosanitari.jpg","twitter_site":"@escoficat","schema":{"@context":"https:\/\/schema.org","@graph":[{"@type":"WebPage","@id":"https:\/\/eoc.cat\/ca\/cp-atencio-sociosanitaria\/","url":"https:\/\/eoc.cat\/ca\/cp-atencio-sociosanitaria\/","name":"Atenci\u00f3 Sociosanit\u00e0ria a persones dependents | CP Oficial","isPartOf":{"@id":"https:\/\/eoc.cat\/#website"},"primaryImageOfPage":{"@id":"https:\/\/eoc.cat\/ca\/cp-atencio-sociosanitaria\/#primaryimage"},"image":{"@id":"https:\/\/eoc.cat\/ca\/cp-atencio-sociosanitaria\/#primaryimage"},"thumbnailUrl":"https:\/\/eoc.cat\/wp-content\/uploads\/2020\/12\/cp-sociosanitari.jpg","datePublished":"2020-12-29T11:53:46+00:00","dateModified":"2026-04-10T11:27:39+00:00","description":"Certificat de Professionalitat d'Atenci\u00f3 Sociosanit\u00e0ria a persones dependents en Institucions Socials. Formaci\u00f3 homologada.","breadcrumb":{"@id":"https:\/\/eoc.cat\/ca\/cp-atencio-sociosanitaria\/#breadcrumb"},"inLanguage":"ca","potentialAction":[{"@type":"ReadAction","target":["https:\/\/eoc.cat\/ca\/cp-atencio-sociosanitaria\/"]}]},{"@type":"ImageObject","inLanguage":"ca","@id":"https:\/\/eoc.cat\/ca\/cp-atencio-sociosanitaria\/#primaryimage","url":"https:\/\/eoc.cat\/wp-content\/uploads\/2020\/12\/cp-sociosanitari.jpg","contentUrl":"https:\/\/eoc.cat\/wp-content\/uploads\/2020\/12\/cp-sociosanitari.jpg","width":1200,"height":628,"caption":"CP sociosanitari"},{"@type":"BreadcrumbList","@id":"https:\/\/eoc.cat\/ca\/cp-atencio-sociosanitaria\/#breadcrumb","itemListElement":[{"@type":"ListItem","position":1,"name":"Portada","item":"https:\/\/eoc.cat\/ca\/"},{"@type":"ListItem","position":2,"name":"Atenci\u00f3 Sociosanit\u00e0ria a Persones Dependents en Institucions Socials"}]},{"@type":"WebSite","@id":"https:\/\/eoc.cat\/#website","url":"https:\/\/eoc.cat\/","name":"Escola d'Oficis Catalunya","description":"Escuela de formaci\u00f3n profesional para adultos y j\u00f3venes","publisher":{"@id":"https:\/\/eoc.cat\/#organization"},"alternateName":"EOC","potentialAction":[{"@type":"SearchAction","target":{"@type":"EntryPoint","urlTemplate":"https:\/\/eoc.cat\/?s={search_term_string}"},"query-input":{"@type":"PropertyValueSpecification","valueRequired":true,"valueName":"search_term_string"}}],"inLanguage":"ca"},{"@type":"Organization","@id":"https:\/\/eoc.cat\/#organization","name":"Escola d'Oficis Catalunya","alternateName":"EOC","url":"https:\/\/eoc.cat\/","logo":{"@type":"ImageObject","inLanguage":"ca","@id":"https:\/\/eoc.cat\/#\/schema\/logo\/image\/","url":"https:\/\/eoc.cat\/wp-content\/uploads\/2020\/12\/eoc-logotipo.png","contentUrl":"https:\/\/eoc.cat\/wp-content\/uploads\/2020\/12\/eoc-logotipo.png","width":274,"height":118,"caption":"Escola d'Oficis Catalunya"},"image":{"@id":"https:\/\/eoc.cat\/#\/schema\/logo\/image\/"},"sameAs":["https:\/\/www.facebook.com\/EscoladOficisCatalunya","https:\/\/x.com\/escoficat","https:\/\/www.instagram.com\/escoladoficiscatalunya\/","https:\/\/www.linkedin.com\/school\/escoladoficiscatalunya\/","https:\/\/www.youtube.com\/channel\/UC_HLShkY7t1pf1CrXPw-gRQ"]}]}},"_links":{"self":[{"href":"https:\/\/eoc.cat\/ca\/wp-json\/wp\/v2\/pages\/7560","targetHints":{"allow":["GET"]}}],"collection":[{"href":"https:\/\/eoc.cat\/ca\/wp-json\/wp\/v2\/pages"}],"about":[{"href":"https:\/\/eoc.cat\/ca\/wp-json\/wp\/v2\/types\/page"}],"author":[{"embeddable":true,"href":"https:\/\/eoc.cat\/ca\/wp-json\/wp\/v2\/users\/6"}],"replies":[{"embeddable":true,"href":"https:\/\/eoc.cat\/ca\/wp-json\/wp\/v2\/comments?post=7560"}],"version-history":[{"count":27,"href":"https:\/\/eoc.cat\/ca\/wp-json\/wp\/v2\/pages\/7560\/revisions"}],"predecessor-version":[{"id":15842,"href":"https:\/\/eoc.cat\/ca\/wp-json\/wp\/v2\/pages\/7560\/revisions\/15842"}],"wp:featuredmedia":[{"embeddable":true,"href":"https:\/\/eoc.cat\/ca\/wp-json\/wp\/v2\/media\/7614"}],"wp:attachment":[{"href":"https:\/\/eoc.cat\/ca\/wp-json\/wp\/v2\/media?parent=7560"}],"curies":[{"name":"wp","href":"https:\/\/api.w.org\/{rel}","templated":true}]}}