{"id":7925,"date":"2020-12-31T15:19:50","date_gmt":"2020-12-31T14:19:50","guid":{"rendered":"https:\/\/eoc.cat\/?page_id=7925"},"modified":"2026-04-10T13:34:12","modified_gmt":"2026-04-10T11:34:12","slug":"auxiliar-de-quirofan","status":"publish","type":"page","link":"https:\/\/eoc.cat\/ca\/auxiliar-de-quirofan\/","title":{"rendered":"Curs d&#8217;Auxiliar de Quir\u00f2fan"},"content":{"rendered":"<p>[et_pb_section fb_built=&#8221;1&#8243; admin_label=&#8221;MOLLES DE PA CURSOS CA&#8221; _builder_version=&#8221;4.16&#8243; _module_preset=&#8221;default&#8221; global_colors_info=&#8221;{}&#8221;][et_pb_row column_structure=&#8221;3_4,1_4&#8243; make_equal=&#8221;on&#8221; _builder_version=&#8221;4.16&#8243; _module_preset=&#8221;default&#8221; global_colors_info=&#8221;{}&#8221;][et_pb_column type=&#8221;3_4&#8243; _builder_version=&#8221;4.16&#8243; _module_preset=&#8221;default&#8221; global_colors_info=&#8221;{}&#8221;][et_pb_dmb_breadcrumbs font_icon=&#8221;&#x35;||divi||400&#8243; _builder_version=&#8221;4.16&#8243; _module_preset=&#8221;default&#8221; body_text_align=&#8221;left&#8221; link_text_color=&#8221;#004b87&#8243; linkhover_text_color=&#8221;#002855&#8243; custom_padding=&#8221;10px||||false|false&#8221; global_colors_info=&#8221;{}&#8221;][\/et_pb_dmb_breadcrumbs][\/et_pb_column][et_pb_column type=&#8221;1_4&#8243; _builder_version=&#8221;4.16&#8243; _module_preset=&#8221;default&#8221; global_colors_info=&#8221;{}&#8221;][et_pb_image src=&#8221;https:\/\/eoc.cat\/wp-content\/uploads\/2020\/12\/i-quirofano.png&#8221; alt=&#8221;icona curs auxiliar quir\u00f2fan&#8221; title_text=&#8221;icona curs auxiliar quir\u00f2fan&#8221; align=&#8221;right&#8221; disabled_on=&#8221;on|off|off&#8221; admin_label=&#8221;icona curs auxiliar quir\u00f2fan&#8221; _builder_version=&#8221;4.16&#8243; _module_preset=&#8221;default&#8221; global_colors_info=&#8221;{}&#8221;][\/et_pb_image][\/et_pb_column][\/et_pb_row][\/et_pb_section][et_pb_section fb_built=&#8221;1&#8243; admin_label=&#8221;CAP\u00c7ALERA CURS CA&#8221; _builder_version=&#8221;4.16&#8243; _module_preset=&#8221;default&#8221; background_color=&#8221;#004b87&#8243; global_colors_info=&#8221;{}&#8221;][et_pb_row column_structure=&#8221;1_2,1_2&#8243; _builder_version=&#8221;4.16&#8243; _module_preset=&#8221;default&#8221; global_colors_info=&#8221;{}&#8221;][et_pb_column type=&#8221;1_2&#8243; _builder_version=&#8221;4.16&#8243; _module_preset=&#8221;default&#8221; global_colors_info=&#8221;{}&#8221;][et_pb_text admin_label=&#8221;H1 + intro&#8221; _builder_version=&#8221;4.16&#8243; _module_preset=&#8221;default&#8221; background_layout=&#8221;dark&#8221; global_colors_info=&#8221;{}&#8221;]<\/p>\n<h1>Curs d\u2019Auxiliar de Quir\u00f2fan i central d\u2019esterilitzaci\u00f3 i equips<\/h1>\n<p>Anima\u2019t a iniciar el Curs d\u2019Auxiliar de Quir\u00f2fan i dedica el teu futur professional als altres.[\/et_pb_text][et_pb_button button_url=&#8221;#contacte&#8221; button_text=&#8221;contactar ara&#8221; button_alignment=&#8221;left&#8221; admin_label=&#8221;bot\u00f3: contactar ara&#8221; _builder_version=&#8221;4.16&#8243; _module_preset=&#8221;default&#8221; custom_button=&#8221;on&#8221; button_bg_color=&#8221;#ffffff&#8221; button_border_color=&#8221;rgba(0,0,0,0)&#8221; button_border_radius=&#8221;100px&#8221; button_use_icon=&#8221;off&#8221; global_colors_info=&#8221;{}&#8221; button_bg_color__hover_enabled=&#8221;on|hover&#8221; button_bg_color__hover=&#8221;rgba(217,217,214,0.2)&#8221; button_bg_enable_color__hover=&#8221;on&#8221;][\/et_pb_button][\/et_pb_column][et_pb_column type=&#8221;1_2&#8243; _builder_version=&#8221;4.16&#8243; _module_preset=&#8221;default&#8221; global_colors_info=&#8221;{}&#8221;][et_pb_image src=&#8221;https:\/\/eoc.cat\/wp-content\/uploads\/2020\/12\/c-aux-quirofano.jpg&#8221; alt=&#8221;curs d&#8217;auxiliar de quir\u00f2fan&#8221; title_text=&#8221;curs d&#8217;auxiliar de quir\u00f2fan&#8221; admin_label=&#8221;curs d&#8217;auxiliar de quir\u00f2fan&#8221; _builder_version=&#8221;4.16&#8243; _module_preset=&#8221;default&#8221; global_colors_info=&#8221;{}&#8221;][\/et_pb_image][\/et_pb_column][\/et_pb_row][\/et_pb_section][et_pb_section fb_built=&#8221;1&#8243; admin_label=&#8221;SECCI\u00d3 CURS FORMULARI CA&#8221; _builder_version=&#8221;4.16&#8243; _module_preset=&#8221;default&#8221; global_colors_info=&#8221;{}&#8221;][et_pb_row column_structure=&#8221;1_2,1_2&#8243; _builder_version=&#8221;4.16&#8243; _module_preset=&#8221;default&#8221; global_colors_info=&#8221;{}&#8221;][et_pb_column type=&#8221;1_2&#8243; _builder_version=&#8221;4.16&#8243; _module_preset=&#8221;default&#8221; global_colors_info=&#8221;{}&#8221;][et_pb_text admin_label=&#8221;H2 + text&#8221; _builder_version=&#8221;4.16&#8243; _module_preset=&#8221;default&#8221; header_2_font_size=&#8221;25px&#8221; header_2_line_height=&#8221;1.2em&#8221; global_colors_info=&#8221;{}&#8221;]<\/p>\n<h2>Mou-te amb flu\u00efdesa en una sala d\u2019operacions<\/h2>\n<p>El\u00a0<strong>Curs d\u2019Auxiliar de Quir\u00f2fan<\/strong>\u00a0<strong>i central d\u2019esterilitzaci\u00f3 i equips\u00a0<\/strong>t\u2019ajudar\u00e0 a obtenir els coneixements i habilitats necess\u00e0ries per treballar al servei de quir\u00f2fan i en l\u2019\u00e0rea d\u2019esterilitzaci\u00f3. Podr\u00e0s col\u00b7laborar amb el servei d\u2019infermeria com un membre de l\u2019equip quir\u00fargic sota la seva supervisi\u00f3, preparant el quir\u00f2fan, preparant al pacient, l\u2019instrumental, etc.<\/p>\n<p>\u00c9s un curs orientat a aconseguir una especialitzaci\u00f3 que completar\u00e0 la teva formaci\u00f3 professional i et permetr\u00e0 guanyar les teves primeres experi\u00e8ncies al centre d\u2019estudis.<\/p>\n<p>Els pacients necessiten professionals sanitaris com tu![\/et_pb_text][et_pb_blurb use_icon=&#8221;on&#8221; font_icon=&#8221;&#x68;||divi||400&#8243; icon_placement=&#8221;left&#8221; admin_label=&#8221;certificaci\u00f3&#8221; _builder_version=&#8221;4.16&#8243; _module_preset=&#8221;default&#8221; custom_padding=&#8221;25px||||false|false&#8221; animation=&#8221;off&#8221; border_width_top=&#8221;5px&#8221; border_color_top=&#8221;#004b87&#8243; global_colors_info=&#8221;{}&#8221;]Certificat d&#8217;Especialitzaci\u00f3 d&#8217;Escola d\u2019Oficis Catalunya.[\/et_pb_blurb][et_pb_blurb use_icon=&#8221;on&#8221; font_icon=&#8221;&#xe102;||divi||400&#8243; icon_placement=&#8221;left&#8221; admin_label=&#8221;modalitats&#8221; _builder_version=&#8221;4.16&#8243; _module_preset=&#8221;default&#8221; custom_padding=&#8221;25px||||false|false&#8221; animation=&#8221;off&#8221; border_width_top=&#8221;5px&#8221; border_color_top=&#8221;#004b87&#8243; global_colors_info=&#8221;{}&#8221;]<\/p>\n<p>Modalitat presencial, semipresencial, intensiva i online.<\/p>\n<p>[\/et_pb_blurb][et_pb_blurb use_icon=&#8221;on&#8221; font_icon=&#8221;&#xe023;||divi||400&#8243; icon_color=&#8221;#002855&#8243; icon_placement=&#8221;left&#8221; admin_label=&#8221;durada&#8221; _builder_version=&#8221;4.16&#8243; _module_preset=&#8221;default&#8221; custom_padding=&#8221;25px||||false|false&#8221; animation=&#8221;off&#8221; border_width_top=&#8221;5px&#8221; border_color_top=&#8221;#004b87&#8243; global_colors_info=&#8221;{}&#8221;]<\/p>\n<p>Durada: de 7 a 9 mesos.<\/p>\n<p>[\/et_pb_blurb][et_pb_blurb use_icon=&#8221;on&#8221; font_icon=&#8221;&#xe0ef;||divi||400&#8243; icon_color=&#8221;#002855&#8243; icon_placement=&#8221;left&#8221; admin_label=&#8221;pr\u00e0ctiques&#8221; _builder_version=&#8221;4.16&#8243; _module_preset=&#8221;default&#8221; custom_padding=&#8221;25px||15px||false|false&#8221; animation=&#8221;off&#8221; border_width_top=&#8221;5px&#8221; border_color_top=&#8221;#004b87&#8243; border_width_bottom=&#8221;5px&#8221; border_color_bottom=&#8221;#004b87&#8243; global_colors_info=&#8221;{}&#8221;]Pr\u00e0ctiques internes \/ externes.[\/et_pb_blurb][\/et_pb_column][et_pb_column type=&#8221;1_2&#8243; _builder_version=&#8221;4.16&#8243; _module_preset=&#8221;default&#8221; global_colors_info=&#8221;{}&#8221;][et_pb_text admin_label=&#8221;H2 + text&#8221; module_id=&#8221;contacte&#8221; _builder_version=&#8221;4.16&#8243; _module_preset=&#8221;default&#8221; header_2_font_size=&#8221;25px&#8221; header_2_line_height=&#8221;1.2em&#8221; global_colors_info=&#8221;{}&#8221;]<\/p>\n<h2>Contacta amb nosaltres<\/h2>\n<p style=\"text-align: right;\">*Dades obligat\u00f2ries<\/p>\n<p>[\/et_pb_text][et_pb_contact_form use_spam_service=&#8221;on&#8221; recaptcha_list=&#8221;eoccat|eoccat-0&#8243; email=&#8221;asesoria@escoficat.com, estadisticas@escoficat.com&#8221; custom_message=&#8221;FORMULARI ENVIAT DES DE LA P\u00c0GINA DEL CURS D&#8217;AUXILIAR DE QUIR\u00d2FAN||et_pb_line_break_holder||||et_pb_line_break_holder||De: %%nom%%||et_pb_line_break_holder||E-mail: %%email%%||et_pb_line_break_holder||Tel\u00e8fon: %%telefon%%||et_pb_line_break_holder||Codi Postal: %%codipostal%%||et_pb_line_break_holder||Canal pel qual ens ha conegut: %%conegut%%||et_pb_line_break_holder||L&#8217;usuari indica que ens ha conegut per un altre m\u00e8tode: %%altres%%||et_pb_line_break_holder||Modalitat: %%modalitat%%||et_pb_line_break_holder||||et_pb_line_break_holder||Comentaris:||et_pb_line_break_holder||%%comentaris%%||et_pb_line_break_holder||||et_pb_line_break_holder||Acceptaci\u00f3 pol\u00edtica de privacitat: %%politiques%% pol\u00edtica de privacitat.||et_pb_line_break_holder||Acceptaci\u00f3 enviament de comunicacions: %%comunicacions%%.&#8221; use_redirect=&#8221;on&#8221; redirect_url=&#8221;https:\/\/eoc.cat\/ca\/formulari-enviat\/&#8221; success_message=&#8221;Gr\u00e0cies per contactar-nos!&#8221; submit_button_text=&#8221; posar-me en contacte&#8221; admin_label=&#8221;FORMULARI SANITARI CA&#8221; module_id=&#8221;et_pb_contact_form_0&#8243; _builder_version=&#8221;4.27.6&#8243; _unique_id=&#8221;4cb0e3d2-8af3-42ce-a4ab-235114bec226&#8243; form_field_background_color=&#8221;rgba(255,255,255,0.7)&#8221; form_field_text_color=&#8221;#1c2457&#8243; title_text_color=&#8221;#1e73be&#8221; background_size=&#8221;initial&#8221; background_position=&#8221;top_left&#8221; background_repeat=&#8221;repeat&#8221; custom_button=&#8221;on&#8221; button_text_color=&#8221;#1e73be&#8221; button_bg_color=&#8221;rgba(255,255,255,0.7)&#8221; button_use_icon=&#8221;off&#8221; hover_enabled=&#8221;0&#8243; border_radii=&#8221;on|2px|2px|2px|2px&#8221; border_width_all=&#8221;2px&#8221; border_color_all=&#8221;#1e73be&#8221; use_border_color=&#8221;on&#8221; form_background_color=&#8221;rgba(255,255,255,0.7)&#8221; saved_tabs=&#8221;all&#8221; global_colors_info=&#8221;{}&#8221; sticky_enabled=&#8221;0&#8243;][et_pb_contact_field field_id=&#8221;nom&#8221; field_title=&#8221;Nom complet*&#8221; _builder_version=&#8221;4.16&#8243; form_field_text_color=&#8221;#1c2457&#8243; form_field_font=&#8221;||||&#8221; use_border_color=&#8221;on&#8221; border_color=&#8221;#1e73be&#8221; border_width=&#8221;2&#8243; border_style=&#8221;solid&#8221; input_border_radius=&#8221;0&#8243; global_colors_info=&#8221;{}&#8221;][\/et_pb_contact_field][et_pb_contact_field field_id=&#8221;email&#8221; field_title=&#8221;E-mail*&#8221; field_type=&#8221;email&#8221; _builder_version=&#8221;4.16&#8243; form_field_font=&#8221;||||&#8221; use_border_color=&#8221;off&#8221; border_style=&#8221;solid&#8221; input_border_radius=&#8221;0&#8243; global_colors_info=&#8221;{}&#8221;][\/et_pb_contact_field][et_pb_contact_field field_id=&#8221;telefon&#8221; field_title=&#8221;Tel\u00e8fon*&#8221; min_length=&#8221;9&#8243; max_length=&#8221;17&#8243; _builder_version=&#8221;4.16&#8243; form_field_font=&#8221;||||&#8221; use_border_color=&#8221;off&#8221; border_style=&#8221;solid&#8221; input_border_radius=&#8221;0&#8243; global_colors_info=&#8221;{}&#8221;][\/et_pb_contact_field][et_pb_contact_field field_id=&#8221;codipostal&#8221; field_title=&#8221;Codi Postal*&#8221; min_length=&#8221;5&#8243; max_length=&#8221;5&#8243; allowed_symbols=&#8221;numbers&#8221; _builder_version=&#8221;4.16&#8243; form_field_font=&#8221;||||&#8221; use_border_color=&#8221;off&#8221; border_style=&#8221;solid&#8221; input_border_radius=&#8221;0&#8243; global_colors_info=&#8221;{}&#8221;][\/et_pb_contact_field][et_pb_contact_field field_id=&#8221;conegut&#8221; field_title=&#8221;Com ens has conegut?&#8221; _builder_version=&#8221;4.27.6&#8243; form_field_font=&#8221;||||&#8221; hover_enabled=&#8221;0&#8243; use_border_color=&#8221;off&#8221; border_style=&#8221;solid&#8221; input_border_radius=&#8221;0&#8243; global_colors_info=&#8221;{}&#8221; required_mark=&#8221;off&#8221; field_type=&#8221;select&#8221; select_options=&#8221;%91{%22value%22:%22Cercador de Google%22,%22checked%22:0,%22dragID%22:-1},{%22value%22:%22Xarxes Socials%22,%22checked%22:0,%22dragID%22:0},{%22value%22:%22Portals educatius online%22,%22checked%22:0,%22dragID%22:1},{%22value%22:%22Recomanaci\u00f3 d&#8217;una altra persona%22,%22checked%22:0,%22dragID%22:2},{%22value%22:%22Assistent Intel\u00b7lig\u00e8ncia Artificial%22,%22checked%22:0,%22dragID%22:3},{%22value%22:%22Altres&#8230;%22,%22checked%22:0,%22dragID%22:4}%93&#8243; sticky_enabled=&#8221;0&#8243;][\/et_pb_contact_field][et_pb_contact_field field_id=&#8221;altres&#8221; field_title=&#8221;Indica&#8217;ns aquest altre m\u00e8tode pel qual ens has conegut&#8230;&#8221; _builder_version=&#8221;4.27.6&#8243; form_field_font=&#8221;||||&#8221; hover_enabled=&#8221;0&#8243; use_border_color=&#8221;off&#8221; border_style=&#8221;solid&#8221; input_border_radius=&#8221;0&#8243; global_colors_info=&#8221;{}&#8221; required_mark=&#8221;off&#8221; field_type=&#8221;text&#8221; sticky_enabled=&#8221;0&#8243; conditional_logic=&#8221;on&#8221; conditional_logic_rules=&#8221;%91{%22field%22:%22conegut%22,%22condition%22:%22is%22,%22value%22:%22Altres&#8230;%22}%93&#8243;][\/et_pb_contact_field][et_pb_contact_field field_id=&#8221;modalitat&#8221; field_title=&#8221;Modalitat que t&#8217;interessa*&#8221; field_type=&#8221;select&#8221; select_options=&#8221;%91{%22value%22:%22Presencial%22,%22checked%22:0,%22dragID%22:-1},{%22value%22:%22Semipresencial%22,%22checked%22:0,%22dragID%22:0},{%22value%22:%22Intensiva%22,%22checked%22:0,%22dragID%22:1},{%22value%22:%22Online%22,%22checked%22:0,%22dragID%22:2}%93&#8243; fullwidth_field=&#8221;on&#8221; _builder_version=&#8221;4.16&#8243; form_field_font=&#8221;||||&#8221; use_border_color=&#8221;off&#8221; border_style=&#8221;solid&#8221; input_border_radius=&#8221;0&#8243; global_colors_info=&#8221;{}&#8221;][\/et_pb_contact_field][et_pb_contact_field field_id=&#8221;comentaris&#8221; field_title=&#8221;Comentaris&#8221; field_type=&#8221;text&#8221; required_mark=&#8221;off&#8221; fullwidth_field=&#8221;on&#8221; _builder_version=&#8221;4.16&#8243; form_field_font=&#8221;||||&#8221; use_border_color=&#8221;off&#8221; border_style=&#8221;solid&#8221; input_border_radius=&#8221;0&#8243; global_colors_info=&#8221;{}&#8221;][\/et_pb_contact_field][et_pb_contact_field field_id=&#8221;politiques&#8221; field_type=&#8221;checkbox&#8221; checkbox_options=&#8221;%91{%22value%22:%22* S\u00ed, accepto la %22,%22checked%22:0,%22dragID%22:-1,%22link_text%22:%22pol\u00edtica de privacitat.%22,%22link_url%22:%22https:\/\/eoc.cat\/ca\/politica-privacitat\/%22}%93&#8243; fullwidth_field=&#8221;on&#8221; _builder_version=&#8221;4.16&#8243; form_field_font=&#8221;||||&#8221; use_border_color=&#8221;off&#8221; border_style=&#8221;solid&#8221; input_border_radius=&#8221;0&#8243; global_colors_info=&#8221;{}&#8221;][\/et_pb_contact_field][et_pb_contact_field field_id=&#8221;comunicacions&#8221; field_type=&#8221;checkbox&#8221; checkbox_options=&#8221;%91{%22value%22:%22S\u00ed, accepto les comunicacions.%22,%22checked%22:0,%22dragID%22:-1}%93&#8243; required_mark=&#8221;off&#8221; fullwidth_field=&#8221;on&#8221; _builder_version=&#8221;4.16&#8243; form_field_font=&#8221;||||&#8221; use_border_color=&#8221;off&#8221; border_style=&#8221;solid&#8221; input_border_radius=&#8221;0&#8243; global_colors_info=&#8221;{}&#8221;][\/et_pb_contact_field][\/et_pb_contact_form][et_pb_text admin_label=&#8221;TEXT LEGAL CA&#8221; _builder_version=&#8221;4.7.7&#8243; text_font=&#8221;||||||||&#8221; text_font_size=&#8221;11px&#8221; text_line_height=&#8221;1.2em&#8221; module_alignment=&#8221;left&#8221; global_module=&#8221;7568&#8243; saved_tabs=&#8221;all&#8221; global_colors_info=&#8221;{}&#8221;]<\/p>\n<p><span style=\"line-height: 1em; font-size: 12px;\">La comunicaci\u00f3 enviada quedar\u00e0 incorporada a un fitxer del que \u00e9s responsable\u00a0<strong>ESCOLA D&#8217;OFICIS CATALUNYA S.L.<\/strong>\u00a0Aquesta comunicaci\u00f3 es far\u00e0 servir exclusivament per tractar les seves dades per atendre la seva sol\u00b7licitud, sempre de conformitat amb el Reglament (UE) 2016\/679 de 27 d&#8217;abril de 2016 (RGPD), la Llei Org\u00e0nica 3\/2018 de 5 de desembre (LOPDGDD) y la resta de normativa legal vigent en mat\u00e8ria de protecci\u00f3 de dades personals. Les seves dades no es comunicaran a tercers, excepte per obligaci\u00f3 legal, i es mantindran mentre no sol\u00b7liciti la seva cancel\u00b7laci\u00f3. En qualsevol moment vost\u00e8 podr\u00e0 exercir els drets d&#8217;acc\u00e9s, rectificaci\u00f3, portabilitat i oposici\u00f3, i, si s&#8217;escau, la limitaci\u00f3 i cancel\u00b7laci\u00f3, mitjan\u00e7ant l&#8217;enviament d&#8217;un correu electr\u00f2nic a rgpg@escoficat.com.<\/span><\/p>\n<p>[\/et_pb_text][\/et_pb_column][\/et_pb_row][\/et_pb_section][et_pb_section fb_built=&#8221;1&#8243; admin_label=&#8221;DESC\u00c0RREGA PDF&#8221; _builder_version=&#8221;4.16&#8243; _module_preset=&#8221;default&#8221; background_color=&#8221;#004b87&#8243; global_colors_info=&#8221;{}&#8221;][et_pb_row column_structure=&#8221;3_4,1_4&#8243; _builder_version=&#8221;4.16&#8243; _module_preset=&#8221;default&#8221; global_colors_info=&#8221;{}&#8221;][et_pb_column type=&#8221;3_4&#8243; _builder_version=&#8221;4.16&#8243; _module_preset=&#8221;default&#8221; global_colors_info=&#8221;{}&#8221;][et_pb_text admin_label=&#8221;H2 + text&#8221; _builder_version=&#8221;4.16&#8243; _module_preset=&#8221;default&#8221; header_2_font_size=&#8221;25px&#8221; header_2_line_height=&#8221;1.2em&#8221; background_layout=&#8221;dark&#8221; global_colors_info=&#8221;{}&#8221;]<\/p>\n<h2>El curs de formaci\u00f3 professional de quir\u00f2fan que necessites<\/h2>\n<p>Escola d\u2019Oficis Catalunya et prepara perqu\u00e8 et converteixis en un auxiliar de quir\u00f2fan professional. Els docents del curs de quir\u00f2fan et preparen de forma te\u00f2rica i pr\u00e0ctica perqu\u00e8 puguis exercir i estar a l\u2019altura de les expectatives del teu lloc de treball.<\/p>\n<p>Comen\u00e7a ara la teva formaci\u00f3 d\u2019auxiliar de quir\u00f2fan!<\/p>\n<p>[\/et_pb_text][\/et_pb_column][et_pb_column type=&#8221;1_4&#8243; _builder_version=&#8221;4.16&#8243; _module_preset=&#8221;default&#8221; global_colors_info=&#8221;{}&#8221;][et_pb_blurb title=&#8221;Descarrega el temari del Curs d&#8217;Auxiliar de Quir\u00f2fan en PDF&#8221; use_icon=&#8221;on&#8221; font_icon=&#8221;&#x6f;||divi||400&#8243; icon_color=&#8221;#ffffff&#8221; admin_label=&#8221;desc\u00e0rrega pdf&#8221; _builder_version=&#8221;4.16&#8243; _module_preset=&#8221;default&#8221; text_orientation=&#8221;center&#8221; background_layout=&#8221;dark&#8221; animation=&#8221;off&#8221; link_option_url=&#8221;https:\/\/eoc.cat\/wp-content\/uploads\/2021\/02\/t-quirofan.pdf&#8221; global_colors_info=&#8221;{}&#8221; icon_color__hover_enabled=&#8221;on|hover&#8221; icon_color__hover=&#8221;rgba(217,217,214,0.2)&#8221;][\/et_pb_blurb][\/et_pb_column][\/et_pb_row][\/et_pb_section][et_pb_section fb_built=&#8221;1&#8243; admin_label=&#8221;PREGUNTES FREQ\u00dcENTS&#8221; _builder_version=&#8221;4.16&#8243; _module_preset=&#8221;default&#8221; global_colors_info=&#8221;{}&#8221;][et_pb_row _builder_version=&#8221;4.16&#8243; _module_preset=&#8221;default&#8221; global_colors_info=&#8221;{}&#8221;][et_pb_column type=&#8221;4_4&#8243; _builder_version=&#8221;4.16&#8243; _module_preset=&#8221;default&#8221; global_colors_info=&#8221;{}&#8221;][et_pb_text admin_label=&#8221;text&#8221; _builder_version=&#8221;4.16&#8243; _module_preset=&#8221;default&#8221; global_colors_info=&#8221;{}&#8221;]<\/p>\n<h3>Preguntes freq\u00fcents<\/h3>\n<p>Responem algunes dels dubtes habituals sobre el Curs d&#8217;Auxiliar de Quir\u00f2fan i central d&#8217;esterilitzaci\u00f3 i equips.<\/p>\n<h4>Qu\u00e8 s&#8217;apr\u00e8n durant el curs?<\/h4>\n<p>En aquest curs aprendr\u00e0s les bases te\u00f2riques necess\u00e0ries per a un correcte professional en l&#8217;entorn quir\u00fargic, aprendr\u00e0s les mesures d&#8217;as\u00e8psia i antis\u00e8psia, el funcionament de la CEyE, les funcions del personal del bloc, el funcionament de l&#8217;anest\u00e8sia i de les proves i inputs necessaris.<\/p>\n<h4>Qu\u00e8 s&#8217;apr\u00e8n durant les pr\u00e0ctiques internes (en classe)?<\/h4>\n<p>En les pr\u00e0ctiques aprendr\u00e0s a utilitzar els EPIs de manera adequada, les diferents t\u00e8cniques de vestit, les rentades de mans, mobilitzacions i t\u00e8cniques b\u00e0siques de RCP \u00fatils en quir\u00f2fan, a identificar material i camps est\u00e8rils.<\/p>\n<h4>\u00bfQu\u00e8 s&#8217;apr\u00e8n durant les pr\u00e0ctiques externes en empreses?<\/h4>\n<p>En acudir als centres hospitalaris podr\u00e0s posar a prova tot l&#8217;apr\u00e8s en un entorn real i coneixer\u00e0s de primera m\u00e0 les diferents maneres d&#8217;aplicar els protocols.<\/p>\n<h4>Quines s\u00f3n les sortides professionals del Certificat de Professionalitat d&#8217;Atenci\u00f3 Sociosanit\u00e0ria?<\/h4>\n<p>Podr\u00e0s treballar en quir\u00f2fans i CEyE de qualsevol hospital o cl\u00ednica.[\/et_pb_text][\/et_pb_column][\/et_pb_row][\/et_pb_section][et_pb_section fb_built=&#8221;1&#8243; admin_label=&#8221;ESLOGAN CA&#8221; _builder_version=&#8221;4.7.7&#8243; _module_preset=&#8221;default&#8221; background_color=&#8221;#004b87&#8243; global_module=&#8221;7630&#8243; global_colors_info=&#8221;{}&#8221;][et_pb_row _builder_version=&#8221;4.16&#8243; _module_preset=&#8221;default&#8221; global_colors_info=&#8221;{}&#8221;][et_pb_column type=&#8221;4_4&#8243; _builder_version=&#8221;4.16&#8243; _module_preset=&#8221;default&#8221; global_colors_info=&#8221;{}&#8221;][et_pb_text admin_label=&#8221;text&#8221; _builder_version=&#8221;4.16&#8243; _module_preset=&#8221;default&#8221; text_text_color=&#8221;#ffffff&#8221; text_font_size=&#8221;35px&#8221; text_line_height=&#8221;1.2em&#8221; text_orientation=&#8221;center&#8221; background_layout=&#8221;dark&#8221; custom_padding=&#8221;35px||35px||true|false&#8221; text_font_size_tablet=&#8221;&#8221; text_font_size_phone=&#8221;30px&#8221; text_font_size_last_edited=&#8221;on|phone&#8221; global_colors_info=&#8221;{}&#8221;]<\/p>\n<p>El nostre present,<br \/><strong>formar el teu futur<\/strong><\/p>\n<p>[\/et_pb_text][\/et_pb_column][\/et_pb_row][\/et_pb_section][et_pb_section fb_built=&#8221;1&#8243; disabled_on=&#8221;on|on|on&#8221; admin_label=&#8221;PROFESSORAT&#8221; _builder_version=&#8221;4.16&#8243; _module_preset=&#8221;default&#8221; disabled=&#8221;on&#8221; global_colors_info=&#8221;{}&#8221;][et_pb_row _builder_version=&#8221;4.16&#8243; _module_preset=&#8221;default&#8221; global_colors_info=&#8221;{}&#8221;][et_pb_column type=&#8221;4_4&#8243; _builder_version=&#8221;4.16&#8243; _module_preset=&#8221;default&#8221; global_colors_info=&#8221;{}&#8221;][et_pb_text admin_label=&#8221;H3 Professors de la formaci\u00f3&#8221; _builder_version=&#8221;4.16&#8243; _module_preset=&#8221;default&#8221; global_colors_info=&#8221;{}&#8221;]<\/p>\n<h3>Professors de la formaci\u00f3<\/h3>\n<p>[\/et_pb_text][\/et_pb_column][\/et_pb_row][et_pb_row column_structure=&#8221;1_4,1_4,1_4,1_4&#8243; _builder_version=&#8221;4.16&#8243; _module_preset=&#8221;default&#8221; global_colors_info=&#8221;{}&#8221;][et_pb_column type=&#8221;1_4&#8243; _builder_version=&#8221;4.16&#8243; _module_preset=&#8221;default&#8221; global_colors_info=&#8221;{}&#8221;][et_pb_team_member position=&#8221;Carmen Revilla&#8221; image_url=&#8221;https:\/\/eoc.cat\/wp-content\/uploads\/2020\/12\/plantilla-profesores.jpg&#8221; admin_label=&#8221;Carmen Revilla&#8221; _builder_version=&#8221;4.16&#8243; _module_preset=&#8221;default&#8221; position_text_color=&#8221;#002855&#8243; position_font_size=&#8221;16px&#8221; global_colors_info=&#8221;{}&#8221;]<\/p>\n<p><span style=\"color: #004b87;\">Formadora en EOC des de 2018.<\/span><\/p>\n<p>Diplomada Universit\u00e0ria en Infermeria (2007) amb experi\u00e8ncia de 10 anys en Unitats de Cr\u00edtics. Certificat d&#8217;Aptitud Pedag\u00f2gica (2008). M\u00e0ster en Urg\u00e8ncies i Postgrau en Anest\u00e8sia i Reanimaci\u00f3 (2011).<\/p>\n<p>[\/et_pb_team_member][\/et_pb_column][et_pb_column type=&#8221;1_4&#8243; _builder_version=&#8221;4.16&#8243; _module_preset=&#8221;default&#8221; global_colors_info=&#8221;{}&#8221;][et_pb_team_member position=&#8221;Carmen Revilla&#8221; image_url=&#8221;https:\/\/eoc.cat\/wp-content\/uploads\/2020\/12\/plantilla-profesores.jpg&#8221; admin_label=&#8221;Carmen Revilla&#8221; _builder_version=&#8221;4.16&#8243; _module_preset=&#8221;default&#8221; position_text_color=&#8221;#002855&#8243; position_font_size=&#8221;16px&#8221; global_colors_info=&#8221;{}&#8221;]<\/p>\n<p><span style=\"color: #004b87;\">Formadora en EOC des de 2018.<\/span><\/p>\n<p>Diplomada Universit\u00e0ria en Infermeria (2007) amb experi\u00e8ncia de 10 anys en Unitats de Cr\u00edtics. Certificat d&#8217;Aptitud Pedag\u00f2gica (2008). M\u00e0ster en Urg\u00e8ncies i Postgrau en Anest\u00e8sia i Reanimaci\u00f3 (2011).<\/p>\n<p>[\/et_pb_team_member][\/et_pb_column][et_pb_column type=&#8221;1_4&#8243; _builder_version=&#8221;4.16&#8243; _module_preset=&#8221;default&#8221; global_colors_info=&#8221;{}&#8221;][et_pb_team_member position=&#8221;Carmen Revilla&#8221; image_url=&#8221;https:\/\/eoc.cat\/wp-content\/uploads\/2020\/12\/plantilla-profesores.jpg&#8221; admin_label=&#8221;Carmen Revilla&#8221; _builder_version=&#8221;4.16&#8243; _module_preset=&#8221;default&#8221; position_text_color=&#8221;#002855&#8243; position_font_size=&#8221;16px&#8221; global_colors_info=&#8221;{}&#8221;]<\/p>\n<p><span style=\"color: #004b87;\">Formadora en EOC des de 2018.<\/span><\/p>\n<p>Diplomada Universit\u00e0ria en Infermeria (2007) amb experi\u00e8ncia de 10 anys en Unitats de Cr\u00edtics. Certificat d&#8217;Aptitud Pedag\u00f2gica (2008). M\u00e0ster en Urg\u00e8ncies i Postgrau en Anest\u00e8sia i Reanimaci\u00f3 (2011).<\/p>\n<p>[\/et_pb_team_member][\/et_pb_column][et_pb_column type=&#8221;1_4&#8243; _builder_version=&#8221;4.16&#8243; _module_preset=&#8221;default&#8221; global_colors_info=&#8221;{}&#8221;][et_pb_team_member position=&#8221;Carmen Revilla&#8221; image_url=&#8221;https:\/\/eoc.cat\/wp-content\/uploads\/2020\/12\/plantilla-profesores.jpg&#8221; admin_label=&#8221;Carmen Revilla&#8221; _builder_version=&#8221;4.16&#8243; _module_preset=&#8221;default&#8221; position_text_color=&#8221;#002855&#8243; position_font_size=&#8221;16px&#8221; global_colors_info=&#8221;{}&#8221;]<\/p>\n<p><span style=\"color: #004b87;\">Formadora en EOC des de 2018.<\/span><\/p>\n<p>Diplomada Universit\u00e0ria en Infermeria (2007) amb experi\u00e8ncia de 10 anys en Unitats de Cr\u00edtics. Certificat d&#8217;Aptitud Pedag\u00f2gica (2008). M\u00e0ster en Urg\u00e8ncies i Postgrau en Anest\u00e8sia i Reanimaci\u00f3 (2011).<\/p>\n<p>[\/et_pb_team_member][\/et_pb_column][\/et_pb_row][\/et_pb_section][et_pb_section fb_built=&#8221;1&#8243; disabled_on=&#8221;on|on|on&#8221; admin_label=&#8221;OPINIONS&#8221; _builder_version=&#8221;4.16&#8243; _module_preset=&#8221;default&#8221; background_color=&#8221;#004b87&#8243; custom_padding=&#8221;||20px||false|false&#8221; disabled=&#8221;on&#8221; global_colors_info=&#8221;{}&#8221;][et_pb_row _builder_version=&#8221;4.16&#8243; _module_preset=&#8221;default&#8221; global_colors_info=&#8221;{}&#8221;][et_pb_column type=&#8221;4_4&#8243; _builder_version=&#8221;4.16&#8243; _module_preset=&#8221;default&#8221; global_colors_info=&#8221;{}&#8221;][et_pb_text admin_label=&#8221;H3 Opinions d&#8217;alumnes EOC&#8221; _builder_version=&#8221;4.16&#8243; _module_preset=&#8221;default&#8221; background_layout=&#8221;dark&#8221; global_colors_info=&#8221;{}&#8221;]<\/p>\n<h3>Opinions d&#8217;alumnes EOC<\/h3>\n<p>[\/et_pb_text][\/et_pb_column][\/et_pb_row][et_pb_row column_structure=&#8221;1_3,1_3,1_3&#8243; _builder_version=&#8221;4.16&#8243; _module_preset=&#8221;default&#8221; custom_padding=&#8221;||||false|false&#8221; global_colors_info=&#8221;{}&#8221;][et_pb_column type=&#8221;1_3&#8243; _builder_version=&#8221;4.16&#8243; _module_preset=&#8221;default&#8221; global_colors_info=&#8221;{}&#8221;][et_pb_testimonial author=&#8221;Opini\u00f3 alumne 1&#8243; job_title=&#8221;Ex-alumne del Curs d&#8217;exemple&#8221; quote_icon_color=&#8221;#004b87&#8243; quote_icon_background_color=&#8221;#ffffff&#8221; admin_label=&#8221;Recomanaci\u00f3&#8221; _builder_version=&#8221;4.16&#8243; _module_preset=&#8221;default&#8221; author_font=&#8221;||||||||&#8221; author_text_color=&#8221;#002855&#8243; author_font_size=&#8221;16px&#8221; position_text_color=&#8221;#004b87&#8243; global_colors_info=&#8221;{}&#8221;]<\/p>\n<p>Lorem ipsum dolor sit amet, consectetur adipiscing elit. Nam id tristique lectus, vel pretium ipsum. Aliquam fermentum velit sit amet odio laoreet, id facilisis justo tempor. Ut gravida vitae mauris vel aliquam. Donec id quam blandit, molestie elit ut, ultricies arcu. Vivamus vitae dui enim. Phasellus id justo nec leo ultricies porttitor. In ac lacus a purus gravida tristique. Nunc lobortis neque posuere vehicula luctus. Nulla sollicitudin tincidunt aliquam.<\/p>\n<p>[\/et_pb_testimonial][\/et_pb_column][et_pb_column type=&#8221;1_3&#8243; _builder_version=&#8221;4.16&#8243; _module_preset=&#8221;default&#8221; global_colors_info=&#8221;{}&#8221;][et_pb_testimonial author=&#8221;Opini\u00f3 alumne 1&#8243; job_title=&#8221;Ex-alumne del Curs d&#8217;exemple&#8221; quote_icon_color=&#8221;#004b87&#8243; quote_icon_background_color=&#8221;#ffffff&#8221; admin_label=&#8221;Recomanaci\u00f3&#8221; _builder_version=&#8221;4.16&#8243; _module_preset=&#8221;default&#8221; author_font=&#8221;||||||||&#8221; author_text_color=&#8221;#002855&#8243; author_font_size=&#8221;16px&#8221; position_text_color=&#8221;#004b87&#8243; global_colors_info=&#8221;{}&#8221;]<\/p>\n<p>Lorem ipsum dolor sit amet, consectetur adipiscing elit. Nam id tristique lectus, vel pretium ipsum. Aliquam fermentum velit sit amet odio laoreet, id facilisis justo tempor. Ut gravida vitae mauris vel aliquam. Donec id quam blandit, molestie elit ut, ultricies arcu. Vivamus vitae dui enim. Phasellus id justo nec leo ultricies porttitor. In ac lacus a purus gravida tristique. Nunc lobortis neque posuere vehicula luctus. Nulla sollicitudin tincidunt aliquam.<\/p>\n<p>[\/et_pb_testimonial][\/et_pb_column][et_pb_column type=&#8221;1_3&#8243; _builder_version=&#8221;4.16&#8243; _module_preset=&#8221;default&#8221; global_colors_info=&#8221;{}&#8221;][et_pb_testimonial author=&#8221;Opini\u00f3 alumne 1&#8243; job_title=&#8221;Ex-alumne del Curs d&#8217;exemple&#8221; quote_icon_color=&#8221;#004b87&#8243; quote_icon_background_color=&#8221;#ffffff&#8221; admin_label=&#8221;Recomanaci\u00f3&#8221; _builder_version=&#8221;4.16&#8243; _module_preset=&#8221;default&#8221; author_font=&#8221;||||||||&#8221; author_text_color=&#8221;#002855&#8243; author_font_size=&#8221;16px&#8221; position_text_color=&#8221;#004b87&#8243; global_colors_info=&#8221;{}&#8221;]<\/p>\n<p>Lorem ipsum dolor sit amet, consectetur adipiscing elit. Nam id tristique lectus, vel pretium ipsum. Aliquam fermentum velit sit amet odio laoreet, id facilisis justo tempor. Ut gravida vitae mauris vel aliquam. Donec id quam blandit, molestie elit ut, ultricies arcu. Vivamus vitae dui enim. Phasellus id justo nec leo ultricies porttitor. In ac lacus a purus gravida tristique. Nunc lobortis neque posuere vehicula luctus. Nulla sollicitudin tincidunt aliquam.<\/p>\n<p>[\/et_pb_testimonial][\/et_pb_column][\/et_pb_row][\/et_pb_section]<\/p>\n","protected":false},"excerpt":{"rendered":"<p>Curs d\u2019Auxiliar de Quir\u00f2fan i central d\u2019esterilitzaci\u00f3 i equips Anima\u2019t a iniciar el Curs d\u2019Auxiliar de Quir\u00f2fan i dedica el teu futur professional als altres.Mou-te amb flu\u00efdesa en una sala d\u2019operacions El\u00a0Curs d\u2019Auxiliar de Quir\u00f2fan\u00a0i central d\u2019esterilitzaci\u00f3 i equips\u00a0t\u2019ajudar\u00e0 a obtenir els coneixements i habilitats necess\u00e0ries per treballar al servei de quir\u00f2fan i en l\u2019\u00e0rea d\u2019esterilitzaci\u00f3. Podr\u00e0s col\u00b7laborar amb el servei d\u2019infermeria com un membre de l\u2019equip quir\u00fargic sota la seva supervisi\u00f3, preparant el quir\u00f2fan, preparant al pacient, l\u2019instrumental, etc. \u00c9s un curs orientat a aconseguir una especialitzaci\u00f3 que completar\u00e0 la teva formaci\u00f3 professional i et permetr\u00e0 guanyar les teves primeres experi\u00e8ncies al centre d\u2019estudis. Els pacients necessiten professionals sanitaris com tu!Certificat d&#8217;Especialitzaci\u00f3 d&#8217;Escola d\u2019Oficis Catalunya.Modalitat presencial, semipresencial, intensiva i online.Durada: de 7 a 9 mesos.Pr\u00e0ctiques internes \/ externes.Contacta amb nosaltres *Dades obligat\u00f2riesLa comunicaci\u00f3 enviada quedar\u00e0 incorporada a un fitxer del que \u00e9s responsable\u00a0ESCOLA D&#8217;OFICIS CATALUNYA S.L.\u00a0Aquesta comunicaci\u00f3 es far\u00e0 servir exclusivament per tractar les seves dades per atendre la seva sol\u00b7licitud, sempre de conformitat amb el Reglament (UE) 2016\/679 de 27 d&#8217;abril de 2016 (RGPD), la Llei Org\u00e0nica 3\/2018 de 5 de desembre (LOPDGDD) y la resta de normativa legal vigent en mat\u00e8ria de protecci\u00f3 de dades personals. Les [&hellip;]<\/p>\n","protected":false},"author":6,"featured_media":7928,"parent":0,"menu_order":0,"comment_status":"closed","ping_status":"closed","template":"","meta":{"_et_pb_use_builder":"on","_et_pb_old_content":"","_et_gb_content_width":"","footnotes":""},"class_list":["post-7925","page","type-page","status-publish","has-post-thumbnail","hentry"],"yoast_head":"<!-- This site is optimized with the Yoast SEO plugin v27.5 - https:\/\/yoast.com\/product\/yoast-seo-wordpress\/ -->\n<title>Curs d&#039;Auxiliar de Quir\u00f2fan esterilitzaci\u00f3 i equips | EOC<\/title>\n<meta name=\"description\" content=\"Estudia el Curs d&#039;Auxiliar de Quir\u00f2fan i central d&#039;esterilitzaci\u00f3 i equips, a Barcelona i l&#039;Hospitalet. Treballa en hospitals.\" \/>\n<meta name=\"robots\" content=\"index, follow, max-snippet:-1, max-image-preview:large, max-video-preview:-1\" \/>\n<link rel=\"canonical\" href=\"https:\/\/eoc.cat\/ca\/auxiliar-de-quirofan\/\" \/>\n<meta property=\"og:locale\" content=\"ca_ES\" \/>\n<meta property=\"og:type\" content=\"article\" \/>\n<meta property=\"og:title\" content=\"Curs d&#039;Auxiliar de Quir\u00f2fan esterilitzaci\u00f3 i equips | EOC\" \/>\n<meta property=\"og:description\" content=\"Estudia el Curs d&#039;Auxiliar de Quir\u00f2fan i central d&#039;esterilitzaci\u00f3 i equips, a Barcelona i l&#039;Hospitalet. Treballa en hospitals.\" \/>\n<meta property=\"og:url\" content=\"https:\/\/eoc.cat\/ca\/auxiliar-de-quirofan\/\" \/>\n<meta property=\"og:site_name\" content=\"Escola d&#039;Oficis Catalunya\" \/>\n<meta property=\"article:publisher\" content=\"https:\/\/www.facebook.com\/EscoladOficisCatalunya\" \/>\n<meta property=\"article:modified_time\" content=\"2026-04-10T11:34:12+00:00\" \/>\n<meta property=\"og:image\" content=\"https:\/\/eoc.cat\/wp-content\/uploads\/2020\/12\/auxiliar-quirofan-1.jpg\" \/>\n\t<meta property=\"og:image:width\" content=\"1200\" \/>\n\t<meta property=\"og:image:height\" content=\"628\" \/>\n\t<meta property=\"og:image:type\" content=\"image\/jpeg\" \/>\n<meta name=\"twitter:card\" content=\"summary_large_image\" \/>\n<meta name=\"twitter:title\" content=\"Curs d&#039;Auxiliar de Quir\u00f2fan esterilitzaci\u00f3 i equips | EOC\" \/>\n<meta name=\"twitter:description\" content=\"Estudia el Curs d&#039;Auxiliar de Quir\u00f2fan i central d&#039;esterilitzaci\u00f3 i equips, a Barcelona i l&#039;Hospitalet. Treballa en hospitals.\" \/>\n<meta name=\"twitter:image\" content=\"https:\/\/eoc.cat\/wp-content\/uploads\/2020\/12\/auxiliar-quirofan-1.jpg\" \/>\n<meta name=\"twitter:site\" content=\"@escoficat\" \/>\n<script type=\"application\/ld+json\" class=\"yoast-schema-graph\">{\"@context\":\"https:\\\/\\\/schema.org\",\"@graph\":[{\"@type\":\"WebPage\",\"@id\":\"https:\\\/\\\/eoc.cat\\\/ca\\\/auxiliar-de-quirofan\\\/\",\"url\":\"https:\\\/\\\/eoc.cat\\\/ca\\\/auxiliar-de-quirofan\\\/\",\"name\":\"Curs d'Auxiliar de Quir\u00f2fan esterilitzaci\u00f3 i equips | EOC\",\"isPartOf\":{\"@id\":\"https:\\\/\\\/eoc.cat\\\/#website\"},\"primaryImageOfPage\":{\"@id\":\"https:\\\/\\\/eoc.cat\\\/ca\\\/auxiliar-de-quirofan\\\/#primaryimage\"},\"image\":{\"@id\":\"https:\\\/\\\/eoc.cat\\\/ca\\\/auxiliar-de-quirofan\\\/#primaryimage\"},\"thumbnailUrl\":\"https:\\\/\\\/eoc.cat\\\/wp-content\\\/uploads\\\/2020\\\/12\\\/auxiliar-quirofan-1.jpg\",\"datePublished\":\"2020-12-31T14:19:50+00:00\",\"dateModified\":\"2026-04-10T11:34:12+00:00\",\"description\":\"Estudia el Curs d'Auxiliar de Quir\u00f2fan i central d'esterilitzaci\u00f3 i equips, a Barcelona i l'Hospitalet. Treballa en hospitals.\",\"breadcrumb\":{\"@id\":\"https:\\\/\\\/eoc.cat\\\/ca\\\/auxiliar-de-quirofan\\\/#breadcrumb\"},\"inLanguage\":\"ca\",\"potentialAction\":[{\"@type\":\"ReadAction\",\"target\":[\"https:\\\/\\\/eoc.cat\\\/ca\\\/auxiliar-de-quirofan\\\/\"]}]},{\"@type\":\"ImageObject\",\"inLanguage\":\"ca\",\"@id\":\"https:\\\/\\\/eoc.cat\\\/ca\\\/auxiliar-de-quirofan\\\/#primaryimage\",\"url\":\"https:\\\/\\\/eoc.cat\\\/wp-content\\\/uploads\\\/2020\\\/12\\\/auxiliar-quirofan-1.jpg\",\"contentUrl\":\"https:\\\/\\\/eoc.cat\\\/wp-content\\\/uploads\\\/2020\\\/12\\\/auxiliar-quirofan-1.jpg\",\"width\":1200,\"height\":628,\"caption\":\"auxiliar quir\u00f2fan\"},{\"@type\":\"BreadcrumbList\",\"@id\":\"https:\\\/\\\/eoc.cat\\\/ca\\\/auxiliar-de-quirofan\\\/#breadcrumb\",\"itemListElement\":[{\"@type\":\"ListItem\",\"position\":1,\"name\":\"Portada\",\"item\":\"https:\\\/\\\/eoc.cat\\\/ca\\\/\"},{\"@type\":\"ListItem\",\"position\":2,\"name\":\"Curs d&#8217;Auxiliar de Quir\u00f2fan\"}]},{\"@type\":\"WebSite\",\"@id\":\"https:\\\/\\\/eoc.cat\\\/#website\",\"url\":\"https:\\\/\\\/eoc.cat\\\/\",\"name\":\"Escola d'Oficis Catalunya\",\"description\":\"Escuela de formaci\u00f3n profesional para adultos y j\u00f3venes\",\"publisher\":{\"@id\":\"https:\\\/\\\/eoc.cat\\\/#organization\"},\"alternateName\":\"EOC\",\"potentialAction\":[{\"@type\":\"SearchAction\",\"target\":{\"@type\":\"EntryPoint\",\"urlTemplate\":\"https:\\\/\\\/eoc.cat\\\/?s={search_term_string}\"},\"query-input\":{\"@type\":\"PropertyValueSpecification\",\"valueRequired\":true,\"valueName\":\"search_term_string\"}}],\"inLanguage\":\"ca\"},{\"@type\":\"Organization\",\"@id\":\"https:\\\/\\\/eoc.cat\\\/#organization\",\"name\":\"Escola d'Oficis Catalunya\",\"alternateName\":\"EOC\",\"url\":\"https:\\\/\\\/eoc.cat\\\/\",\"logo\":{\"@type\":\"ImageObject\",\"inLanguage\":\"ca\",\"@id\":\"https:\\\/\\\/eoc.cat\\\/#\\\/schema\\\/logo\\\/image\\\/\",\"url\":\"https:\\\/\\\/eoc.cat\\\/wp-content\\\/uploads\\\/2020\\\/12\\\/eoc-logotipo.png\",\"contentUrl\":\"https:\\\/\\\/eoc.cat\\\/wp-content\\\/uploads\\\/2020\\\/12\\\/eoc-logotipo.png\",\"width\":274,\"height\":118,\"caption\":\"Escola d'Oficis Catalunya\"},\"image\":{\"@id\":\"https:\\\/\\\/eoc.cat\\\/#\\\/schema\\\/logo\\\/image\\\/\"},\"sameAs\":[\"https:\\\/\\\/www.facebook.com\\\/EscoladOficisCatalunya\",\"https:\\\/\\\/x.com\\\/escoficat\",\"https:\\\/\\\/www.instagram.com\\\/escoladoficiscatalunya\\\/\",\"https:\\\/\\\/www.linkedin.com\\\/school\\\/escoladoficiscatalunya\\\/\",\"https:\\\/\\\/www.youtube.com\\\/channel\\\/UC_HLShkY7t1pf1CrXPw-gRQ\"]}]}<\/script>\n<!-- \/ Yoast SEO plugin. -->","yoast_head_json":{"title":"Curs d'Auxiliar de Quir\u00f2fan esterilitzaci\u00f3 i equips | EOC","description":"Estudia el Curs d'Auxiliar de Quir\u00f2fan i central d'esterilitzaci\u00f3 i equips, a Barcelona i l'Hospitalet. Treballa en hospitals.","robots":{"index":"index","follow":"follow","max-snippet":"max-snippet:-1","max-image-preview":"max-image-preview:large","max-video-preview":"max-video-preview:-1"},"canonical":"https:\/\/eoc.cat\/ca\/auxiliar-de-quirofan\/","og_locale":"ca_ES","og_type":"article","og_title":"Curs d'Auxiliar de Quir\u00f2fan esterilitzaci\u00f3 i equips | EOC","og_description":"Estudia el Curs d'Auxiliar de Quir\u00f2fan i central d'esterilitzaci\u00f3 i equips, a Barcelona i l'Hospitalet. Treballa en hospitals.","og_url":"https:\/\/eoc.cat\/ca\/auxiliar-de-quirofan\/","og_site_name":"Escola d&#039;Oficis Catalunya","article_publisher":"https:\/\/www.facebook.com\/EscoladOficisCatalunya","article_modified_time":"2026-04-10T11:34:12+00:00","og_image":[{"width":1200,"height":628,"url":"https:\/\/eoc.cat\/wp-content\/uploads\/2020\/12\/auxiliar-quirofan-1.jpg","type":"image\/jpeg"}],"twitter_card":"summary_large_image","twitter_title":"Curs d'Auxiliar de Quir\u00f2fan esterilitzaci\u00f3 i equips | EOC","twitter_description":"Estudia el Curs d'Auxiliar de Quir\u00f2fan i central d'esterilitzaci\u00f3 i equips, a Barcelona i l'Hospitalet. Treballa en hospitals.","twitter_image":"https:\/\/eoc.cat\/wp-content\/uploads\/2020\/12\/auxiliar-quirofan-1.jpg","twitter_site":"@escoficat","schema":{"@context":"https:\/\/schema.org","@graph":[{"@type":"WebPage","@id":"https:\/\/eoc.cat\/ca\/auxiliar-de-quirofan\/","url":"https:\/\/eoc.cat\/ca\/auxiliar-de-quirofan\/","name":"Curs d'Auxiliar de Quir\u00f2fan esterilitzaci\u00f3 i equips | EOC","isPartOf":{"@id":"https:\/\/eoc.cat\/#website"},"primaryImageOfPage":{"@id":"https:\/\/eoc.cat\/ca\/auxiliar-de-quirofan\/#primaryimage"},"image":{"@id":"https:\/\/eoc.cat\/ca\/auxiliar-de-quirofan\/#primaryimage"},"thumbnailUrl":"https:\/\/eoc.cat\/wp-content\/uploads\/2020\/12\/auxiliar-quirofan-1.jpg","datePublished":"2020-12-31T14:19:50+00:00","dateModified":"2026-04-10T11:34:12+00:00","description":"Estudia el Curs d'Auxiliar de Quir\u00f2fan i central d'esterilitzaci\u00f3 i equips, a Barcelona i l'Hospitalet. Treballa en hospitals.","breadcrumb":{"@id":"https:\/\/eoc.cat\/ca\/auxiliar-de-quirofan\/#breadcrumb"},"inLanguage":"ca","potentialAction":[{"@type":"ReadAction","target":["https:\/\/eoc.cat\/ca\/auxiliar-de-quirofan\/"]}]},{"@type":"ImageObject","inLanguage":"ca","@id":"https:\/\/eoc.cat\/ca\/auxiliar-de-quirofan\/#primaryimage","url":"https:\/\/eoc.cat\/wp-content\/uploads\/2020\/12\/auxiliar-quirofan-1.jpg","contentUrl":"https:\/\/eoc.cat\/wp-content\/uploads\/2020\/12\/auxiliar-quirofan-1.jpg","width":1200,"height":628,"caption":"auxiliar quir\u00f2fan"},{"@type":"BreadcrumbList","@id":"https:\/\/eoc.cat\/ca\/auxiliar-de-quirofan\/#breadcrumb","itemListElement":[{"@type":"ListItem","position":1,"name":"Portada","item":"https:\/\/eoc.cat\/ca\/"},{"@type":"ListItem","position":2,"name":"Curs d&#8217;Auxiliar de Quir\u00f2fan"}]},{"@type":"WebSite","@id":"https:\/\/eoc.cat\/#website","url":"https:\/\/eoc.cat\/","name":"Escola d'Oficis Catalunya","description":"Escuela de formaci\u00f3n profesional para adultos y j\u00f3venes","publisher":{"@id":"https:\/\/eoc.cat\/#organization"},"alternateName":"EOC","potentialAction":[{"@type":"SearchAction","target":{"@type":"EntryPoint","urlTemplate":"https:\/\/eoc.cat\/?s={search_term_string}"},"query-input":{"@type":"PropertyValueSpecification","valueRequired":true,"valueName":"search_term_string"}}],"inLanguage":"ca"},{"@type":"Organization","@id":"https:\/\/eoc.cat\/#organization","name":"Escola d'Oficis Catalunya","alternateName":"EOC","url":"https:\/\/eoc.cat\/","logo":{"@type":"ImageObject","inLanguage":"ca","@id":"https:\/\/eoc.cat\/#\/schema\/logo\/image\/","url":"https:\/\/eoc.cat\/wp-content\/uploads\/2020\/12\/eoc-logotipo.png","contentUrl":"https:\/\/eoc.cat\/wp-content\/uploads\/2020\/12\/eoc-logotipo.png","width":274,"height":118,"caption":"Escola d'Oficis Catalunya"},"image":{"@id":"https:\/\/eoc.cat\/#\/schema\/logo\/image\/"},"sameAs":["https:\/\/www.facebook.com\/EscoladOficisCatalunya","https:\/\/x.com\/escoficat","https:\/\/www.instagram.com\/escoladoficiscatalunya\/","https:\/\/www.linkedin.com\/school\/escoladoficiscatalunya\/","https:\/\/www.youtube.com\/channel\/UC_HLShkY7t1pf1CrXPw-gRQ"]}]}},"_links":{"self":[{"href":"https:\/\/eoc.cat\/ca\/wp-json\/wp\/v2\/pages\/7925","targetHints":{"allow":["GET"]}}],"collection":[{"href":"https:\/\/eoc.cat\/ca\/wp-json\/wp\/v2\/pages"}],"about":[{"href":"https:\/\/eoc.cat\/ca\/wp-json\/wp\/v2\/types\/page"}],"author":[{"embeddable":true,"href":"https:\/\/eoc.cat\/ca\/wp-json\/wp\/v2\/users\/6"}],"replies":[{"embeddable":true,"href":"https:\/\/eoc.cat\/ca\/wp-json\/wp\/v2\/comments?post=7925"}],"version-history":[{"count":11,"href":"https:\/\/eoc.cat\/ca\/wp-json\/wp\/v2\/pages\/7925\/revisions"}],"predecessor-version":[{"id":15851,"href":"https:\/\/eoc.cat\/ca\/wp-json\/wp\/v2\/pages\/7925\/revisions\/15851"}],"wp:featuredmedia":[{"embeddable":true,"href":"https:\/\/eoc.cat\/ca\/wp-json\/wp\/v2\/media\/7928"}],"wp:attachment":[{"href":"https:\/\/eoc.cat\/ca\/wp-json\/wp\/v2\/media?parent=7925"}],"curies":[{"name":"wp","href":"https:\/\/api.w.org\/{rel}","templated":true}]}}