{"id":7958,"date":"2021-01-01T12:10:12","date_gmt":"2021-01-01T11:10:12","guid":{"rendered":"https:\/\/eoc.cat\/?page_id=7958"},"modified":"2026-04-10T13:36:42","modified_gmt":"2026-04-10T11:36:42","slug":"auxiliar-clinica-dental","status":"publish","type":"page","link":"https:\/\/eoc.cat\/ca\/auxiliar-clinica-dental\/","title":{"rendered":"Curs d&#8217;Auxiliar de Cl\u00ednica Dental"},"content":{"rendered":"<p>[et_pb_section fb_built=&#8221;1&#8243; admin_label=&#8221;MOLLES DE PA CURSOS CA&#8221; _builder_version=&#8221;4.16&#8243; _module_preset=&#8221;default&#8221; global_colors_info=&#8221;{}&#8221;][et_pb_row column_structure=&#8221;3_4,1_4&#8243; make_equal=&#8221;on&#8221; _builder_version=&#8221;4.16&#8243; _module_preset=&#8221;default&#8221; global_colors_info=&#8221;{}&#8221;][et_pb_column type=&#8221;3_4&#8243; _builder_version=&#8221;4.16&#8243; _module_preset=&#8221;default&#8221; global_colors_info=&#8221;{}&#8221;][et_pb_dmb_breadcrumbs font_icon=&#8221;&#x35;||divi||400&#8243; _builder_version=&#8221;4.16&#8243; _module_preset=&#8221;default&#8221; body_text_align=&#8221;left&#8221; link_text_color=&#8221;#004b87&#8243; linkhover_text_color=&#8221;#002855&#8243; custom_padding=&#8221;10px||||false|false&#8221; global_colors_info=&#8221;{}&#8221;][\/et_pb_dmb_breadcrumbs][\/et_pb_column][et_pb_column type=&#8221;1_4&#8243; _builder_version=&#8221;4.16&#8243; _module_preset=&#8221;default&#8221; global_colors_info=&#8221;{}&#8221;][et_pb_image src=&#8221;https:\/\/eoc.cat\/wp-content\/uploads\/2020\/12\/i-dental.png&#8221; alt=&#8221;icona auxiliar dental&#8221; title_text=&#8221;icona auxiliar dental&#8221; align=&#8221;right&#8221; disabled_on=&#8221;on|off|off&#8221; admin_label=&#8221;icona auxiliar dental&#8221; _builder_version=&#8221;4.16&#8243; _module_preset=&#8221;default&#8221; global_colors_info=&#8221;{}&#8221;][\/et_pb_image][\/et_pb_column][\/et_pb_row][\/et_pb_section][et_pb_section fb_built=&#8221;1&#8243; admin_label=&#8221;CAP\u00c7ALERA CURS CA&#8221; _builder_version=&#8221;4.16&#8243; _module_preset=&#8221;default&#8221; background_color=&#8221;#004b87&#8243; global_colors_info=&#8221;{}&#8221;][et_pb_row column_structure=&#8221;1_2,1_2&#8243; _builder_version=&#8221;4.16&#8243; _module_preset=&#8221;default&#8221; global_colors_info=&#8221;{}&#8221;][et_pb_column type=&#8221;1_2&#8243; _builder_version=&#8221;4.16&#8243; _module_preset=&#8221;default&#8221; global_colors_info=&#8221;{}&#8221;][et_pb_text admin_label=&#8221;H1 + intro&#8221; _builder_version=&#8221;4.16&#8243; _module_preset=&#8221;default&#8221; background_layout=&#8221;dark&#8221; global_colors_info=&#8221;{}&#8221;]<\/p>\n<h1>Curs d\u2019Auxiliar de Cl\u00ednica Dental<\/h1>\n<p>Forma\u2019t amb el\u00a0<strong>Curs d\u2019Auxiliar de Cl\u00ednica Dental<\/strong>, una de les especialitats sanit\u00e0ries amb m\u00e9s projecci\u00f3 en el mercat laboral.[\/et_pb_text][et_pb_button button_url=&#8221;#contacte&#8221; button_text=&#8221;contactar ara&#8221; button_alignment=&#8221;left&#8221; admin_label=&#8221;bot\u00f3: contactar ara&#8221; _builder_version=&#8221;4.16&#8243; _module_preset=&#8221;default&#8221; custom_button=&#8221;on&#8221; button_bg_color=&#8221;#ffffff&#8221; button_border_color=&#8221;rgba(0,0,0,0)&#8221; button_border_radius=&#8221;100px&#8221; button_use_icon=&#8221;off&#8221; global_colors_info=&#8221;{}&#8221; button_bg_color__hover_enabled=&#8221;on|hover&#8221; button_bg_color__hover=&#8221;rgba(217,217,214,0.2)&#8221; button_bg_enable_color__hover=&#8221;on&#8221;][\/et_pb_button][\/et_pb_column][et_pb_column type=&#8221;1_2&#8243; _builder_version=&#8221;4.16&#8243; _module_preset=&#8221;default&#8221; global_colors_info=&#8221;{}&#8221;][et_pb_image src=&#8221;https:\/\/eoc.cat\/wp-content\/uploads\/2020\/12\/c-auxiliar-dental.jpg&#8221; alt=&#8221;curs d&#8217;auxiliar de cl\u00ednica dental&#8221; title_text=&#8221;curs d&#8217;auxiliar de cl\u00ednica dental&#8221; admin_label=&#8221;curs d&#8217;auxiliar de cl\u00ednica dental&#8221; _builder_version=&#8221;4.16&#8243; _module_preset=&#8221;default&#8221; global_colors_info=&#8221;{}&#8221;][\/et_pb_image][\/et_pb_column][\/et_pb_row][\/et_pb_section][et_pb_section fb_built=&#8221;1&#8243; admin_label=&#8221;SECCI\u00d3 CURS FORMULARI CA&#8221; _builder_version=&#8221;4.16&#8243; _module_preset=&#8221;default&#8221; global_colors_info=&#8221;{}&#8221;][et_pb_row column_structure=&#8221;1_2,1_2&#8243; _builder_version=&#8221;4.16&#8243; _module_preset=&#8221;default&#8221; global_colors_info=&#8221;{}&#8221;][et_pb_column type=&#8221;1_2&#8243; _builder_version=&#8221;4.16&#8243; _module_preset=&#8221;default&#8221; global_colors_info=&#8221;{}&#8221;][et_pb_text admin_label=&#8221;H2 + text&#8221; _builder_version=&#8221;4.16&#8243; _module_preset=&#8221;default&#8221; header_2_font_size=&#8221;25px&#8221; header_2_line_height=&#8221;1.2em&#8221; global_colors_info=&#8221;{}&#8221;]<\/p>\n<h2>Converteix-te en auxiliar d\u2019odontologia amb aquest curs de Formaci\u00f3 Professional<\/h2>\n<p>Escola d\u2019Oficis Catalunya et prepara com especialista capacitat per donar suport als odont\u00f2legs, i per a exercir les funcions d\u2019assessorar i atendre al pacient. Adquireix els coneixements sobre els principis i les bases de l\u2019odontologia que et permetran exercir com a\u00a0<strong>auxiliar de cl\u00ednica dental<\/strong>\u00a0a consultes, cl\u00edniques, dispensaris, etc.<\/p>\n<p>En el Curs d\u2019Auxiliar de Cl\u00ednica Dental disposar\u00e0s, a m\u00e9s, de\u00a0<strong>pr\u00e0ctiques en cl\u00edniques dentals<\/strong>\u00a0per completar la teva formaci\u00f3 professional apropant-te al m\u00f3n laboral que t\u2019espera a l\u2019acabar els estudis. Una experi\u00e8ncia amb qu\u00e8 con\u00e8ixer la realitat professional i disposar de la possibilitat de la teva primera oportunitat en el sector.<\/p>\n<p>[\/et_pb_text][et_pb_blurb use_icon=&#8221;on&#8221; font_icon=&#8221;&#x68;||divi||400&#8243; icon_placement=&#8221;left&#8221; admin_label=&#8221;certificaci\u00f3&#8221; _builder_version=&#8221;4.16&#8243; _module_preset=&#8221;default&#8221; custom_padding=&#8221;25px||||false|false&#8221; animation=&#8221;off&#8221; border_width_top=&#8221;5px&#8221; border_color_top=&#8221;#004b87&#8243; global_colors_info=&#8221;{}&#8221;]<\/p>\n<p>Diploma d&#8217;Escola d&#8217;Oficis Catalunya.<\/p>\n<p>[\/et_pb_blurb][et_pb_blurb use_icon=&#8221;on&#8221; font_icon=&#8221;&#xe102;||divi||400&#8243; icon_placement=&#8221;left&#8221; admin_label=&#8221;modalitats&#8221; _builder_version=&#8221;4.16&#8243; _module_preset=&#8221;default&#8221; custom_padding=&#8221;25px||||false|false&#8221; animation=&#8221;off&#8221; border_width_top=&#8221;5px&#8221; border_color_top=&#8221;#004b87&#8243; global_colors_info=&#8221;{}&#8221;]<\/p>\n<p>Modalitat presencial, semipresencial, intensiva i online.<\/p>\n<p>[\/et_pb_blurb][et_pb_blurb use_icon=&#8221;on&#8221; font_icon=&#8221;&#xe023;||divi||400&#8243; icon_color=&#8221;#002855&#8243; icon_placement=&#8221;left&#8221; admin_label=&#8221;durada&#8221; _builder_version=&#8221;4.16&#8243; _module_preset=&#8221;default&#8221; custom_padding=&#8221;25px||||false|false&#8221; animation=&#8221;off&#8221; border_width_top=&#8221;5px&#8221; border_color_top=&#8221;#004b87&#8243; global_colors_info=&#8221;{}&#8221;]Durada: de 7 a 9 mesos.[\/et_pb_blurb][et_pb_blurb use_icon=&#8221;on&#8221; font_icon=&#8221;&#xe0ef;||divi||400&#8243; icon_color=&#8221;#002855&#8243; icon_placement=&#8221;left&#8221; admin_label=&#8221;pr\u00e0ctiques&#8221; _builder_version=&#8221;4.16&#8243; _module_preset=&#8221;default&#8221; custom_padding=&#8221;25px||15px||false|false&#8221; animation=&#8221;off&#8221; border_width_top=&#8221;5px&#8221; border_color_top=&#8221;#004b87&#8243; border_width_bottom=&#8221;5px&#8221; border_color_bottom=&#8221;#004b87&#8243; global_colors_info=&#8221;{}&#8221;]Pr\u00e0ctiques internes \/ externes.[\/et_pb_blurb][\/et_pb_column][et_pb_column type=&#8221;1_2&#8243; _builder_version=&#8221;4.16&#8243; _module_preset=&#8221;default&#8221; global_colors_info=&#8221;{}&#8221;][et_pb_text admin_label=&#8221;H2 + text&#8221; module_id=&#8221;contacte&#8221; _builder_version=&#8221;4.16&#8243; _module_preset=&#8221;default&#8221; header_2_font_size=&#8221;25px&#8221; header_2_line_height=&#8221;1.2em&#8221; global_colors_info=&#8221;{}&#8221;]<\/p>\n<h2>Contacta amb nosaltres<\/h2>\n<p style=\"text-align: right;\">*Dades obligat\u00f2ries<\/p>\n<p>[\/et_pb_text][et_pb_contact_form use_spam_service=&#8221;on&#8221; recaptcha_list=&#8221;eoccat|eoccat-0&#8243; email=&#8221;asesoria@escoficat.com, estadisticas@escoficat.com&#8221; custom_message=&#8221;FORMULARI ENVIAT DES DE LA P\u00c0GINA DEL CURS DE DENTAL||et_pb_line_break_holder||||et_pb_line_break_holder||De: %%nom%%||et_pb_line_break_holder||E-mail: %%email%%||et_pb_line_break_holder||Tel\u00e8fon: %%telefon%%||et_pb_line_break_holder||Codi Postal: %%codipostal%%||et_pb_line_break_holder||Canal pel qual ens ha conegut: %%conegut%%||et_pb_line_break_holder||L&#8217;usuari indica que ens ha conegut per un altre m\u00e8tode: %%altres%%||et_pb_line_break_holder||Modalitat: %%modalitat%%||et_pb_line_break_holder||||et_pb_line_break_holder||Comentaris:||et_pb_line_break_holder||%%comentaris%%||et_pb_line_break_holder||||et_pb_line_break_holder||Acceptaci\u00f3 pol\u00edtica de privacitat: %%politiques%% pol\u00edtica de privacitat.||et_pb_line_break_holder||Acceptaci\u00f3 enviament de comunicacions: %%comunicacions%%.&#8221; use_redirect=&#8221;on&#8221; redirect_url=&#8221;https:\/\/eoc.cat\/ca\/formulari-enviat\/&#8221; success_message=&#8221;Gr\u00e0cies per contactar-nos!&#8221; submit_button_text=&#8221; posar-me en contacte&#8221; admin_label=&#8221;FORMULARI SANITARI CA&#8221; module_id=&#8221;et_pb_contact_form_0&#8243; _builder_version=&#8221;4.27.6&#8243; _unique_id=&#8221;50b080ca-2342-4c65-a240-e06f42b74389&#8243; form_field_background_color=&#8221;rgba(255,255,255,0.7)&#8221; form_field_text_color=&#8221;#1c2457&#8243; title_text_color=&#8221;#1e73be&#8221; background_size=&#8221;initial&#8221; background_position=&#8221;top_left&#8221; background_repeat=&#8221;repeat&#8221; custom_button=&#8221;on&#8221; button_text_color=&#8221;#1e73be&#8221; button_bg_color=&#8221;rgba(255,255,255,0.7)&#8221; button_use_icon=&#8221;off&#8221; hover_enabled=&#8221;0&#8243; border_radii=&#8221;on|2px|2px|2px|2px&#8221; border_width_all=&#8221;2px&#8221; border_color_all=&#8221;#1e73be&#8221; use_border_color=&#8221;on&#8221; form_background_color=&#8221;rgba(255,255,255,0.7)&#8221; saved_tabs=&#8221;all&#8221; global_colors_info=&#8221;{}&#8221; sticky_enabled=&#8221;0&#8243;][et_pb_contact_field field_id=&#8221;nom&#8221; field_title=&#8221;Nom complet*&#8221; _builder_version=&#8221;4.16&#8243; form_field_text_color=&#8221;#1c2457&#8243; form_field_font=&#8221;||||&#8221; use_border_color=&#8221;on&#8221; border_color=&#8221;#1e73be&#8221; border_width=&#8221;2&#8243; border_style=&#8221;solid&#8221; input_border_radius=&#8221;0&#8243; global_colors_info=&#8221;{}&#8221;][\/et_pb_contact_field][et_pb_contact_field field_id=&#8221;email&#8221; field_title=&#8221;E-mail*&#8221; field_type=&#8221;email&#8221; _builder_version=&#8221;4.16&#8243; form_field_font=&#8221;||||&#8221; use_border_color=&#8221;off&#8221; border_style=&#8221;solid&#8221; input_border_radius=&#8221;0&#8243; global_colors_info=&#8221;{}&#8221;][\/et_pb_contact_field][et_pb_contact_field field_id=&#8221;telefon&#8221; field_title=&#8221;Tel\u00e8fon*&#8221; min_length=&#8221;9&#8243; max_length=&#8221;17&#8243; _builder_version=&#8221;4.16&#8243; form_field_font=&#8221;||||&#8221; use_border_color=&#8221;off&#8221; border_style=&#8221;solid&#8221; input_border_radius=&#8221;0&#8243; global_colors_info=&#8221;{}&#8221;][\/et_pb_contact_field][et_pb_contact_field field_id=&#8221;codipostal&#8221; field_title=&#8221;Codi Postal*&#8221; min_length=&#8221;5&#8243; max_length=&#8221;5&#8243; allowed_symbols=&#8221;numbers&#8221; _builder_version=&#8221;4.16&#8243; form_field_font=&#8221;||||&#8221; use_border_color=&#8221;off&#8221; border_style=&#8221;solid&#8221; input_border_radius=&#8221;0&#8243; global_colors_info=&#8221;{}&#8221;][\/et_pb_contact_field][et_pb_contact_field field_id=&#8221;conegut&#8221; field_title=&#8221;Com ens has conegut?&#8221; _builder_version=&#8221;4.27.6&#8243; form_field_font=&#8221;||||&#8221; hover_enabled=&#8221;0&#8243; use_border_color=&#8221;off&#8221; border_style=&#8221;solid&#8221; input_border_radius=&#8221;0&#8243; global_colors_info=&#8221;{}&#8221; required_mark=&#8221;off&#8221; field_type=&#8221;select&#8221; select_options=&#8221;%91{%22value%22:%22Cercador de Google%22,%22checked%22:0,%22dragID%22:-1},{%22value%22:%22Xarxes Socials%22,%22checked%22:0,%22dragID%22:0},{%22value%22:%22Portals educatius online%22,%22checked%22:0,%22dragID%22:1},{%22value%22:%22Recomanaci\u00f3 d&#8217;una altra persona%22,%22checked%22:0,%22dragID%22:2},{%22value%22:%22Assistent Intel\u00b7lig\u00e8ncia Artificial%22,%22checked%22:0,%22dragID%22:3},{%22value%22:%22Altres&#8230;%22,%22checked%22:0,%22dragID%22:4}%93&#8243; sticky_enabled=&#8221;0&#8243;][\/et_pb_contact_field][et_pb_contact_field field_id=&#8221;altres&#8221; field_title=&#8221;Indica&#8217;ns aquest altre m\u00e8tode pel qual ens has conegut&#8230;&#8221; _builder_version=&#8221;4.27.6&#8243; form_field_font=&#8221;||||&#8221; hover_enabled=&#8221;0&#8243; use_border_color=&#8221;off&#8221; border_style=&#8221;solid&#8221; input_border_radius=&#8221;0&#8243; global_colors_info=&#8221;{}&#8221; required_mark=&#8221;off&#8221; field_type=&#8221;text&#8221; sticky_enabled=&#8221;0&#8243; conditional_logic=&#8221;on&#8221; conditional_logic_rules=&#8221;%91{%22field%22:%22conegut%22,%22condition%22:%22is%22,%22value%22:%22Altres&#8230;%22}%93&#8243;][\/et_pb_contact_field][et_pb_contact_field field_id=&#8221;modalitat&#8221; field_title=&#8221;Modalitat que t&#8217;interessa*&#8221; field_type=&#8221;select&#8221; select_options=&#8221;%91{%22value%22:%22Presencial%22,%22checked%22:0,%22dragID%22:-1},{%22value%22:%22Semipresencial%22,%22checked%22:0,%22dragID%22:0},{%22value%22:%22Intensiva%22,%22checked%22:0,%22dragID%22:1},{%22value%22:%22Online%22,%22checked%22:0,%22dragID%22:2}%93&#8243; fullwidth_field=&#8221;on&#8221; _builder_version=&#8221;4.16&#8243; form_field_font=&#8221;||||&#8221; use_border_color=&#8221;off&#8221; border_style=&#8221;solid&#8221; input_border_radius=&#8221;0&#8243; global_colors_info=&#8221;{}&#8221;][\/et_pb_contact_field][et_pb_contact_field field_id=&#8221;comentaris&#8221; field_title=&#8221;Comentaris&#8221; field_type=&#8221;text&#8221; required_mark=&#8221;off&#8221; fullwidth_field=&#8221;on&#8221; _builder_version=&#8221;4.16&#8243; form_field_font=&#8221;||||&#8221; use_border_color=&#8221;off&#8221; border_style=&#8221;solid&#8221; input_border_radius=&#8221;0&#8243; global_colors_info=&#8221;{}&#8221;][\/et_pb_contact_field][et_pb_contact_field field_id=&#8221;politiques&#8221; field_type=&#8221;checkbox&#8221; checkbox_options=&#8221;%91{%22value%22:%22* S\u00ed, accepto la %22,%22checked%22:0,%22dragID%22:-1,%22link_text%22:%22pol\u00edtica de privacitat.%22,%22link_url%22:%22https:\/\/eoc.cat\/ca\/politica-privacitat\/%22}%93&#8243; fullwidth_field=&#8221;on&#8221; _builder_version=&#8221;4.16&#8243; form_field_font=&#8221;||||&#8221; use_border_color=&#8221;off&#8221; border_style=&#8221;solid&#8221; input_border_radius=&#8221;0&#8243; global_colors_info=&#8221;{}&#8221;][\/et_pb_contact_field][et_pb_contact_field field_id=&#8221;comunicacions&#8221; field_type=&#8221;checkbox&#8221; checkbox_options=&#8221;%91{%22value%22:%22S\u00ed, accepto les comunicacions.%22,%22checked%22:0,%22dragID%22:-1}%93&#8243; required_mark=&#8221;off&#8221; fullwidth_field=&#8221;on&#8221; _builder_version=&#8221;4.16&#8243; form_field_font=&#8221;||||&#8221; use_border_color=&#8221;off&#8221; border_style=&#8221;solid&#8221; input_border_radius=&#8221;0&#8243; global_colors_info=&#8221;{}&#8221;][\/et_pb_contact_field][\/et_pb_contact_form][et_pb_text admin_label=&#8221;TEXT LEGAL CA&#8221; _builder_version=&#8221;4.7.7&#8243; text_font=&#8221;||||||||&#8221; text_font_size=&#8221;11px&#8221; text_line_height=&#8221;1.2em&#8221; module_alignment=&#8221;left&#8221; global_module=&#8221;7568&#8243; saved_tabs=&#8221;all&#8221; global_colors_info=&#8221;{}&#8221;]<\/p>\n<p><span style=\"line-height: 1em; font-size: 12px;\">La comunicaci\u00f3 enviada quedar\u00e0 incorporada a un fitxer del que \u00e9s responsable\u00a0<strong>ESCOLA D&#8217;OFICIS CATALUNYA S.L.<\/strong>\u00a0Aquesta comunicaci\u00f3 es far\u00e0 servir exclusivament per tractar les seves dades per atendre la seva sol\u00b7licitud, sempre de conformitat amb el Reglament (UE) 2016\/679 de 27 d&#8217;abril de 2016 (RGPD), la Llei Org\u00e0nica 3\/2018 de 5 de desembre (LOPDGDD) y la resta de normativa legal vigent en mat\u00e8ria de protecci\u00f3 de dades personals. Les seves dades no es comunicaran a tercers, excepte per obligaci\u00f3 legal, i es mantindran mentre no sol\u00b7liciti la seva cancel\u00b7laci\u00f3. En qualsevol moment vost\u00e8 podr\u00e0 exercir els drets d&#8217;acc\u00e9s, rectificaci\u00f3, portabilitat i oposici\u00f3, i, si s&#8217;escau, la limitaci\u00f3 i cancel\u00b7laci\u00f3, mitjan\u00e7ant l&#8217;enviament d&#8217;un correu electr\u00f2nic a rgpg@escoficat.com.<\/span><\/p>\n<p>[\/et_pb_text][\/et_pb_column][\/et_pb_row][\/et_pb_section][et_pb_section fb_built=&#8221;1&#8243; admin_label=&#8221;DESC\u00c0RREGA PDF&#8221; _builder_version=&#8221;4.16&#8243; _module_preset=&#8221;default&#8221; background_color=&#8221;#004b87&#8243; global_colors_info=&#8221;{}&#8221;][et_pb_row column_structure=&#8221;3_4,1_4&#8243; _builder_version=&#8221;4.16&#8243; _module_preset=&#8221;default&#8221; global_colors_info=&#8221;{}&#8221;][et_pb_column type=&#8221;3_4&#8243; _builder_version=&#8221;4.16&#8243; _module_preset=&#8221;default&#8221; global_colors_info=&#8221;{}&#8221;][et_pb_text admin_label=&#8221;H2 + text&#8221; _builder_version=&#8221;4.16&#8243; _module_preset=&#8221;default&#8221; header_2_font_size=&#8221;25px&#8221; header_2_line_height=&#8221;1.2em&#8221; background_layout=&#8221;dark&#8221; global_colors_info=&#8221;{}&#8221;]<\/p>\n<h2>Vols ser auxiliar dental? Aquesta \u00e9s la teva oportunitat!<\/h2>\n<p>Escola d\u2019Oficis Catalunya et prepara de forma te\u00f2rica i pr\u00e0ctica perqu\u00e8 aconsegueixis les teves pr\u00f2pies expectatives i les de les empreses per a les que treballis. Aquest curs de FP dental \u00e9s purament presencial. Disposes de professors altament qualificats i professionals del sector dental amb els quals podr\u00e0s comptar durant els teus estudis.<\/p>\n<h2>Curs de formaci\u00f3 professional amb una gran part pr\u00e0ctica<\/h2>\n<p>El Curs d\u2019Auxiliar de Cl\u00ednica Dental d\u2019Escola d\u2019Oficis Catalunya disposa de pr\u00e0ctiques formatives al propi centre. Posar\u00e0s en funcionament tot l\u2019apr\u00e8s en una sala real muntada a les nostres aules. Aix\u00ed et familiaritzar\u00e0s amb l\u2019ambient de treball abans de comen\u00e7ar el teu cam\u00ed professional com a auxiliar dental.<\/p>\n<p>A m\u00e9s a m\u00e9s, podr\u00e0s realitzar pr\u00e0ctiques externes gr\u00e0cies als convenis i acords de qu\u00e8 disposem amb diferents empreses del sector. Posar\u00e0s en funcionament els coneixements adquirits durant el Curs d\u2019Auxiliar de Cl\u00ednica Dental amb pr\u00e0ctiques en centres reconeguts.<\/p>\n<p>[\/et_pb_text][\/et_pb_column][et_pb_column type=&#8221;1_4&#8243; _builder_version=&#8221;4.16&#8243; _module_preset=&#8221;default&#8221; global_colors_info=&#8221;{}&#8221;][et_pb_blurb title=&#8221;Descarrega el temari del Curs d&#8217;Auxiliar de Cl\u00ednica Dental en PDF&#8221; use_icon=&#8221;on&#8221; font_icon=&#8221;&#x6f;||divi||400&#8243; icon_color=&#8221;#ffffff&#8221; admin_label=&#8221;desc\u00e0rrega pdf&#8221; _builder_version=&#8221;4.16&#8243; _module_preset=&#8221;default&#8221; text_orientation=&#8221;center&#8221; background_layout=&#8221;dark&#8221; animation=&#8221;off&#8221; link_option_url=&#8221;https:\/\/eoc.cat\/wp-content\/uploads\/2021\/02\/t-auxiliar-dental.pdf&#8221; global_colors_info=&#8221;{}&#8221; icon_color__hover_enabled=&#8221;on|hover&#8221; icon_color__hover=&#8221;rgba(217,217,214,0.2)&#8221;][\/et_pb_blurb][\/et_pb_column][\/et_pb_row][\/et_pb_section][et_pb_section fb_built=&#8221;1&#8243; admin_label=&#8221;PREGUNTES FREQ\u00dcENTS&#8221; _builder_version=&#8221;4.16&#8243; _module_preset=&#8221;default&#8221; global_colors_info=&#8221;{}&#8221;][et_pb_row _builder_version=&#8221;4.16&#8243; _module_preset=&#8221;default&#8221; global_colors_info=&#8221;{}&#8221;][et_pb_column type=&#8221;4_4&#8243; _builder_version=&#8221;4.16&#8243; _module_preset=&#8221;default&#8221; global_colors_info=&#8221;{}&#8221;][et_pb_text admin_label=&#8221;text&#8221; _builder_version=&#8221;4.16&#8243; _module_preset=&#8221;default&#8221; global_colors_info=&#8221;{}&#8221;]<\/p>\n<h3>Preguntes freq\u00fcents<\/h3>\n<p>Abans de res, aprendr\u00e0s a treballar en equip en una cl\u00ednica dental. Contribuint a crear un bon ambient per a tots, oferint un tracte pr\u00f2xim, personal i una bona comunicaci\u00f3. \u00c9s vital buscar la satisfacci\u00f3 de cadascun dels nostres pacients, donant-nos suport en la confian\u00e7a, en l&#8217;empatia, en el saber escoltar, generant aix\u00ed seguretat en ells, demostrant-los el nostre respecte i professionalitat.<\/p>\n<p>Resumint, en una cl\u00ednica dental, el teu deure principal, \u00e9s brindar un servei excel\u00b7lent.<\/p>\n<h4>Qu\u00e8 s&#8217;apr\u00e8n durant el curs?<\/h4>\n<ul>\n<li>Quins professionals formen la cl\u00ednica dental i les seves funcions.<\/li>\n<li>Totes les funcions de l&#8217;Auxiliar dental.<\/li>\n<li>La hist\u00f2ria cl\u00ednica dental, apartats que la formen.<\/li>\n<li>La import\u00e0ncia de tenir una bona planificaci\u00f3 d&#8217;agenda i una bona organitzaci\u00f3 en la cl\u00ednica dental.<\/li>\n<li>Programes de gesti\u00f3 de la cl\u00ednica dental i base de dades: t\u00e8cniques b\u00e0siques del programa inform\u00e0tic Gesden.<\/li>\n<li>La cl\u00ednica dental, tipus de consultes.<\/li>\n<li>La butaca dental.<\/li>\n<li>Assist\u00e8ncia i instrumentaci\u00f3 en operat\u00f2ria dental, maniobres d&#8217;il\u00b7luminaci\u00f3 del camp.<\/li>\n<li>Reconeixement de l&#8217;instrumental rotatori i maduixes dentals.<\/li>\n<li>Aparatologia o material b\u00e0sic en la consulta dental.<\/li>\n<li>Manteniment de l&#8217;equip dental.<\/li>\n<li>Principis d&#8217;utilitzaci\u00f3, neteja, desinfecci\u00f3 i esterilitzaci\u00f3 de l&#8217;instrumental dental.<\/li>\n<li>El control de la infecci\u00f3 en la cl\u00ednica dental.<\/li>\n<li>Malalties transmissibles en la consulta dental.<\/li>\n<li>Saber actuar front urg\u00e8ncies en la cl\u00ednica dental i con\u00e8ixer els riscos ergon\u00f2mics, ambientals i qu\u00edmics.<\/li>\n<li>Tecnologia CAD-CAM.<\/li>\n<li>Anatomia i funci\u00f3 de la regi\u00f3 bucofacial: ossos, m\u00fasculs, nervis, sins, gl\u00e0ndules salivals.<\/li>\n<li>ATM.<\/li>\n<li>Parts de la boca i la llengua.<\/li>\n<li>Anatomia i fisiologia dental.<\/li>\n<li>Dentici\u00f3 temporal i permanent.<\/li>\n<li>Nomenclatura dent\u00e0ria.<\/li>\n<li>L&#8217;odontograma, i altres sistemes de registre de la informaci\u00f3.<\/li>\n<li>Malalties i lesions de la boca.<\/li>\n<li>Malalties generals amb manifestacions bucals.<\/li>\n<li>Malalties associades a l&#8217;\u00fas de f\u00e0rmacs i tractaments m\u00e8dics.<\/li>\n<li>Patologia de la dent.<\/li>\n<li>Anomalies dent\u00e0ries.<\/li>\n<li>Displ\u00e0sies o hipopl\u00e0sies dent\u00e0ries.<\/li>\n<li>Traumatismes dentals.<\/li>\n<li>Obtenir coneixements essencials sobre farmacologia odontol\u00f2gica i l&#8217;administraci\u00f3 dels f\u00e0rmacs.<\/li>\n<li>T\u00e8cniques d&#8217;anest\u00e8sia dental.<\/li>\n<li>Materials en la consulta dental funcions i composicions (materials d&#8217;impressi\u00f3, d&#8217;obturaci\u00f3, ciments i altres materials com a amalgames, vernissos protectors, adhesius etc.)<\/li>\n<li>Materials de laboratori.<\/li>\n<li>Pr\u00f2tesis dentals.<\/li>\n<li>Implants dentals.<\/li>\n<li>Instrumental dental.<\/li>\n<li>Procediments d&#8217;ajuda al facultatiu en t\u00e8cniques d&#8217;instrumentaci\u00f3 de: exod\u00f2ncies, endod\u00f2ncies, obturacions, segellat de fissures, tartrectomies, pr\u00f2tesis, cirurgia, col\u00b7locaci\u00f3 d&#8217;implants, fluoracions, etc.<\/li>\n<li>Organitzaci\u00f3 de les safates segons la seva ordre d&#8217;\u00fas i tractament.<\/li>\n<li>Maniobres d&#8217;a\u00efllament del camp operatori (a\u00efllament absolut i relatiu).<\/li>\n<li>Prevenci\u00f3 i manteniment de la salut dental.<\/li>\n<li>Fonaments de la radiologia bucal.<\/li>\n<li>Les parts d&#8217;un aparell de radiologia intraoral.<\/li>\n<li>T\u00e8cniques radiogr\u00e0fiques dentals.<\/li>\n<li>T\u00e8cniques de revelat.<\/li>\n<li>Altres t\u00e8cniques de diagn\u00f2stic per imatge.<\/li>\n<li>Normes de protecci\u00f3 radiol\u00f2gica i elements de radioprotecci\u00f3.<\/li>\n<\/ul>\n<h4>Qu\u00e8 s&#8217;apr\u00e8n durant les pr\u00e0ctiques internes (en classe)?<\/h4>\n<ul>\n<li>Identificar i col\u00b7locar els diferents posicionadores per a fer una radiografia intraoral.<\/li>\n<li>Col\u00b7locaci\u00f3 de les plaques periapicals segons les t\u00e8cniques de la bisectriu, aix\u00ed com plaques d&#8217;aleta de mossegada.<\/li>\n<li>A interpretar imatges radiogr\u00e0fiques.<\/li>\n<li>Preparaci\u00f3 de la xeringa i agulla d&#8217;anest\u00e8sia i la seva manipulaci\u00f3.<\/li>\n<li>Com preparar i tractar al pacient durant el proc\u00e9s de la presa d&#8217;impressions.<\/li>\n<li>Manipulaci\u00f3 i presa d&#8217;impressions amb alginato.<\/li>\n<li>Manipulaci\u00f3 i presa d&#8217;impressions amb silicona.<\/li>\n<li>Manipulaci\u00f3 i registres de mossegada amb cera.<\/li>\n<li>Manipulaci\u00f3 i buidatge de models amb guix.<\/li>\n<li>An\u00e0lisi de models i de boques reals (entre alumnes).<\/li>\n<li>A buidar les impressions de alginato.<\/li>\n<li>A barrejar diversos materials.<\/li>\n<li>A preparar tot el material necessari per a col\u00b7locar un a\u00efllament absolut i col\u00b7locar-lo en models anat\u00f2mics.<\/li>\n<li>A fer una fluoritzaci\u00f3.<\/li>\n<li>A raspallar-nos correctament les dents.<\/li>\n<li>A utilitzar correctament el fil o seda dental.<\/li>\n<li>Emplenament d&#8217;odontogrames i pr\u00e0ctiques de nomenclatura dent\u00e0ria.<\/li>\n<li>Reconeixement i preparaci\u00f3 de safates en ordre d&#8217;\u00fas per a cada tractament.<\/li>\n<li>Reconeixement i identificaci\u00f3 de pr\u00f2tesis dentals.<\/li>\n<li>Reconeixement i identificaci\u00f3 d&#8217;instrumental.<\/li>\n<\/ul>\n<h4>\u00bfQu\u00e8 s&#8217;apr\u00e8n durant les pr\u00e0ctiques externes en empreses?<\/h4>\n<p>En les pr\u00e0ctiques externes, com b\u00e9 diu el seu nom, portem a la pr\u00e0ctica tot l&#8217;apr\u00e8s durant el curs. \u00c9s el toc final per a aprendre la professi\u00f3 d&#8217;auxiliar d&#8217;odontologia, per a aprendre a treballar en una cl\u00ednica dental de manera efica\u00e7 i resolutiva, per a poder prendre contacte amb pacients reals i donar un servei excel\u00b7lent, per a aprendre a ser la m\u00e0 dreta de l&#8217;odont\u00f2leg en el box i fora d&#8217;ell, ja que tamb\u00e9 posarem en pr\u00e0ctica les nostres funcions administratives.<\/p>\n<p>En resum, aquest curs et prepara per a formar part de l&#8217;equip d&#8217;una cl\u00ednica dental, complint les funcions i responsabilitats de l&#8217;auxiliar dental. Obtenint coneixements essencials per a poder dur a terme la teva professi\u00f3 i poder organitzar l&#8217;estructura d&#8217;una cl\u00ednica dental i exercir la funci\u00f3 d&#8217;atendre excel\u00b7lentment el pacient.<\/p>\n<h4>Quines s\u00f3n les sortides professionals del Certificat de Professionalitat d&#8217;Atenci\u00f3 Sociosanit\u00e0ria?<\/h4>\n<p>La salut bucodental \u00e9s fonamental en les persones, degut, afortunadament, al fet que cada vegada m\u00e9s persones s\u00f3n conscients d&#8217;aquesta import\u00e0ncia, a l&#8217;augment, a m\u00e9s, en l&#8217;esperan\u00e7a de vida i a l&#8217;auge de l&#8217;est\u00e8tica, cada vegada hi ha m\u00e9s demanda d&#8217;aquesta mena de serveis.<\/p>\n<p>La majoria dels auxiliars dentals acaben desenvolupant la seva professi\u00f3 en cl\u00edniques dentals p\u00fabliques o privades.<\/p>\n<p>En centres de salut multi-servei: aquests centres ofereixen solucions de tota mena, inclosa la millora de la salut oral o els seus tractaments est\u00e8tics. En aquest camp, un auxiliar dental pot col\u00b7laborar en els tractaments d&#8217;emblanquiment, en els tractaments est\u00e8tics amb composites o amb carilles, en la millora d&#8217;h\u00e0bits d&#8217;higiene o en la prevenci\u00f3.<\/p>\n<p>Altres opcions: com a suport a odont\u00f2legs que realitzen visites de control en pacients i sense intervencions en els seus propis domicilis o en empreses o altres espais laborals (resid\u00e8ncies d&#8217;ancians, allotjaments de nivell, centres de balneoter\u00e0pia orientats a l&#8217;atenci\u00f3 geri\u00e0trica, etc.).<\/p>\n<p>[\/et_pb_text][\/et_pb_column][\/et_pb_row][\/et_pb_section][et_pb_section fb_built=&#8221;1&#8243; admin_label=&#8221;ESLOGAN CA&#8221; _builder_version=&#8221;4.7.7&#8243; _module_preset=&#8221;default&#8221; background_color=&#8221;#004b87&#8243; global_module=&#8221;7630&#8243; global_colors_info=&#8221;{}&#8221;][et_pb_row _builder_version=&#8221;4.16&#8243; _module_preset=&#8221;default&#8221; global_colors_info=&#8221;{}&#8221;][et_pb_column type=&#8221;4_4&#8243; _builder_version=&#8221;4.16&#8243; _module_preset=&#8221;default&#8221; global_colors_info=&#8221;{}&#8221;][et_pb_text admin_label=&#8221;text&#8221; _builder_version=&#8221;4.16&#8243; _module_preset=&#8221;default&#8221; text_text_color=&#8221;#ffffff&#8221; text_font_size=&#8221;35px&#8221; text_line_height=&#8221;1.2em&#8221; text_orientation=&#8221;center&#8221; background_layout=&#8221;dark&#8221; custom_padding=&#8221;35px||35px||true|false&#8221; text_font_size_tablet=&#8221;&#8221; text_font_size_phone=&#8221;30px&#8221; text_font_size_last_edited=&#8221;on|phone&#8221; global_colors_info=&#8221;{}&#8221;]<\/p>\n<p>El nostre present,<br \/><strong>formar el teu futur<\/strong><\/p>\n<p>[\/et_pb_text][\/et_pb_column][\/et_pb_row][\/et_pb_section][et_pb_section fb_built=&#8221;1&#8243; disabled_on=&#8221;on|on|on&#8221; admin_label=&#8221;PROFESSORAT&#8221; _builder_version=&#8221;4.16&#8243; _module_preset=&#8221;default&#8221; disabled=&#8221;on&#8221; global_colors_info=&#8221;{}&#8221;][et_pb_row _builder_version=&#8221;4.16&#8243; _module_preset=&#8221;default&#8221; global_colors_info=&#8221;{}&#8221;][et_pb_column type=&#8221;4_4&#8243; _builder_version=&#8221;4.16&#8243; _module_preset=&#8221;default&#8221; global_colors_info=&#8221;{}&#8221;][et_pb_text admin_label=&#8221;H3 Professors de la formaci\u00f3&#8221; _builder_version=&#8221;4.16&#8243; _module_preset=&#8221;default&#8221; global_colors_info=&#8221;{}&#8221;]<\/p>\n<h3>Professors de la formaci\u00f3<\/h3>\n<p>[\/et_pb_text][\/et_pb_column][\/et_pb_row][et_pb_row column_structure=&#8221;1_4,1_4,1_4,1_4&#8243; _builder_version=&#8221;4.16&#8243; _module_preset=&#8221;default&#8221; global_colors_info=&#8221;{}&#8221;][et_pb_column type=&#8221;1_4&#8243; _builder_version=&#8221;4.16&#8243; _module_preset=&#8221;default&#8221; global_colors_info=&#8221;{}&#8221;][et_pb_team_member position=&#8221;Carmen Revilla&#8221; image_url=&#8221;https:\/\/eoc.cat\/wp-content\/uploads\/2020\/12\/plantilla-profesores.jpg&#8221; admin_label=&#8221;Carmen Revilla&#8221; _builder_version=&#8221;4.16&#8243; _module_preset=&#8221;default&#8221; position_text_color=&#8221;#002855&#8243; position_font_size=&#8221;16px&#8221; global_colors_info=&#8221;{}&#8221;]<\/p>\n<p><span style=\"color: #004b87;\">Formadora en EOC des de 2018.<\/span><\/p>\n<p>Diplomada Universit\u00e0ria en Infermeria (2007) amb experi\u00e8ncia de 10 anys en Unitats de Cr\u00edtics. Certificat d&#8217;Aptitud Pedag\u00f2gica (2008). M\u00e0ster en Urg\u00e8ncies i Postgrau en Anest\u00e8sia i Reanimaci\u00f3 (2011).<\/p>\n<p>[\/et_pb_team_member][\/et_pb_column][et_pb_column type=&#8221;1_4&#8243; _builder_version=&#8221;4.16&#8243; _module_preset=&#8221;default&#8221; global_colors_info=&#8221;{}&#8221;][et_pb_team_member position=&#8221;Carmen Revilla&#8221; image_url=&#8221;https:\/\/eoc.cat\/wp-content\/uploads\/2020\/12\/plantilla-profesores.jpg&#8221; admin_label=&#8221;Carmen Revilla&#8221; _builder_version=&#8221;4.16&#8243; _module_preset=&#8221;default&#8221; position_text_color=&#8221;#002855&#8243; position_font_size=&#8221;16px&#8221; global_colors_info=&#8221;{}&#8221;]<\/p>\n<p><span style=\"color: #004b87;\">Formadora en EOC des de 2018.<\/span><\/p>\n<p>Diplomada Universit\u00e0ria en Infermeria (2007) amb experi\u00e8ncia de 10 anys en Unitats de Cr\u00edtics. Certificat d&#8217;Aptitud Pedag\u00f2gica (2008). M\u00e0ster en Urg\u00e8ncies i Postgrau en Anest\u00e8sia i Reanimaci\u00f3 (2011).<\/p>\n<p>[\/et_pb_team_member][\/et_pb_column][et_pb_column type=&#8221;1_4&#8243; _builder_version=&#8221;4.16&#8243; _module_preset=&#8221;default&#8221; global_colors_info=&#8221;{}&#8221;][et_pb_team_member position=&#8221;Carmen Revilla&#8221; image_url=&#8221;https:\/\/eoc.cat\/wp-content\/uploads\/2020\/12\/plantilla-profesores.jpg&#8221; admin_label=&#8221;Carmen Revilla&#8221; _builder_version=&#8221;4.16&#8243; _module_preset=&#8221;default&#8221; position_text_color=&#8221;#002855&#8243; position_font_size=&#8221;16px&#8221; global_colors_info=&#8221;{}&#8221;]<\/p>\n<p><span style=\"color: #004b87;\">Formadora en EOC des de 2018.<\/span><\/p>\n<p>Diplomada Universit\u00e0ria en Infermeria (2007) amb experi\u00e8ncia de 10 anys en Unitats de Cr\u00edtics. Certificat d&#8217;Aptitud Pedag\u00f2gica (2008). M\u00e0ster en Urg\u00e8ncies i Postgrau en Anest\u00e8sia i Reanimaci\u00f3 (2011).<\/p>\n<p>[\/et_pb_team_member][\/et_pb_column][et_pb_column type=&#8221;1_4&#8243; _builder_version=&#8221;4.16&#8243; _module_preset=&#8221;default&#8221; global_colors_info=&#8221;{}&#8221;][et_pb_team_member position=&#8221;Carmen Revilla&#8221; image_url=&#8221;https:\/\/eoc.cat\/wp-content\/uploads\/2020\/12\/plantilla-profesores.jpg&#8221; admin_label=&#8221;Carmen Revilla&#8221; _builder_version=&#8221;4.16&#8243; _module_preset=&#8221;default&#8221; position_text_color=&#8221;#002855&#8243; position_font_size=&#8221;16px&#8221; global_colors_info=&#8221;{}&#8221;]<\/p>\n<p><span style=\"color: #004b87;\">Formadora en EOC des de 2018.<\/span><\/p>\n<p>Diplomada Universit\u00e0ria en Infermeria (2007) amb experi\u00e8ncia de 10 anys en Unitats de Cr\u00edtics. Certificat d&#8217;Aptitud Pedag\u00f2gica (2008). M\u00e0ster en Urg\u00e8ncies i Postgrau en Anest\u00e8sia i Reanimaci\u00f3 (2011).<\/p>\n<p>[\/et_pb_team_member][\/et_pb_column][\/et_pb_row][\/et_pb_section][et_pb_section fb_built=&#8221;1&#8243; disabled_on=&#8221;on|on|on&#8221; admin_label=&#8221;OPINIONS&#8221; _builder_version=&#8221;4.16&#8243; _module_preset=&#8221;default&#8221; background_color=&#8221;#004b87&#8243; custom_padding=&#8221;||20px||false|false&#8221; disabled=&#8221;on&#8221; global_colors_info=&#8221;{}&#8221;][et_pb_row _builder_version=&#8221;4.16&#8243; _module_preset=&#8221;default&#8221; global_colors_info=&#8221;{}&#8221;][et_pb_column type=&#8221;4_4&#8243; _builder_version=&#8221;4.16&#8243; _module_preset=&#8221;default&#8221; global_colors_info=&#8221;{}&#8221;][et_pb_text admin_label=&#8221;H3 Opinions d&#8217;alumnes EOC&#8221; _builder_version=&#8221;4.16&#8243; _module_preset=&#8221;default&#8221; background_layout=&#8221;dark&#8221; global_colors_info=&#8221;{}&#8221;]<\/p>\n<h3>Opinions d&#8217;alumnes EOC<\/h3>\n<p>[\/et_pb_text][\/et_pb_column][\/et_pb_row][et_pb_row column_structure=&#8221;1_3,1_3,1_3&#8243; _builder_version=&#8221;4.16&#8243; _module_preset=&#8221;default&#8221; custom_padding=&#8221;||||false|false&#8221; global_colors_info=&#8221;{}&#8221;][et_pb_column type=&#8221;1_3&#8243; _builder_version=&#8221;4.16&#8243; _module_preset=&#8221;default&#8221; global_colors_info=&#8221;{}&#8221;][et_pb_testimonial author=&#8221;Opini\u00f3 alumne 1&#8243; job_title=&#8221;Ex-alumne del Curs d&#8217;exemple&#8221; quote_icon_color=&#8221;#004b87&#8243; quote_icon_background_color=&#8221;#ffffff&#8221; admin_label=&#8221;Recomanaci\u00f3&#8221; _builder_version=&#8221;4.16&#8243; _module_preset=&#8221;default&#8221; author_font=&#8221;||||||||&#8221; author_text_color=&#8221;#002855&#8243; author_font_size=&#8221;16px&#8221; position_text_color=&#8221;#004b87&#8243; global_colors_info=&#8221;{}&#8221;]<\/p>\n<p>Lorem ipsum dolor sit amet, consectetur adipiscing elit. Nam id tristique lectus, vel pretium ipsum. Aliquam fermentum velit sit amet odio laoreet, id facilisis justo tempor. Ut gravida vitae mauris vel aliquam. Donec id quam blandit, molestie elit ut, ultricies arcu. Vivamus vitae dui enim. Phasellus id justo nec leo ultricies porttitor. In ac lacus a purus gravida tristique. Nunc lobortis neque posuere vehicula luctus. Nulla sollicitudin tincidunt aliquam.<\/p>\n<p>[\/et_pb_testimonial][\/et_pb_column][et_pb_column type=&#8221;1_3&#8243; _builder_version=&#8221;4.16&#8243; _module_preset=&#8221;default&#8221; global_colors_info=&#8221;{}&#8221;][et_pb_testimonial author=&#8221;Opini\u00f3 alumne 1&#8243; job_title=&#8221;Ex-alumne del Curs d&#8217;exemple&#8221; quote_icon_color=&#8221;#004b87&#8243; quote_icon_background_color=&#8221;#ffffff&#8221; admin_label=&#8221;Recomanaci\u00f3&#8221; _builder_version=&#8221;4.16&#8243; _module_preset=&#8221;default&#8221; author_font=&#8221;||||||||&#8221; author_text_color=&#8221;#002855&#8243; author_font_size=&#8221;16px&#8221; position_text_color=&#8221;#004b87&#8243; global_colors_info=&#8221;{}&#8221;]<\/p>\n<p>Lorem ipsum dolor sit amet, consectetur adipiscing elit. Nam id tristique lectus, vel pretium ipsum. Aliquam fermentum velit sit amet odio laoreet, id facilisis justo tempor. Ut gravida vitae mauris vel aliquam. Donec id quam blandit, molestie elit ut, ultricies arcu. Vivamus vitae dui enim. Phasellus id justo nec leo ultricies porttitor. In ac lacus a purus gravida tristique. Nunc lobortis neque posuere vehicula luctus. Nulla sollicitudin tincidunt aliquam.<\/p>\n<p>[\/et_pb_testimonial][\/et_pb_column][et_pb_column type=&#8221;1_3&#8243; _builder_version=&#8221;4.16&#8243; _module_preset=&#8221;default&#8221; global_colors_info=&#8221;{}&#8221;][et_pb_testimonial author=&#8221;Opini\u00f3 alumne 1&#8243; job_title=&#8221;Ex-alumne del Curs d&#8217;exemple&#8221; quote_icon_color=&#8221;#004b87&#8243; quote_icon_background_color=&#8221;#ffffff&#8221; admin_label=&#8221;Recomanaci\u00f3&#8221; _builder_version=&#8221;4.16&#8243; _module_preset=&#8221;default&#8221; author_font=&#8221;||||||||&#8221; author_text_color=&#8221;#002855&#8243; author_font_size=&#8221;16px&#8221; position_text_color=&#8221;#004b87&#8243; global_colors_info=&#8221;{}&#8221;]<\/p>\n<p>Lorem ipsum dolor sit amet, consectetur adipiscing elit. Nam id tristique lectus, vel pretium ipsum. Aliquam fermentum velit sit amet odio laoreet, id facilisis justo tempor. Ut gravida vitae mauris vel aliquam. Donec id quam blandit, molestie elit ut, ultricies arcu. Vivamus vitae dui enim. Phasellus id justo nec leo ultricies porttitor. In ac lacus a purus gravida tristique. Nunc lobortis neque posuere vehicula luctus. Nulla sollicitudin tincidunt aliquam.<\/p>\n<p>[\/et_pb_testimonial][\/et_pb_column][\/et_pb_row][\/et_pb_section]<\/p>\n","protected":false},"excerpt":{"rendered":"<p>Curs d\u2019Auxiliar de Cl\u00ednica Dental Forma\u2019t amb el\u00a0Curs d\u2019Auxiliar de Cl\u00ednica Dental, una de les especialitats sanit\u00e0ries amb m\u00e9s projecci\u00f3 en el mercat laboral.Converteix-te en auxiliar d\u2019odontologia amb aquest curs de Formaci\u00f3 Professional Escola d\u2019Oficis Catalunya et prepara com especialista capacitat per donar suport als odont\u00f2legs, i per a exercir les funcions d\u2019assessorar i atendre al pacient. Adquireix els coneixements sobre els principis i les bases de l\u2019odontologia que et permetran exercir com a\u00a0auxiliar de cl\u00ednica dental\u00a0a consultes, cl\u00edniques, dispensaris, etc. En el Curs d\u2019Auxiliar de Cl\u00ednica Dental disposar\u00e0s, a m\u00e9s, de\u00a0pr\u00e0ctiques en cl\u00edniques dentals\u00a0per completar la teva formaci\u00f3 professional apropant-te al m\u00f3n laboral que t\u2019espera a l\u2019acabar els estudis. Una experi\u00e8ncia amb qu\u00e8 con\u00e8ixer la realitat professional i disposar de la possibilitat de la teva primera oportunitat en el sector.Diploma d&#8217;Escola d&#8217;Oficis Catalunya.Modalitat presencial, semipresencial, intensiva i online.Durada: de 7 a 9 mesos.Pr\u00e0ctiques internes \/ externes.Contacta amb nosaltres *Dades obligat\u00f2riesLa comunicaci\u00f3 enviada quedar\u00e0 incorporada a un fitxer del que \u00e9s responsable\u00a0ESCOLA D&#8217;OFICIS CATALUNYA S.L.\u00a0Aquesta comunicaci\u00f3 es far\u00e0 servir exclusivament per tractar les seves dades per atendre la seva sol\u00b7licitud, sempre de conformitat amb el Reglament (UE) 2016\/679 de 27 d&#8217;abril de 2016 (RGPD), la Llei Org\u00e0nica 3\/2018 de 5 [&hellip;]<\/p>\n","protected":false},"author":6,"featured_media":7961,"parent":0,"menu_order":0,"comment_status":"closed","ping_status":"closed","template":"","meta":{"_et_pb_use_builder":"on","_et_pb_old_content":"","_et_gb_content_width":"","footnotes":""},"class_list":["post-7958","page","type-page","status-publish","has-post-thumbnail","hentry"],"yoast_head":"<!-- This site is optimized with the Yoast SEO plugin v27.5 - https:\/\/yoast.com\/product\/yoast-seo-wordpress\/ -->\n<title>Curs d&#039;Auxiliar de Cl\u00ednica Dental | Barcelona i l&#039;Hospitalet<\/title>\n<meta name=\"description\" content=\"Curs d&#039;Auxiliar de Cl\u00ednica Dental a Barcelona i l&#039;Hospitalet. Curs de formaci\u00f3 professional d&#039;auxiliar de cl\u00edniques dentals.\" \/>\n<meta name=\"robots\" content=\"index, follow, max-snippet:-1, max-image-preview:large, max-video-preview:-1\" \/>\n<link rel=\"canonical\" href=\"https:\/\/eoc.cat\/ca\/auxiliar-clinica-dental\/\" \/>\n<meta property=\"og:locale\" content=\"ca_ES\" \/>\n<meta property=\"og:type\" content=\"article\" \/>\n<meta property=\"og:title\" content=\"Curs d&#039;Auxiliar de Cl\u00ednica Dental | Barcelona i l&#039;Hospitalet\" \/>\n<meta property=\"og:description\" content=\"Curs d&#039;Auxiliar de Cl\u00ednica Dental a Barcelona i l&#039;Hospitalet. Curs de formaci\u00f3 professional d&#039;auxiliar de cl\u00edniques dentals.\" \/>\n<meta property=\"og:url\" content=\"https:\/\/eoc.cat\/ca\/auxiliar-clinica-dental\/\" \/>\n<meta property=\"og:site_name\" content=\"Escola d&#039;Oficis Catalunya\" \/>\n<meta property=\"article:publisher\" content=\"https:\/\/www.facebook.com\/EscoladOficisCatalunya\" \/>\n<meta property=\"article:modified_time\" content=\"2026-04-10T11:36:42+00:00\" \/>\n<meta property=\"og:image\" content=\"https:\/\/eoc.cat\/wp-content\/uploads\/2021\/01\/auxiliar-c-dental.jpg\" \/>\n\t<meta property=\"og:image:width\" content=\"1200\" \/>\n\t<meta property=\"og:image:height\" content=\"628\" \/>\n\t<meta property=\"og:image:type\" content=\"image\/jpeg\" \/>\n<meta name=\"twitter:card\" content=\"summary_large_image\" \/>\n<meta name=\"twitter:title\" content=\"Curs d&#039;Auxiliar de Cl\u00ednica Dental | Barcelona i l&#039;Hospitalet\" \/>\n<meta name=\"twitter:description\" content=\"Curs d&#039;Auxiliar de Cl\u00ednica Dental a Barcelona i l&#039;Hospitalet. Curs de formaci\u00f3 professional d&#039;auxiliar de cl\u00edniques dentals.\" \/>\n<meta name=\"twitter:image\" content=\"https:\/\/eoc.cat\/wp-content\/uploads\/2021\/01\/auxiliar-c-dental.jpg\" \/>\n<meta name=\"twitter:site\" content=\"@escoficat\" \/>\n<script type=\"application\/ld+json\" class=\"yoast-schema-graph\">{\"@context\":\"https:\\\/\\\/schema.org\",\"@graph\":[{\"@type\":\"WebPage\",\"@id\":\"https:\\\/\\\/eoc.cat\\\/ca\\\/auxiliar-clinica-dental\\\/\",\"url\":\"https:\\\/\\\/eoc.cat\\\/ca\\\/auxiliar-clinica-dental\\\/\",\"name\":\"Curs d'Auxiliar de Cl\u00ednica Dental | Barcelona i l'Hospitalet\",\"isPartOf\":{\"@id\":\"https:\\\/\\\/eoc.cat\\\/#website\"},\"primaryImageOfPage\":{\"@id\":\"https:\\\/\\\/eoc.cat\\\/ca\\\/auxiliar-clinica-dental\\\/#primaryimage\"},\"image\":{\"@id\":\"https:\\\/\\\/eoc.cat\\\/ca\\\/auxiliar-clinica-dental\\\/#primaryimage\"},\"thumbnailUrl\":\"https:\\\/\\\/eoc.cat\\\/wp-content\\\/uploads\\\/2021\\\/01\\\/auxiliar-c-dental.jpg\",\"datePublished\":\"2021-01-01T11:10:12+00:00\",\"dateModified\":\"2026-04-10T11:36:42+00:00\",\"description\":\"Curs d'Auxiliar de Cl\u00ednica Dental a Barcelona i l'Hospitalet. Curs de formaci\u00f3 professional d'auxiliar de cl\u00edniques dentals.\",\"breadcrumb\":{\"@id\":\"https:\\\/\\\/eoc.cat\\\/ca\\\/auxiliar-clinica-dental\\\/#breadcrumb\"},\"inLanguage\":\"ca\",\"potentialAction\":[{\"@type\":\"ReadAction\",\"target\":[\"https:\\\/\\\/eoc.cat\\\/ca\\\/auxiliar-clinica-dental\\\/\"]}]},{\"@type\":\"ImageObject\",\"inLanguage\":\"ca\",\"@id\":\"https:\\\/\\\/eoc.cat\\\/ca\\\/auxiliar-clinica-dental\\\/#primaryimage\",\"url\":\"https:\\\/\\\/eoc.cat\\\/wp-content\\\/uploads\\\/2021\\\/01\\\/auxiliar-c-dental.jpg\",\"contentUrl\":\"https:\\\/\\\/eoc.cat\\\/wp-content\\\/uploads\\\/2021\\\/01\\\/auxiliar-c-dental.jpg\",\"width\":1200,\"height\":628,\"caption\":\"auxiliar cl\u00ednica dental\"},{\"@type\":\"BreadcrumbList\",\"@id\":\"https:\\\/\\\/eoc.cat\\\/ca\\\/auxiliar-clinica-dental\\\/#breadcrumb\",\"itemListElement\":[{\"@type\":\"ListItem\",\"position\":1,\"name\":\"Portada\",\"item\":\"https:\\\/\\\/eoc.cat\\\/ca\\\/\"},{\"@type\":\"ListItem\",\"position\":2,\"name\":\"Curs d&#8217;Auxiliar de Cl\u00ednica Dental\"}]},{\"@type\":\"WebSite\",\"@id\":\"https:\\\/\\\/eoc.cat\\\/#website\",\"url\":\"https:\\\/\\\/eoc.cat\\\/\",\"name\":\"Escola d'Oficis Catalunya\",\"description\":\"Escuela de formaci\u00f3n profesional para adultos y j\u00f3venes\",\"publisher\":{\"@id\":\"https:\\\/\\\/eoc.cat\\\/#organization\"},\"alternateName\":\"EOC\",\"potentialAction\":[{\"@type\":\"SearchAction\",\"target\":{\"@type\":\"EntryPoint\",\"urlTemplate\":\"https:\\\/\\\/eoc.cat\\\/?s={search_term_string}\"},\"query-input\":{\"@type\":\"PropertyValueSpecification\",\"valueRequired\":true,\"valueName\":\"search_term_string\"}}],\"inLanguage\":\"ca\"},{\"@type\":\"Organization\",\"@id\":\"https:\\\/\\\/eoc.cat\\\/#organization\",\"name\":\"Escola d'Oficis Catalunya\",\"alternateName\":\"EOC\",\"url\":\"https:\\\/\\\/eoc.cat\\\/\",\"logo\":{\"@type\":\"ImageObject\",\"inLanguage\":\"ca\",\"@id\":\"https:\\\/\\\/eoc.cat\\\/#\\\/schema\\\/logo\\\/image\\\/\",\"url\":\"https:\\\/\\\/eoc.cat\\\/wp-content\\\/uploads\\\/2020\\\/12\\\/eoc-logotipo.png\",\"contentUrl\":\"https:\\\/\\\/eoc.cat\\\/wp-content\\\/uploads\\\/2020\\\/12\\\/eoc-logotipo.png\",\"width\":274,\"height\":118,\"caption\":\"Escola d'Oficis Catalunya\"},\"image\":{\"@id\":\"https:\\\/\\\/eoc.cat\\\/#\\\/schema\\\/logo\\\/image\\\/\"},\"sameAs\":[\"https:\\\/\\\/www.facebook.com\\\/EscoladOficisCatalunya\",\"https:\\\/\\\/x.com\\\/escoficat\",\"https:\\\/\\\/www.instagram.com\\\/escoladoficiscatalunya\\\/\",\"https:\\\/\\\/www.linkedin.com\\\/school\\\/escoladoficiscatalunya\\\/\",\"https:\\\/\\\/www.youtube.com\\\/channel\\\/UC_HLShkY7t1pf1CrXPw-gRQ\"]}]}<\/script>\n<!-- \/ Yoast SEO plugin. -->","yoast_head_json":{"title":"Curs d'Auxiliar de Cl\u00ednica Dental | Barcelona i l'Hospitalet","description":"Curs d'Auxiliar de Cl\u00ednica Dental a Barcelona i l'Hospitalet. Curs de formaci\u00f3 professional d'auxiliar de cl\u00edniques dentals.","robots":{"index":"index","follow":"follow","max-snippet":"max-snippet:-1","max-image-preview":"max-image-preview:large","max-video-preview":"max-video-preview:-1"},"canonical":"https:\/\/eoc.cat\/ca\/auxiliar-clinica-dental\/","og_locale":"ca_ES","og_type":"article","og_title":"Curs d'Auxiliar de Cl\u00ednica Dental | Barcelona i l'Hospitalet","og_description":"Curs d'Auxiliar de Cl\u00ednica Dental a Barcelona i l'Hospitalet. Curs de formaci\u00f3 professional d'auxiliar de cl\u00edniques dentals.","og_url":"https:\/\/eoc.cat\/ca\/auxiliar-clinica-dental\/","og_site_name":"Escola d&#039;Oficis Catalunya","article_publisher":"https:\/\/www.facebook.com\/EscoladOficisCatalunya","article_modified_time":"2026-04-10T11:36:42+00:00","og_image":[{"width":1200,"height":628,"url":"https:\/\/eoc.cat\/wp-content\/uploads\/2021\/01\/auxiliar-c-dental.jpg","type":"image\/jpeg"}],"twitter_card":"summary_large_image","twitter_title":"Curs d'Auxiliar de Cl\u00ednica Dental | Barcelona i l'Hospitalet","twitter_description":"Curs d'Auxiliar de Cl\u00ednica Dental a Barcelona i l'Hospitalet. Curs de formaci\u00f3 professional d'auxiliar de cl\u00edniques dentals.","twitter_image":"https:\/\/eoc.cat\/wp-content\/uploads\/2021\/01\/auxiliar-c-dental.jpg","twitter_site":"@escoficat","schema":{"@context":"https:\/\/schema.org","@graph":[{"@type":"WebPage","@id":"https:\/\/eoc.cat\/ca\/auxiliar-clinica-dental\/","url":"https:\/\/eoc.cat\/ca\/auxiliar-clinica-dental\/","name":"Curs d'Auxiliar de Cl\u00ednica Dental | Barcelona i l'Hospitalet","isPartOf":{"@id":"https:\/\/eoc.cat\/#website"},"primaryImageOfPage":{"@id":"https:\/\/eoc.cat\/ca\/auxiliar-clinica-dental\/#primaryimage"},"image":{"@id":"https:\/\/eoc.cat\/ca\/auxiliar-clinica-dental\/#primaryimage"},"thumbnailUrl":"https:\/\/eoc.cat\/wp-content\/uploads\/2021\/01\/auxiliar-c-dental.jpg","datePublished":"2021-01-01T11:10:12+00:00","dateModified":"2026-04-10T11:36:42+00:00","description":"Curs d'Auxiliar de Cl\u00ednica Dental a Barcelona i l'Hospitalet. Curs de formaci\u00f3 professional d'auxiliar de cl\u00edniques dentals.","breadcrumb":{"@id":"https:\/\/eoc.cat\/ca\/auxiliar-clinica-dental\/#breadcrumb"},"inLanguage":"ca","potentialAction":[{"@type":"ReadAction","target":["https:\/\/eoc.cat\/ca\/auxiliar-clinica-dental\/"]}]},{"@type":"ImageObject","inLanguage":"ca","@id":"https:\/\/eoc.cat\/ca\/auxiliar-clinica-dental\/#primaryimage","url":"https:\/\/eoc.cat\/wp-content\/uploads\/2021\/01\/auxiliar-c-dental.jpg","contentUrl":"https:\/\/eoc.cat\/wp-content\/uploads\/2021\/01\/auxiliar-c-dental.jpg","width":1200,"height":628,"caption":"auxiliar cl\u00ednica dental"},{"@type":"BreadcrumbList","@id":"https:\/\/eoc.cat\/ca\/auxiliar-clinica-dental\/#breadcrumb","itemListElement":[{"@type":"ListItem","position":1,"name":"Portada","item":"https:\/\/eoc.cat\/ca\/"},{"@type":"ListItem","position":2,"name":"Curs d&#8217;Auxiliar de Cl\u00ednica Dental"}]},{"@type":"WebSite","@id":"https:\/\/eoc.cat\/#website","url":"https:\/\/eoc.cat\/","name":"Escola d'Oficis Catalunya","description":"Escuela de formaci\u00f3n profesional para adultos y j\u00f3venes","publisher":{"@id":"https:\/\/eoc.cat\/#organization"},"alternateName":"EOC","potentialAction":[{"@type":"SearchAction","target":{"@type":"EntryPoint","urlTemplate":"https:\/\/eoc.cat\/?s={search_term_string}"},"query-input":{"@type":"PropertyValueSpecification","valueRequired":true,"valueName":"search_term_string"}}],"inLanguage":"ca"},{"@type":"Organization","@id":"https:\/\/eoc.cat\/#organization","name":"Escola d'Oficis Catalunya","alternateName":"EOC","url":"https:\/\/eoc.cat\/","logo":{"@type":"ImageObject","inLanguage":"ca","@id":"https:\/\/eoc.cat\/#\/schema\/logo\/image\/","url":"https:\/\/eoc.cat\/wp-content\/uploads\/2020\/12\/eoc-logotipo.png","contentUrl":"https:\/\/eoc.cat\/wp-content\/uploads\/2020\/12\/eoc-logotipo.png","width":274,"height":118,"caption":"Escola d'Oficis Catalunya"},"image":{"@id":"https:\/\/eoc.cat\/#\/schema\/logo\/image\/"},"sameAs":["https:\/\/www.facebook.com\/EscoladOficisCatalunya","https:\/\/x.com\/escoficat","https:\/\/www.instagram.com\/escoladoficiscatalunya\/","https:\/\/www.linkedin.com\/school\/escoladoficiscatalunya\/","https:\/\/www.youtube.com\/channel\/UC_HLShkY7t1pf1CrXPw-gRQ"]}]}},"_links":{"self":[{"href":"https:\/\/eoc.cat\/ca\/wp-json\/wp\/v2\/pages\/7958","targetHints":{"allow":["GET"]}}],"collection":[{"href":"https:\/\/eoc.cat\/ca\/wp-json\/wp\/v2\/pages"}],"about":[{"href":"https:\/\/eoc.cat\/ca\/wp-json\/wp\/v2\/types\/page"}],"author":[{"embeddable":true,"href":"https:\/\/eoc.cat\/ca\/wp-json\/wp\/v2\/users\/6"}],"replies":[{"embeddable":true,"href":"https:\/\/eoc.cat\/ca\/wp-json\/wp\/v2\/comments?post=7958"}],"version-history":[{"count":10,"href":"https:\/\/eoc.cat\/ca\/wp-json\/wp\/v2\/pages\/7958\/revisions"}],"predecessor-version":[{"id":15854,"href":"https:\/\/eoc.cat\/ca\/wp-json\/wp\/v2\/pages\/7958\/revisions\/15854"}],"wp:featuredmedia":[{"embeddable":true,"href":"https:\/\/eoc.cat\/ca\/wp-json\/wp\/v2\/media\/7961"}],"wp:attachment":[{"href":"https:\/\/eoc.cat\/ca\/wp-json\/wp\/v2\/media?parent=7958"}],"curies":[{"name":"wp","href":"https:\/\/api.w.org\/{rel}","templated":true}]}}